{"id":9780,"date":"2020-10-13T12:05:13","date_gmt":"2020-10-13T09:05:13","guid":{"rendered":"http:\/\/www.bugday.org\/blog\/?page_id=9780"},"modified":"2026-01-29T09:59:29","modified_gmt":"2026-01-29T06:59:29","slug":"uyelik-ve-bagis","status":"publish","type":"page","link":"https:\/\/www.bugday.org\/blog\/uyelik-ve-bagis\/","title":{"rendered":"\u00dcyelik ve Ba\u011f\u0131\u015f"},"content":{"rendered":"\n<div class=\"accordion js-accordion\">\n<div class=\"accordion__item js-accordion-item active\">\n<div class=\"accordion-header js-accordion-header\"><span style=\"color: #000000;\">TE\u015eEKK\u00dcRLER<\/span><\/div>\n<div class=\"accordion-body js-accordion-body\">\n<div class=\"accordion-body__contents\">\n<div class=\"layer_noimg\"><span style=\"color: #000000;\">&nbsp;<\/span><\/div>\n<p class=\"\" style=\"text-align: center;\"><span style=\"color: #000000;\">Bu\u011fday Derne\u011fi\u2019nin \u00e7al\u0131\u015fmalar\u0131na g\u00f6sterdi\u011finiz ilgi ve deste\u011finiz i\u00e7in te\u015fekk\u00fcr ederiz.<\/span><\/p>\n<p class=\"\" style=\"text-align: center;\"><span style=\"color: #000000;\">Bu\u011fday Derne\u011fi olarak \u00fcyelerimizden ald\u0131\u011f\u0131m\u0131z g\u00fc\u00e7 ile ekolojik ya\u015fam konusunda modeller olu\u015fturan projeler \u00fcretmeye, g\u0131da g\u00fcvenli\u011fi, geleneksel- ekolojik \u00fcretim modelleri \u00fczerine \u00e7al\u0131\u015fmaya, sivil toplum kurumlar\u0131 aras\u0131nda dayan\u0131\u015fma a\u011flar\u0131 kurma, yay\u0131nc\u0131l\u0131k, lobi\/ savunuculuk faaliyetleri y\u00fcr\u00fctmeye devam ediyoruz.<\/span><\/p>\n<p class=\"\" style=\"text-align: center;\"><span style=\"color: #000000;\">Bu\u011fday Derne\u011fi\u2019nin muhasebe, sekretarya hizmetleri, ofis kiras\u0131 ile temel giderleri \u00fcyelerimizin ve takip\u00e7ilerimizin aidat ve ba\u011f\u0131\u015flar\u0131yla kar\u015f\u0131lanmaktad\u0131r. Ekolojik ya\u015fam bilinci olu\u015fturmak ve ekolojik ya\u015fam bilgisini yaymak ad\u0131na ger\u00e7ekle\u015ftirdi\u011fimiz t\u00fcm bu proje ve \u00e7al\u0131\u015fmalar\u0131n s\u00fcrd\u00fcr\u00fclebilirli\u011fi i\u00e7in sizlerin deste\u011fi \u00e7ok \u00f6nemli.<\/span><\/p>\n<p class=\"\" style=\"text-align: center;\"><span style=\"color: #000000;\">\u00dcyelikle ilgili t\u00fcm sorular\u0131n\u0131z i\u00e7in a\u015fa\u011f\u0131daki ba\u011flant\u0131lar\u0131 inceleyebilir, daha fazlas\u0131 i\u00e7in bize uyelik@bugday.org adresinden ula\u015fabilirsiniz.<\/span><\/p>\n<p class=\"\" style=\"text-align: center;\"><span style=\"color: #000000;\">Sizlerle g\u00fc\u00e7l\u00fcy\u00fcz\u2026<\/span><\/p>\n<p class=\"\" style=\"text-align: center;\"><span style=\"color: #000000;\">Bu\u011fday Ailesi<\/span><\/p>\n<\/div>\n<\/div>\n<\/div>\n<div class=\"accordion__item js-accordion-item\">\n<div class=\"accordion-header js-accordion-header\"><span style=\"color: #000000;\">\u00dcYEL\u0130K HAKKINDA<\/span><\/div>\n<div class=\"accordion-body js-accordion-body\">\n<div class=\"accordion-body__contents\">\n<p class=\"\" style=\"text-align: center;\"><span style=\"color: #000000;\">\u00dcyenin haklar\u0131, gereken ko\u015fullar\u0131 i\u00e7ermek kayd\u0131 ile her t\u00fcrl\u00fc g\u00f6reve aday olmak ve oy kullanmak; y\u00fck\u00fcml\u00fcl\u00fckleri ise Genel Kurul toplant\u0131lar\u0131na kat\u0131lmak, aidatlar\u0131n\u0131 zaman\u0131nda \u00f6demek, ama\u00e7 ve hizmet konular\u0131na ba\u011fl\u0131 olarak gereken \u00e7abay\u0131 harcamak ve Derne\u011fin toplum i\u00e7indeki olumlu g\u00f6r\u00fcnt\u00fcs\u00fcn\u00fc s\u00fcrd\u00fcrmek ilkelerini i\u00e7erir.<\/span><\/p>\n<p class=\"\" style=\"text-align: center;\"><span style=\"color: #000000;\">Dernek \u00fcyelerinin, \u00fcyelik ko\u015fullar\u0131, kayd\u0131, i\u015flemleri, aidat \u00f6demesi ve takibi, \u00fcyelik hak ve y\u00fck\u00fcml\u00fcl\u00fckleri, \u00fcyelikten istifa ve \u00fcyelik iptali ilgili mevzuat ve dernek t\u00fcz\u00fc\u011f\u00fcnde belirtilen \u015fart ve \u015fekillerde uygulanmaktad\u0131r. <b>Yasalar gere\u011fi, \u00fcyeler genel kurulca belirlenen \u00fcyelik aidatlar\u0131n\u0131 y\u0131ll\u0131k olarak \u00f6demekle y\u00fck\u00fcml\u00fclerdir.<\/b><\/span><\/p>\n<p class=\"\" style=\"text-align: center;\"><span style=\"color: #000000;\"><i><b>\u00dcyelik aidat\u0131 y\u0131ll\u0131k 1100 TL\u2019dir.<\/b><\/i><\/span><\/p>\n<p class=\"\"><span style=\"color: #000000;\">5253 numaral\u0131 Dernekler Kanunu: <a style=\"color: #000000;\" href=\"https:\/\/www.mevzuat.gov.tr\/MevzuatMetin\/1.5.5253.pdf\" target=\"_blank\" rel=\"noopener noreferrer\">https:\/\/www.mevzuat.gov.tr\/MevzuatMetin\/1.5.5253.pdf<\/a><\/span><\/p>\n<p class=\"\"><span style=\"color: #000000;\">T\u00fcz\u00fck: <a style=\"color: #000000;\" href=\"https:\/\/www.bugday.org\/blog\/tuzuk\" target=\"_blank\" rel=\"noopener noreferrer\">https:\/\/www.bugday.org\/blog\/tuzuk<\/a><\/span><\/p>\n<br>\n<p class=\"\" style=\"text-align: left;\"><span style=\"color: #000000;\"><b>\u00dcye oldu\u011funuzda;<\/b><\/span><\/p>\n<ul class=\"\">\n<li><span style=\"color: #000000;\"><b>WWOOF T\u00fcrkiye \/ <a style=\"color: #000000;\" href=\"https:\/\/wwoofturkey.org\/tr\"> WWOOF T\u00fcrkiye TaTuTa Ekolojik \u00c7iftlik Ziyareti Program\u0131 \u00dcyeli\u011fi\n <\/a><\/b><\/span><br><span style=\"color: #000000;\">Aidat borcu bulunmayan Bu\u011fday Derne\u011fi \u00fcyeleri i\u00e7in kay\u0131t \u00fccretsizdir.<\/span><\/li><br>\n<li><span style=\"color: #000000;\"><b>Bu\u011fday E-B\u00fclten \u00dcyeli\u011fi<\/b><\/span><br><span style=\"color: #000000;\">Derne\u011fimizin g\u00fcncel \u00e7al\u0131\u015fmalar\u0131n\u0131 ve ekolojik ya\u015fam\u0131n farkl\u0131 alanlar\u0131ndaki bilgi ve deneyimleri i\u00e7eren yaz\u0131 ve r\u00f6portajlar\u0131n yer ald\u0131\u011f\u0131 dijital b\u00fcltenimiz iki ayda bir kay\u0131tl\u0131 mail adresinize g\u00f6nderilir.<\/span><\/li><br>\n<li><span style=\"color: #000000;\"><b>Etkinliklerden \u0130ndirimli Faydalanma ve \u00dcr\u00fcn Kampanyalar\u0131ndan \u00d6nceden Haberdar Olma<\/b><\/span><br><span style=\"color: #000000;\">Derne\u011fimizin deneyimli e\u011fitmen kadrosuyla birlikte d\u00fczenledi\u011fimiz ekolojik ya\u015fam etkinliklerinin duyurular\u0131 i\u00e7in sosyal medya hesaplar\u0131m\u0131z\u0131 ve <a href=\"https:\/\/dukkan.bugday.org\" target=\"_blank\" rel=\"noopener\">dukkan.bugday.org<\/a> sayfas\u0131n\u0131 takip edebilirsiniz.<\/span><\/li><br>\n<li><span style=\"color: #000000;\"><b>Ekolojik Ya\u015fam Bulu\u015fmalar\u0131\u2019na \u00d6n Davet<\/b><\/span><br><span style=\"color: #000000;\">Etkinlik daveti kay\u0131tl\u0131 mail adresinize g\u00f6nderilir.<\/span><\/li><br>\n<li><span style=\"color: #000000;\"><b>Bu\u011fday\u2019la \u201cBirlikte\u201d Bulu\u015fmalar\u0131na Kat\u0131l\u0131m<\/b><\/span><br><span style=\"color: #000000;\">Sadece \u00fcye ve destek\u00e7ilerimize y\u00f6nelik, ekolojik ya\u015famla ilgili her alanda uzmanlar\u0131n sunumlar\u0131n\u0131 izleyebilece\u011finiz ve derne\u011fimizin projeleri hakk\u0131nda bilgi alabilece\u011finiz Bu\u011fday\u2019la \u201cBirlikte\u201d Bulu\u015fmalar\u0131na kat\u0131labilirsiniz.<\/span><\/li>\n<\/ul>\n<\/div>\n<\/div>\n<\/div>\n<div class=\"accordion__item js-accordion-item\">\n<div class=\"accordion-header js-accordion-header\">SAYEN\u0130ZDE<\/div>\n<div class=\"accordion-body js-accordion-body\">\n<div class=\"accordion-body__contents\">\n<p class=\"\"><b>\u00dcyeli\u011finizle a\u015fa\u011f\u0131daki \u00e7al\u0131\u015fmalar\u0131m\u0131z\u0131n s\u00fcrd\u00fcr\u00fclebilirli\u011fine katk\u0131da bulunacaks\u0131n\u0131z:<\/b><\/p>\n<ul class=\"\">\n<li><span style=\"color: #000000;\"><b>Ekolojik \u00fcr\u00fcnlerin t\u00fcketiciyle bulu\u015fmas\u0131<\/b><\/span><br><span style=\"color: #000000;\">\u0130stanbul, \u0130zmit ve Kayseri\u2019de yerel y\u00f6netim-sivil toplum i\u015fbirli\u011fiyle kurdu\u011fumuz ve dan\u0131\u015fmanl\u0131\u011f\u0131n\u0131 yapt\u0131\u011f\u0131m\u0131z %100 Ekolojik Pazarlar\u2019da, 900\u2019\u00fcn \u00fczerinde \u00fcreticinin ekolojik \u00fcr\u00fcnlerini adil, s\u00fcrd\u00fcr\u00fclebilir ve g\u00fcvenli bir al\u0131\u015fveri\u015f modeliyle zehirsiz g\u0131daya ula\u015fmak isteyen t\u00fcketiciler ile bulu\u015fturuyoruz. <a style=\"color: #000000;\" href=\"https:\/\/ekolojikpazarlar.org\/\" target=\"_blank\" rel=\"noopener noreferrer\">ekolojikpazarlar.org<\/a><\/span><\/li>\n<li><span style=\"color: #000000;\"><b>Zehirsiz Sofralar ve Zehirsiz Kentler\u2019in kurulmas\u0131<\/b> <\/span><br><span style=\"color: #000000;\">Tar\u0131mda ve ya\u015fam alanlar\u0131m\u0131zda kullan\u0131lan zehirli kimyasallar\u0131n zararlar\u0131 konusunda fark\u0131ndal\u0131k yaratmak, ekolojik ve do\u011fa dostu alternatifleri yayg\u0131nla\u015ft\u0131rmak, T\u00fcrkiye\u2019de pestisit kullan\u0131m\u0131n\u0131 azaltmak i\u00e7in \u00e7al\u0131\u015f\u0131yoruz. <a style=\"color: #000000;\" href=\"http:\/\/www.zehirsizsofralar.org\/\" target=\"_blank\" rel=\"noopener noreferrer\">zehirsizsofralar.org<\/a>&nbsp;ve <a style=\"color: #000000;\" href=\"https:\/\/www.zehirsizkentler.org\/\" target=\"_blank\" rel=\"noopener noreferrer\">zehirsizkentler.org<\/a><\/span><\/li>\n<li><span style=\"color: #000000;\"><b>K\u0131rsal ya\u015fam tecr\u00fcbesinin payla\u015f\u0131lmas\u0131<\/b><\/span><br><span style=\"color: #000000;\">TaTuTa program\u0131 ile her y\u0131l yakla\u015f\u0131k 600 g\u00f6n\u00fcll\u00fcye \u00fclkenin farkl\u0131 b\u00f6lgelerindeki ev sahiplerini ziyaret ederek zehirsiz, do\u011fa dostu \u00fcretim alanlar\u0131nda ya\u015fama ve \u00f6\u011frenme f\u0131rsat\u0131 sunuyoruz. <a style=\"color: #000000;\" href=\"https:\/\/wwoofturkey.org\/tr\" target=\"_blank\" rel=\"noopener noreferrer\">wwoofturkey.org\/tr<\/a><\/span><\/li>\n<li><span style=\"color: #000000;\"><b>G\u0131da topluluklar\u0131n\u0131n kurulmas\u0131&nbsp;<\/b><\/span><br><span style=\"color: #000000;\">Do\u011fa dostu \u00fcreticiye arac\u0131s\u0131z eri\u015fim sa\u011flayan g\u0131da topluluklar\u0131n\u0131 destekliyor, say\u0131lar\u0131n\u0131n artmas\u0131 i\u00e7in \u00e7al\u0131\u015f\u0131yoruz. <a style=\"color: #000000;\" href=\"http:\/\/www.gidatopluluklari.org\" target=\"_blank\" rel=\"noopener noreferrer\">gidatopluluklari.org<\/a><\/span><\/li>\n<li><span style=\"color: #000000;\"><b>Ekolojik ya\u015fam bilgisinin yay\u0131lmas\u0131<\/b> <\/span><br><span style=\"color: #000000;\">Bas\u0131l\u0131 ve dijital yay\u0131nlar\u0131m\u0131z, etkinliklerimiz ve bas\u0131nda \u00e7\u0131kan haberlerimiz ile her y\u0131l milyonlarca ki\u015fiye ula\u015f\u0131yoruz.<\/span><\/li>\n<li><span style=\"color: #000000;\"><b>Do\u011fa dostu tar\u0131m politikalar\u0131n\u0131n olu\u015fturulmas\u0131<\/b> <\/span><br><span style=\"color: #000000;\">Karar vericilere ama\u00e7lar\u0131m\u0131z do\u011frultusunda g\u00f6r\u00fc\u015f bildiriyor ve lobi faaliyetleri y\u00fcr\u00fct\u00fcyoruz.<\/span><\/li>\n<\/ul>\n<\/div>\n<\/div>\n<\/div>\n<div class=\"accordion__item js-accordion-item\">\n<div class=\"accordion-header js-accordion-header\"><span style=\"color: #000000;\">BA\u011eI\u015e HAKKINDA<\/span><\/div>\n<div class=\"accordion-body js-accordion-body\">\n<div class=\"accordion-body__contents\">\n<p class=\"\"><span style=\"color: #000000;\">Bu\u011fday Derne\u011fi\u2019ne yapaca\u011f\u0131n\u0131z ba\u011f\u0131\u015flar ile gelece\u011fin tohumlar\u0131n\u0131 birlikte ye\u015fertelim.<\/span><\/p>\n<p class=\"\"><span style=\"color: #000000;\">Bu\u011fday Derne\u011fi, s\u00fcrd\u00fcr\u00fclebilirli\u011fini bireylerin destek ve ba\u011f\u0131\u015flar\u0131yla, \u00fcyelerimizin \u00f6dedi\u011fi aidatlarla sa\u011flayan, sponsoru olmayan, ba\u011f\u0131ms\u0131z bir dernek. Kendi ad\u0131n\u0131za veya sevdiklerinizin ad\u0131na yapaca\u011f\u0131n\u0131z ba\u011f\u0131\u015flar, Bu\u011fday Derne\u011fi\u2019nin s\u00fcrd\u00fcr\u00fclebilirli\u011fine ve g\u00fc\u00e7l\u00fc projeler olu\u015fturabilmesine katk\u0131 sunuyor.<\/span><\/p>\n<p style=\"display: none;\"><span style=\"color: #000000;\">* Ba\u011f\u0131\u015f sonras\u0131 \u00e7evrimi\u00e7i bir te\u015fekk\u00fcr sertifikas\u0131 d\u00fczenlenmekte ve girdi\u011finiz mail adresine g\u00f6nderilmektedir.<\/span><\/p>\n<p class=\"\"><span style=\"color: #000000;\">* Ba\u015fkas\u0131 ad\u0131na te\u015fekk\u00fcr sertifikas\u0131 haz\u0131rlanmas\u0131 i\u00e7in destek@bugday.org mail adresinden bizimle ileti\u015fime ge\u00e7iniz.<\/span><\/p>\n<p style=\"display: none;\"><span style=\"color: #000000;\">* 1000 TL ve \u00fczeri ba\u011f\u0131\u015flar\u0131n\u0131z i\u00e7in <i>ba\u011f\u0131\u015f\u00e7\u0131 paketi<\/i> g\u00f6nderimi yap\u0131lmaktad\u0131r.<\/span><\/p>\n<h3 class=\"\"><span style=\"color: #000000;\">Havale\/ EFT ile ba\u011f\u0131\u015f yap:<\/span><\/h3>\n<p class=\"\"><span style=\"color: #000000;\"><strong>Bu\u011fday Ekolojik Ya\u015fam\u0131 Destekleme Derne\u011fi<\/strong><\/span><br><span style=\"color: #000000;\">Garanti Bankas\u0131 Karak\u00f6y \u015eubesi<\/span><br><span style=\"color: #000000;\">Hesap No: 400-6694649<\/span><br><span style=\"color: #000000;\">IBAN No: TR96 0006 2000 4000 0006 6946 49<\/span><\/p>\n<p class=\"\"><span style=\"color: #000000;\">Havale i\u015fleminizi yapt\u0131ktan sonra l\u00fctfen <a style=\"color: #000000;\" href=\"https:\/\/www.bugday.org\/blog\/havale-gonderim-formu\/\">Havale Bildirimi Yap<\/a> sayfas\u0131ndan bildirim g\u00f6ndermeyi unutmay\u0131n.<\/span><\/p>\n<h3 class=\"\"><span style=\"color: #000000;\">Kredi kart\u0131 ile ba\u011f\u0131\u015f yap<\/span><\/h3>\n<div class=\"col-lg-12\">\n<div class=\"bagis-box_white\">\n<ul class=\"amount_list amount_list_white\">\n<li><input id=\"tlgenel\" class=\"form-check-input genelbirim\" checked=\"checked\" name=\"genelbirim\" type=\"radio\" value=\"TRY\"><label class=\"form-check-label\" for=\"tlgenel\">TL (\u20ba)<\/label><\/li>\n<li><input id=\"dolargenel\" class=\"form-check-input genelbirim\" name=\"genelbirim\" type=\"radio\" value=\"USD\"><label class=\"form-check-label\" for=\"dolargenel\">USD ($)<\/label><\/li>\n<li><input id=\"eurogenel\" class=\"form-check-input genelbirim\" name=\"genelbirim\" type=\"radio\" value=\"EUR\"><label class=\"form-check-label\" for=\"eurogenel\">EUR (\u20ac)<\/label><\/li>\n<\/ul>\n<ul class=\"amount_list amount_list_white\">\n<li><input id=\"genel100\" class=\"form-check-input geneltutar\" name=\"genelayar\" type=\"radio\" value=\"100\"><label class=\"form-check-label\" for=\"genel100\">100<\/label><\/li>\n<li><input id=\"genel250\" class=\"form-check-input geneltutar\" checked=\"checked\" name=\"genelayar\" type=\"radio\" value=\"250\"><label class=\"form-check-label\" for=\"genel250\">250<\/label><\/li>\n<li><input id=\"genel500\" class=\"form-check-input geneltutar\" name=\"genelayar\" type=\"radio\" value=\"500\"><label class=\"form-check-label\" for=\"genel500\">500<\/label><\/li>\n<li><input id=\"inputgeneltutar\" class=\"form-control inputtutarstil\" type=\"number\" placeholder=\"Di\u011fer\"><\/li>\n<\/ul>\n<ul class=\"amount_list amount_list_white\">\n<li><input id=\"aylikgenel\" class=\"form-check-input\" type=\"checkbox\"><label class=\"form-check-label text_info\" for=\"aylikgenel\">Ayl\u0131k D\u00fczenli Ba\u011f\u0131\u015f yapmak istiyorum<\/label><\/li>\n<\/ul>\n<p class=\"mod-reset\"><a onclick=\"genel(event)\" class=\"bgs_btn bgs_btn_white\">Ba\u011f\u0131\u015f Yap<\/a><\/p>\n<\/div>\n<\/div>\n<\/div>\n<\/div>\n<\/div>\n<p class=\"mod-reset\"><a class=\"kvkk_text\" style=\"display: none; width: 300px; margin: 20px 0; float: left;\" target=\"_blank\" rel=\"noopener noreferrer\">KVKK Kapsam\u0131nda Ayd\u0131nlatma Formu<\/a><\/p>\n<\/div>\n","protected":false},"excerpt":{"rendered":"<p>TE\u015eEKK\u00dcRLER &nbsp; Bu\u011fday Derne\u011fi\u2019nin \u00e7al\u0131\u015fmalar\u0131na g\u00f6sterdi\u011finiz ilgi ve deste\u011finiz i\u00e7in te\u015fekk\u00fcr ederiz. Bu\u011fday Derne\u011fi olarak \u00fcyelerimizden ald\u0131\u011f\u0131m\u0131z g\u00fc\u00e7 ile ekolojik ya\u015fam konusunda modeller olu\u015fturan projeler \u00fcretmeye, g\u0131da g\u00fcvenli\u011fi, geleneksel- ekolojik \u00fcretim modelleri \u00fczerine \u00e7al\u0131\u015fmaya, sivil&#8230;<\/p>\n","protected":false},"author":1,"featured_media":0,"parent":0,"menu_order":0,"comment_status":"closed","ping_status":"closed","template":"page-membership.php","meta":{"footnotes":""},"_links":{"self":[{"href":"https:\/\/www.bugday.org\/blog\/wp-json\/wp\/v2\/pages\/9780"}],"collection":[{"href":"https:\/\/www.bugday.org\/blog\/wp-json\/wp\/v2\/pages"}],"about":[{"href":"https:\/\/www.bugday.org\/blog\/wp-json\/wp\/v2\/types\/page"}],"author":[{"embeddable":true,"href":"https:\/\/www.bugday.org\/blog\/wp-json\/wp\/v2\/users\/1"}],"replies":[{"embeddable":true,"href":"https:\/\/www.bugday.org\/blog\/wp-json\/wp\/v2\/comments?post=9780"}],"version-history":[{"count":105,"href":"https:\/\/www.bugday.org\/blog\/wp-json\/wp\/v2\/pages\/9780\/revisions"}],"predecessor-version":[{"id":300086,"href":"https:\/\/www.bugday.org\/blog\/wp-json\/wp\/v2\/pages\/9780\/revisions\/300086"}],"wp:attachment":[{"href":"https:\/\/www.bugday.org\/blog\/wp-json\/wp\/v2\/media?parent=9780"}],"curies":[{"name":"wp","href":"https:\/\/api.w.org\/{rel}","templated":true}]}}