{"id":927,"date":"2017-07-24T13:30:50","date_gmt":"2017-07-24T10:30:50","guid":{"rendered":"http:\/\/www.bugday.org\/blog\/?page_id=927"},"modified":"2020-08-10T06:03:43","modified_gmt":"2020-08-10T03:03:43","slug":"tuzuk","status":"publish","type":"page","link":"https:\/\/www.bugday.org\/blog\/tuzuk\/","title":{"rendered":"T\u00fcz\u00fck"},"content":{"rendered":"<p align=\"CENTER\"><span style=\"color: #000000;\"><span style=\"font-family: Verdana, sans-serif;\"><span style=\"font-size: small;\"><b>BU\u011eDAY EKOLOJ\u0130K YA\u015eAMI DESTEKLEME DERNE\u011e\u0130<\/b><\/span><\/span><\/span><\/p>\n<p align=\"CENTER\">\n<p align=\"CENTER\"><span style=\"color: #000000;\"><span style=\"font-family: Verdana, sans-serif;\"><span style=\"font-size: small;\"><b>T\u00dcZ\u00dcK<\/b><\/span><\/span><\/span><\/p>\n<p align=\"CENTER\"><span style=\"font-family: 'Times New Roman', serif;\"><span style=\"font-size: medium;\"><span style=\"color: #000000;\"><span style=\"font-family: Verdana, sans-serif;\"><span style=\"font-size: small;\"><b>( 8. Ola\u011fan Genel Kurul Onay Tarihi : 30.04.2017 )<\/b><\/span><\/span><\/span><\/span><\/span><\/p>\n<p align=\"CENTER\">\n<p><span style=\"color: #333333;\"><span style=\"font-family: Verdana, sans-serif;\"><span style=\"font-size: small;\"><b>B\u0130R\u0130NC\u0130 B\u00d6L\u00dcM<br \/>\nKurulu\u015f H\u00fck\u00fcmleri<\/b><\/span><\/span><\/span><\/p>\n<p>&nbsp;<\/p>\n<p><span style=\"font-family: 'Times New Roman', serif;\"><span style=\"font-size: medium;\"><span style=\"color: #333333;\"><span style=\"font-family: Verdana, sans-serif;\"><span style=\"font-size: small;\"><b>MADDE 1) DERNE\u011e\u0130N ADI<\/b><\/span><\/span><\/span><br \/>\n<span style=\"color: #333333;\"><span style=\"font-family: Verdana, sans-serif;\"><span style=\"font-size: small;\">Derne\u011fin ad\u0131; &#8220;BU\u011eDAY\u201d Ekolojik Ya\u015fam\u0131 Destekleme Derne\u011fi&#8221;dir.<\/span><\/span><\/span><\/span><\/span><\/p>\n<p>&nbsp;<\/p>\n<p><span style=\"font-family: 'Times New Roman', serif;\"><span style=\"font-size: medium;\"><span style=\"color: #333333;\"><span style=\"font-family: Verdana, sans-serif;\"><span style=\"font-size: small;\"><b>MADDE 2) DERNE\u011e\u0130N MERKEZ VE \u015eUBELER\u0130<\/b><\/span><\/span><\/span><br \/>\n<span style=\"color: #333333;\"><span style=\"font-family: Verdana, sans-serif;\"><span style=\"font-size: small;\">Derne\u011fin merkezi; \u0130stanbul\u2019dad\u0131r.<\/span><\/span><\/span><\/span><\/span><\/p>\n<p>&nbsp;<\/p>\n<p><span style=\"font-family: 'Times New Roman', serif;\"><span style=\"font-size: medium;\"><span style=\"color: #333333;\"><span style=\"font-family: Verdana, sans-serif;\"><span style=\"font-size: small;\"><b>MADDE 3) DERNE\u011e\u0130N AMACI<\/b><\/span><\/span><\/span><br \/>\n<span style=\"color: #333333;\"><span style=\"font-family: Verdana, sans-serif;\"><span style=\"font-size: small;\">Derne\u011fin amac\u0131; tek tek bireylerde ve bir b\u00fct\u00fcn olarak toplumda ekolojik ya\u015fam bilinci ve duyarl\u0131l\u0131\u011f\u0131 olu\u015fturmak; ekolojik dengelerin geri d\u00f6n\u00fc\u015f\u00fc olmayacak h\u0131z ve bi\u00e7imde bozulmas\u0131 sonucunda ortaya \u00e7\u0131kan sorunlara \u00e7\u00f6z\u00fcm yollar\u0131 sunmak ve do\u011fa ile uyumlu ya\u015fam\u0131 desteklemektir.<\/span><\/span><\/span><\/span><\/span><\/p>\n<p>&nbsp;<\/p>\n<p><span style=\"font-family: 'Times New Roman', serif;\"><span style=\"font-size: medium;\"><span style=\"color: #333333;\"><span style=\"font-family: Verdana, sans-serif;\"><span style=\"font-size: small;\"><b>MADDE 4) DERNE\u011e\u0130N FAAL\u0130YETLER\u0130<\/b><\/span><\/span><\/span><br \/>\n<span style=\"color: #333333;\"><span style=\"font-family: Verdana, sans-serif;\"><span style=\"font-size: small;\">Dernek, amac\u0131n\u0131 ger\u00e7ekle\u015ftirmek \u00fczere a\u015fa\u011f\u0131da belirtilen alanlarda faaliyetlerde bulunacakt\u0131r:<\/span><\/span><\/span><\/span><\/span><\/p>\n<p><span style=\"color: #333333;\"><span style=\"font-family: Verdana, sans-serif;\"><span style=\"font-size: small;\"><b>4.1)<\/b><\/span><\/span><\/span><span style=\"color: #333333;\"><span style=\"font-family: Verdana, sans-serif;\"><span style=\"font-size: small;\">&nbsp;<\/span><\/span><\/span><span style=\"color: #333333;\"><span style=\"font-family: Verdana, sans-serif;\"><span style=\"font-size: small;\">Toprak ile insan\u0131 yeniden bulu\u015fturarak do\u011fal ya\u015fam ve ekoloji bilincinin geli\u015fimine katk\u0131da bulunmak.<\/span><\/span><\/span><\/p>\n<p><span style=\"color: #333333;\"><span style=\"font-family: Verdana, sans-serif;\"><span style=\"font-size: small;\"><b>4.2)<\/b><\/span><\/span><\/span><span style=\"color: #333333;\"><span style=\"font-family: Verdana, sans-serif;\"><span style=\"font-size: small;\">&nbsp;<\/span><\/span><\/span><span style=\"color: #333333;\"><span style=\"font-family: Verdana, sans-serif;\"><span style=\"font-size: small;\">Yerle\u015fimleri, \u00fcretim ve t\u00fcketimleri ile ya\u015famlar\u0131 do\u011fayla uyum i\u00e7inde olan insan topluluklar\u0131n\u0131n varl\u0131klar\u0131n\u0131 s\u00fcrd\u00fcrmelerine katk\u0131da bulunmak, bu alanda ya\u015fayan \u00f6rnekleri desteklemek, yeni \u00f6rnekler olu\u015fturmak ve bu \u00f6rneklerin s\u00fcrd\u00fcr\u00fclebilir hale gelmelerine destek vermek.<\/span><\/span><\/span><\/p>\n<p><span style=\"color: #333333;\"><span style=\"font-family: Verdana, sans-serif;\"><span style=\"font-size: small;\"><b>4.3)<\/b><\/span><\/span><\/span><span style=\"color: #333333;\"><span style=\"font-family: Verdana, sans-serif;\"><span style=\"font-size: small;\">&nbsp;<\/span><\/span><\/span><span style=\"color: #333333;\"><span style=\"font-family: Verdana, sans-serif;\"><span style=\"font-size: small;\">\u0130nsan gereksinimlerini ekosistem d\u00f6ng\u00fcleriyle uyum i\u00e7inde yeniden tan\u0131mlamak, do\u011fal gereksinimlere denk d\u00fc\u015fen \u00fcretim ve t\u00fcketim modellerini, teknolojileri, mimarileri desteklemek ve uygulamak.<\/span><\/span><\/span><\/p>\n<p><span style=\"color: #333333;\"><span style=\"font-family: Verdana, sans-serif;\"><span style=\"font-size: small;\"><b>4.4)<\/b><\/span><\/span><\/span><span style=\"color: #333333;\"><span style=\"font-family: Verdana, sans-serif;\"><span style=\"font-size: small;\">&nbsp;<\/span><\/span><\/span><span style=\"color: #333333;\"><span style=\"font-family: Verdana, sans-serif;\"><span style=\"font-size: small;\">Sa\u011fl\u0131kl\u0131 bir toplumun temel birimi olan bireyin, bedensel, zihinsel ve ruhsal sa\u011fl\u0131\u011f\u0131n\u0131n s\u00fcrd\u00fcr\u00fclebilirli\u011fi i\u00e7in beslenme al\u0131\u015fkanl\u0131klar\u0131n\u0131n iyile\u015ftirilmesi ve sa\u011fl\u0131kl\u0131 beslenme bilincinin olu\u015fturulmas\u0131na katk\u0131da bulunmak; bireyin ruhen, bedenen ve zihnen \u00fcretkenli\u011fini, yarat\u0131c\u0131l\u0131\u011f\u0131n\u0131 artt\u0131r\u0131c\u0131 \u00e7al\u0131\u015fmalarda bulunmak.<\/span><\/span><\/span><\/p>\n<p><span style=\"color: #333333;\"><span style=\"font-family: Verdana, sans-serif;\"><span style=\"font-size: small;\"><b>4.5)<\/b><\/span><\/span><\/span><span style=\"color: #333333;\"><span style=\"font-family: Verdana, sans-serif;\"><span style=\"font-size: small;\">&nbsp;<\/span><\/span><\/span><span style=\"color: #333333;\"><span style=\"font-family: Verdana, sans-serif;\"><span style=\"font-size: small;\">\u0130nsan gereksinimlerinin kar\u015f\u0131lanmas\u0131 i\u00e7in yap\u0131lan \u00fcretim ve t\u00fcketim sonucunda ortaya \u00e7\u0131kan at\u0131klar\u0131n azalt\u0131lmas\u0131, yeniden kullan\u0131m\u0131 veya tekrar \u00fcretime kazand\u0131r\u0131lmas\u0131 ile de\u011ferlendirilmesine y\u00f6nelik projeler \u00fcretmek ve organizasyonlar yapmak, uygulamak ya da bu t\u00fcr proje ve organizasyonlar\u0131 desteklemek.<\/span><\/span><\/span><span style=\"color: #333333;\"><span style=\"font-family: Verdana, sans-serif;\"><span style=\"font-size: small;\">&nbsp;<\/span><\/span><\/span><\/p>\n<p><span style=\"color: #333333;\"><span style=\"font-family: Verdana, sans-serif;\"><span style=\"font-size: small;\"><b>4.6)<\/b><\/span><\/span><\/span><span style=\"color: #333333;\"><span style=\"font-family: Verdana, sans-serif;\"><span style=\"font-size: small;\">&nbsp;<\/span><\/span><\/span><span style=\"color: #333333;\"><span style=\"font-family: Verdana, sans-serif;\"><span style=\"font-size: small;\">Havada, suda ve toprakta meydana gelen bozulma ve kirlenmelere kar\u015f\u0131 m\u00fccadele ederek, ekolojik sistemin bozulmas\u0131n\u0131 \u00f6nleyici \u00e7al\u0131\u015fmalar yapmak.<\/span><\/span><\/span><span style=\"color: #333333;\"><span style=\"font-family: Verdana, sans-serif;\"><span style=\"font-size: small;\">&nbsp;<\/span><\/span><\/span><\/p>\n<p><span style=\"color: #333333;\"><span style=\"font-family: Verdana, sans-serif;\"><span style=\"font-size: small;\"><b>4.7)<\/b><\/span><\/span><\/span><span style=\"color: #333333;\"><span style=\"font-family: Verdana, sans-serif;\"><span style=\"font-size: small;\">&nbsp;<\/span><\/span><\/span><span style=\"color: #333333;\"><span style=\"font-family: Verdana, sans-serif;\"><span style=\"font-size: small;\">Orman, mera, tar\u0131m alanlar\u0131 ve sulak alanlar\u0131 korumak ve bu alanlar\u0131n amaca uygun kullan\u0131lmas\u0131n\u0131 sa\u011flamak i\u00e7in hangi hallerde di\u011fer gayeler i\u00e7in kullan\u0131labileceklerine dair bilimsel \u00f6l\u00e7\u00fclerin belirlenmesine katk\u0131da bulunmak, \u00fczerinde k\u00fclt\u00fcr bitkileri yeti\u015ftirilen veya \u00e7ay\u0131r, mera, yaylak yahut k\u0131\u015flak olarak kullan\u0131lan arazilerin tespit edilmesine yard\u0131m ederek bu konuda yap\u0131lan imar planlamalar\u0131 ile de\u011fi\u015fikliklerine katk\u0131da bulunmak.<\/span><\/span><\/span><\/p>\n<p><span style=\"color: #333333;\"><span style=\"font-family: Verdana, sans-serif;\"><span style=\"font-size: small;\"><b>4.8)<\/b><\/span><\/span><\/span><span style=\"color: #333333;\"><span style=\"font-family: Verdana, sans-serif;\"><span style=\"font-size: small;\">&nbsp;<\/span><\/span><\/span><span style=\"color: #333333;\"><span style=\"font-family: Verdana, sans-serif;\"><span style=\"font-size: small;\">Ekolojik tar\u0131m konusunda resmi ya da \u00f6zel kurum ve kurulu\u015flarla i\u015fbirli\u011fi yaparak bu konularda yasal d\u00fczenlemeler yap\u0131lmas\u0131na katk\u0131da bulunmak. \u00dclkemizde ekolojik tar\u0131m\u0131n olu\u015fumuna ve geli\u015fimine katk\u0131da bulunmak ve ekolojik tar\u0131m \u00fcr\u00fcnlerine olan talebi canland\u0131rmak.<\/span><\/span><\/span><span style=\"color: #333333;\"><span style=\"font-family: Verdana, sans-serif;\"><span style=\"font-size: small;\">&nbsp;<\/span><\/span><\/span><\/p>\n<p><span style=\"color: #333333;\"><span style=\"font-family: Verdana, sans-serif;\"><span style=\"font-size: small;\"><b>4.9)<\/b><\/span><\/span><\/span><span style=\"color: #333333;\"><span style=\"font-family: Verdana, sans-serif;\"><span style=\"font-size: small;\">&nbsp;<\/span><\/span><\/span><span style=\"color: #333333;\"><span style=\"font-family: Verdana, sans-serif;\"><span style=\"font-size: small;\">Do\u011fal kaynaklar\u0131n ve biyolojik \u00e7e\u015fitlili\u011fin tespitine ve korunmas\u0131na katk\u0131da bulunmak.<\/span><\/span><\/span><span style=\"color: #333333;\"><span style=\"font-family: Verdana, sans-serif;\"><span style=\"font-size: small;\">&nbsp;<\/span><\/span><\/span><\/p>\n<p><span style=\"color: #333333;\"><span style=\"font-family: Verdana, sans-serif;\"><span style=\"font-size: small;\"><b>4.10)<\/b><\/span><\/span><\/span><span style=\"color: #333333;\"><span style=\"font-family: Verdana, sans-serif;\"><span style=\"font-size: small;\">&nbsp;<\/span><\/span><\/span><span style=\"color: #000000;\"><span style=\"font-family: Verdana, sans-serif;\"><span style=\"font-size: small;\">Do\u011fal ve ekolojik \u00fcr\u00fcnlerin \u00fcretimi, da\u011f\u0131t\u0131m\u0131, sat\u0131\u015f\u0131 ile ilgili ki\u015fi, kurum ve kurulu\u015flarla i\u015fbirli\u011fi yapmak, bu ama\u00e7la organizasyonlar d\u00fczenlemek, mevcut organizasyonlara kat\u0131lmak, dan\u0131\u015fmanl\u0131k hizmeti sunmak, proje deste\u011fi vermek, tan\u0131t\u0131m \u00e7al\u0131\u015fmalar\u0131 yapmak.<\/span><\/span><\/span><\/p>\n<p><span style=\"color: #333333;\"><span style=\"font-family: Verdana, sans-serif;\"><span style=\"font-size: small;\"><b>4.11)<\/b><\/span><\/span><\/span><span style=\"color: #333333;\"><span style=\"font-family: Verdana, sans-serif;\"><span style=\"font-size: small;\">&nbsp;<\/span><\/span><\/span><span style=\"color: #333333;\"><span style=\"font-family: Verdana, sans-serif;\"><span style=\"font-size: small;\">Ulusal ve uluslararas\u0131 d\u00fczeyde ekolojik turizm faaliyetlerinde bulunmak, ekolojik turizm ile ilgili projeler \u00fcretmek ve geli\u015ftirmek, ilgili projelere dan\u0131\u015fmanl\u0131k hizmeti sunmak, bu t\u00fcr faaliyetleri ekolojik tar\u0131m\u0131 destekleyici projelerle ili\u015fkilendirmek.<\/span><\/span><\/span><span style=\"color: #333333;\"><span style=\"font-family: Verdana, sans-serif;\"><span style=\"font-size: small;\">&nbsp;<\/span><\/span><\/span><\/p>\n<p><span style=\"color: #333333;\"><span style=\"font-family: Verdana, sans-serif;\"><span style=\"font-size: small;\"><b>4.12)<\/b><\/span><\/span><\/span><span style=\"color: #333333;\"><span style=\"font-family: Verdana, sans-serif;\"><span style=\"font-size: small;\">&nbsp;<\/span><\/span><\/span><span style=\"color: #333333;\"><span style=\"font-family: Verdana, sans-serif;\"><span style=\"font-size: small;\">Amac\u0131 ve etkinlikleri ile ilgili olarak s\u00fcreli veya s\u00fcresiz yay\u0131n yapmak; Dernek ve etkinliklerini tan\u0131tmak \u00fczere panel, konferans, seminer ve benzeri toplant\u0131lar d\u00fczenlemek; bro\u015f\u00fcr, kitap\u00e7\u0131k ve benzeri yay\u0131nlar haz\u0131rlamak ve da\u011f\u0131tmak.<\/span><\/span><\/span><span style=\"color: #333333;\"><span style=\"font-family: Verdana, sans-serif;\"><span style=\"font-size: small;\">&nbsp;<\/span><\/span><\/span><\/p>\n<p><span style=\"color: #333333;\"><span style=\"font-family: Verdana, sans-serif;\"><span style=\"font-size: small;\"><b>4.13)<\/b><\/span><\/span><\/span><span style=\"color: #333333;\"><span style=\"font-family: Verdana, sans-serif;\"><span style=\"font-size: small;\">&nbsp;<\/span><\/span><\/span><span style=\"color: #333333;\"><span style=\"font-family: Verdana, sans-serif;\"><span style=\"font-size: small;\">Amac\u0131na uygun olarak, konuya ili\u015fkin do\u011frudan ya da dolayl\u0131 uzmanl\u0131\u011f\u0131 olan ger\u00e7ek ki\u015filer ile resmi ya da \u00f6zel ve \u00f6zerk kurulu\u015flarla i\u015fbirli\u011fi yapmak, bunlarla ortakla\u015fa ya da tek ba\u015f\u0131na toplant\u0131, konferans, panel, seminer, festival, \u015fenlik ve benzeri etkinlikler d\u00fczenlemek veya bu t\u00fcr etkinliklere kat\u0131lmak, e\u011fitim \u00e7al\u0131\u015fmalar\u0131 yapmak.<\/span><\/span><\/span><span style=\"color: #333333;\"><span style=\"font-family: Verdana, sans-serif;\"><span style=\"font-size: small;\">&nbsp;<\/span><\/span><\/span><\/p>\n<p><span style=\"color: #333333;\"><span style=\"font-family: Verdana, sans-serif;\"><span style=\"font-size: small;\"><b>4.14)<\/b><\/span><\/span><\/span><span style=\"color: #333333;\"><span style=\"font-family: Verdana, sans-serif;\"><span style=\"font-size: small;\">&nbsp;<\/span><\/span><\/span><span style=\"color: #333333;\"><span style=\"font-family: Verdana, sans-serif;\"><span style=\"font-size: small;\">\u0130lgili mevzuat h\u00fck\u00fcmlerine uymak \u015fart\u0131yla, ayn\u0131 y\u00f6nde \u00e7al\u0131\u015fan ulusal ya da uluslararas\u0131 resmi ya da \u00f6zel kurulu\u015f ve ki\u015filerle i\u015fbirli\u011fi yaparak, ortak \u00e7al\u0131\u015fma programlar\u0131na kat\u0131lmak, yurt i\u00e7inde ya da d\u0131\u015f\u0131nda s\u00fcreli ya da devaml\u0131 ortak \u00e7al\u0131\u015fma birimleri olu\u015fturmak.<\/span><\/span><\/span><span style=\"color: #333333;\"><span style=\"font-family: Verdana, sans-serif;\"><span style=\"font-size: small;\">&nbsp;<\/span><\/span><\/span><\/p>\n<p><span style=\"color: #333333;\"><span style=\"font-family: Verdana, sans-serif;\"><span style=\"font-size: small;\"><b>4.15)<\/b><\/span><\/span><\/span><span style=\"color: #333333;\"><span style=\"font-family: Verdana, sans-serif;\"><span style=\"font-size: small;\">&nbsp;<\/span><\/span><\/span><span style=\"color: #333333;\"><span style=\"font-family: Verdana, sans-serif;\"><span style=\"font-size: small;\">Ulusal ya da uluslararas\u0131 d\u00fczeyde tek ba\u015f\u0131na veya ortakla\u015fa dan\u0131\u015fmanl\u0131k yapmak, projeler olu\u015fturmak ve bu projeleri tek ba\u015f\u0131na veya ortakla\u015fa hayata ge\u00e7irmek ya da bu projeleri ba\u015fkalar\u0131n\u0131n kullan\u0131m\u0131na sunmak.<\/span><\/span><\/span><span style=\"color: #333333;\"><span style=\"font-family: Verdana, sans-serif;\"><span style=\"font-size: small;\">&nbsp;<\/span><\/span><\/span><\/p>\n<p><span style=\"color: #333333;\"><span style=\"font-family: Verdana, sans-serif;\"><span style=\"font-size: small;\"><b>4.16)<\/b><\/span><\/span><\/span><span style=\"color: #333333;\"><span style=\"font-family: Verdana, sans-serif;\"><span style=\"font-size: small;\">&nbsp;<\/span><\/span><\/span><span style=\"color: #333333;\"><span style=\"font-family: Verdana, sans-serif;\"><span style=\"font-size: small;\">Hizmet konular\u0131 ile ilgili olarak, s\u00fcreli ya da devaml\u0131 olarak kurslar, at\u00f6lye \u00e7al\u0131\u015fmalar\u0131 ger\u00e7ekle\u015ftirmek; proje, tasar\u0131m sergileri d\u00fczenlemek; kermes, gezi ve turlar yapmak ve benzeri etkinliklerde bulunmak.<\/span><\/span><\/span><\/p>\n<p>&nbsp;<\/p>\n<p><span style=\"font-family: 'Times New Roman', serif;\"><span style=\"font-size: medium;\"><span style=\"color: #333333;\"><span style=\"font-family: Verdana, sans-serif;\"><span style=\"font-size: small;\"><b>4.17)<\/b><\/span><\/span><\/span><span style=\"color: #333333;\"><span style=\"font-family: Verdana, sans-serif;\"><span style=\"font-size: small;\">&nbsp;<\/span><\/span><\/span><span style=\"color: #333333;\"><span style=\"font-family: Verdana, sans-serif;\"><span style=\"font-size: small;\">Dernek ama\u00e7 ve faaliyetlerine uygun olarak ortakl\u0131klar, iktisadi \u0130\u015fletmeler, vak\u0131flar ve yard\u0131mla\u015fma sand\u0131klar\u0131 kurmak ve y\u00fcr\u00fctmek.<\/span><\/span><\/span><\/span><\/span><\/p>\n<p><span style=\"font-family: 'Times New Roman', serif;\"><span style=\"font-size: medium;\"><span style=\"color: #333333;\"><span style=\"font-family: Verdana, sans-serif;\"><span style=\"font-size: small;\"><b>4.18)<\/b><\/span><\/span><\/span><span style=\"color: #333333;\"><span style=\"font-family: Verdana, sans-serif;\"><span style=\"font-size: small;\">&nbsp;<\/span><\/span><\/span><span style=\"color: #000000;\"><span style=\"font-family: Verdana, sans-serif;\"><span style=\"font-size: small;\">Hizmet konular\u0131nda ulusal ya da uluslararas\u0131 d\u00fczeyde standartlar, markalar olu\u015fturmak, e\u011fitim, dan\u0131\u015fmanl\u0131k hizmeti sunmak ve bu konularda ilgili resmi kurum ve kurulu\u015flardan al\u0131nan yetki ile sertifikasyon hizmetlerinde bulunmak.<\/span><\/span><\/span><\/span><\/span><\/p>\n<p>&nbsp;<\/p>\n<p><span style=\"color: #333333;\"><span style=\"font-family: Verdana, sans-serif;\"><span style=\"font-size: small;\"><b>MADDE 5) \u00c7ALI\u015eMA B\u0130\u00c7\u0130M\u0130<\/b><\/span><\/span><\/span><\/p>\n<p><span style=\"font-family: 'Times New Roman', serif;\"><span style=\"font-size: medium;\"><span style=\"color: #333333;\"><span style=\"font-family: Verdana, sans-serif;\"><span style=\"font-size: small;\">Dernek, ama\u00e7 ve hizmet konular\u0131n\u0131 ger\u00e7ekle\u015ftirmek i\u00e7in;<\/span><\/span><\/span><\/span><\/span><\/p>\n<p><span style=\"font-family: 'Times New Roman', serif;\"><span style=\"font-size: medium;\"><span style=\"color: #333333;\"><span style=\"font-family: Verdana, sans-serif;\"><span style=\"font-size: small;\"><b>5.1)<\/b><\/span><\/span><\/span><span style=\"color: #333333;\"><span style=\"font-family: Verdana, sans-serif;\"><span style=\"font-size: small;\">&nbsp;<\/span><\/span><\/span><span style=\"color: #333333;\"><span style=\"font-family: Verdana, sans-serif;\"><span style=\"font-size: small;\">Dernek i\u00e7inde olu\u015fturulacak \u00e7al\u0131\u015fma gruplar\u0131, komiteler ya da uzman ki\u015filer arac\u0131l\u0131\u011f\u0131 ile ara\u015ft\u0131rma, inceleme ve et\u00fctler yapar, \u00f6neri ve dilekleri saptar,<\/span><\/span><\/span><\/span><\/span><\/p>\n<p><span style=\"color: #333333;\"><span style=\"font-family: Verdana, sans-serif;\"><span style=\"font-size: small;\"><b>5.2)<\/b><\/span><\/span><\/span><span style=\"color: #333333;\"><span style=\"font-family: Verdana, sans-serif;\"><span style=\"font-size: small;\">&nbsp;<\/span><\/span><\/span><span style=\"color: #333333;\"><span style=\"font-family: Verdana, sans-serif;\"><span style=\"font-size: small;\">Ama\u00e7 ve hizmet konular\u0131 ile gelir artt\u0131r\u0131c\u0131 projeler i\u00e7in ortakl\u0131klar, iktisadi i\u015fletmeler, vak\u0131flar ve yard\u0131mla\u015fma sand\u0131\u011f\u0131 kurar,<\/span><\/span><\/span><\/p>\n<p><span style=\"color: #333333;\"><span style=\"font-family: Verdana, sans-serif;\"><span style=\"font-size: small;\"><b>5.3)<\/b><\/span><\/span><\/span><span style=\"color: #333333;\"><span style=\"font-family: Verdana, sans-serif;\"><span style=\"font-size: small;\">&nbsp;<\/span><\/span><\/span><span style=\"color: #333333;\"><span style=\"font-family: Verdana, sans-serif;\"><span style=\"font-size: small;\">Ama\u00e7 ve hizmet konular\u0131 i\u00e7in gerekli ta\u015f\u0131nmaz mallar sat\u0131n al\u0131r, kiralar ve satar; ta\u015f\u0131nmaz mallar \u00fczerinde her t\u00fcrl\u00fc haklar\u0131 koydurabilir, i\u015fletebilir ve her t\u00fcrl\u00fc in\u015faat\u0131 yapt\u0131rabilir,<\/span><\/span><\/span><\/p>\n<p><span style=\"color: #333333;\"><span style=\"font-family: Verdana, sans-serif;\"><span style=\"font-size: small;\"><b>5.4)<\/b><\/span><\/span><\/span><span style=\"color: #333333;\"><span style=\"font-family: Verdana, sans-serif;\"><span style=\"font-size: small;\">&nbsp;<\/span><\/span><\/span><span style=\"color: #333333;\"><span style=\"font-family: Verdana, sans-serif;\"><span style=\"font-size: small;\">Yard\u0131m Toplama Kanunu ile bu T\u00fcz\u00fck h\u00fck\u00fcmlerine uygun olarak yard\u0131m ve ba\u011f\u0131\u015f al\u0131r ve verir; ko\u015fullu ya da ko\u015fulsuz vasiyetleri kabul edebilir,<\/span><\/span><\/span><\/p>\n<p><span style=\"color: #333333;\"><span style=\"font-family: Verdana, sans-serif;\"><span style=\"font-size: small;\"><b>5.5)<\/b><\/span><\/span><\/span><span style=\"color: #333333;\"><span style=\"font-family: Verdana, sans-serif;\"><span style=\"font-size: small;\">&nbsp;<\/span><\/span><\/span><span style=\"color: #333333;\"><span style=\"font-family: Verdana, sans-serif;\"><span style=\"font-size: small;\">Ama\u00e7 ve hizmet konular\u0131na y\u00f6nelik gerekli di\u011fer \u00e7al\u0131\u015fmalar\u0131 yapar.<\/span><\/span><\/span><\/p>\n<p>&nbsp;<\/p>\n<p><span style=\"color: #333333;\"><span style=\"font-family: Verdana, sans-serif;\"><span style=\"font-size: small;\"><b>\u0130K\u0130NC\u0130 B\u00d6L\u00dcM<br \/>\n\u00dcyelik H\u00fck\u00fcmleri<\/b><\/span><\/span><\/span><\/p>\n<p>&nbsp;<\/p>\n<p><span style=\"color: #333333;\"><span style=\"font-family: Verdana, sans-serif;\"><span style=\"font-size: small;\"><b>MADDE 6) \u00dcYEL\u0130K KO\u015eULLARI<\/b><\/span><\/span><\/span><\/p>\n<p><span style=\"color: #333333;\"><span style=\"font-family: Verdana, sans-serif;\"><span style=\"font-size: small;\">Derne\u011fe ger\u00e7ek ki\u015fi olarak \u00fcye olabilmenin ko\u015fullar\u0131 a\u015fa\u011f\u0131da g\u00f6sterilmi\u015ftir.<\/span><\/span><\/span><\/p>\n<p><span style=\"font-family: 'Times New Roman', serif;\"><span style=\"font-size: medium;\"><span style=\"color: #333333;\"><span style=\"font-family: Verdana, sans-serif;\"><span style=\"font-size: small;\"><b>6.1)<\/b><\/span><\/span><\/span><span style=\"color: #333333;\"><span style=\"font-family: Verdana, sans-serif;\"><span style=\"font-size: small;\">&nbsp;<\/span><\/span><\/span><span style=\"color: #333333;\"><span style=\"font-family: Verdana, sans-serif;\"><span style=\"font-size: small;\">18 ya\u015f\u0131n\u0131 bitirmi\u015f, medeni haklar\u0131n\u0131 kullanmaya yeterli olmak,<\/span><\/span><\/span><\/span><\/span><\/p>\n<p><span style=\"color: #333333;\"><span style=\"font-family: Verdana, sans-serif;\"><span style=\"font-size: small;\"><b>6.2)<\/b><\/span><\/span><\/span><span style=\"color: #333333;\"><span style=\"font-family: Verdana, sans-serif;\"><span style=\"font-size: small;\">&nbsp;<\/span><\/span><\/span><span style=\"color: #333333;\"><span style=\"font-family: Verdana, sans-serif;\"><span style=\"font-size: small;\">Yabanc\u0131lar i\u00e7in; T\u00fcrkiye\u2019de oturma hakk\u0131na sahip olmak,<\/span><\/span><\/span><\/p>\n<p><span style=\"color: #333333;\"><span style=\"font-family: Verdana, sans-serif;\"><span style=\"font-size: small;\"><b>6.3)<\/b><\/span><\/span><\/span><span style=\"color: #333333;\"><span style=\"font-family: Verdana, sans-serif;\"><span style=\"font-size: small;\"><b>&nbsp;<\/b><\/span><\/span><\/span><span style=\"color: #333333;\"><span style=\"font-family: Verdana, sans-serif;\"><span style=\"font-size: small;\">Dernekler Kanunu h\u00fck\u00fcmleri uyar\u0131nca, derneklere \u00fcye olmalar\u0131 yasaklananlar ve \u00f6zel kanunlarda aksine h\u00fck\u00fcm bulunmamak ko\u015fulu ile ba\u011fl\u0131 bulunduklar\u0131 kurulu\u015flardan izin alamayanlar, Dernek aidatlar\u0131n\u0131 \u00f6dememe nedeni d\u0131\u015f\u0131nda di\u011fer nedenlerle Dernek \u00fcyeli\u011finden s\u00fcrekli olarak \u00e7\u0131kar\u0131lm\u0131\u015f olanlar Derne\u011fe \u00fcye olamazlar.<\/span><\/span><\/span><span style=\"color: #333333;\"><span style=\"font-family: Verdana, sans-serif;\"><span style=\"font-size: small;\">&nbsp;<\/span><\/span><\/span><\/p>\n<p><span style=\"color: #333333;\"><span style=\"font-family: Verdana, sans-serif;\"><span style=\"font-size: small;\">Derne\u011fe t\u00fczel ki\u015fi olarak \u00fcye olabilmenin ko\u015fullar\u0131 a\u015fa\u011f\u0131da g\u00f6sterilmi\u015ftir.<\/span><\/span><\/span><\/p>\n<p><span style=\"color: #000000;\">&nbsp;<\/span><\/p>\n<p><span style=\"font-family: 'Times New Roman', serif;\"><span style=\"font-size: medium;\"><span style=\"color: #000000;\"><span style=\"font-family: Verdana, sans-serif;\"><span style=\"font-size: small;\"><b>6.4)<\/b><\/span><\/span><\/span><span style=\"color: #000000;\"><span style=\"font-family: Verdana, sans-serif;\"><span style=\"font-size: small;\"><b>&nbsp;<\/b><\/span><\/span><\/span><span style=\"color: #000000;\"><span style=\"font-family: Verdana, sans-serif;\"><span style=\"font-size: small;\">Ba\u015fvuran t\u00fczel ki\u015finin veya ba\u015fvuran t\u00fczel ki\u015finin par\u00e7as\u0131 oldu\u011fu kurulu\u015f veya dahil oldu\u011fu yat\u0131r\u0131m ortakl\u0131klar\u0131n\u0131n, insan ve canl\u0131lar\u0131n ya\u015fam\u0131n\u0131 tehdit edecek \u00f6l\u00e7ekte enerji, madencilik, tar\u0131m, g\u0131da ve in\u015faat faaliyetlerinde bulunmamas\u0131, GDO\u2019lu (Geneti\u011fi De\u011fi\u015ftirilmi\u015f Organizma) tar\u0131m alan\u0131nda faaliyet g\u00f6stermemesi, GDO i\u00e7erikli girdi ve \u00fcr\u00fcnler \u00fcretmemesi, satmamas\u0131 ve kullanmamas\u0131, silah sanayi ve sava\u015f end\u00fcstrisinde faaliyet g\u00f6stermemesi, vergi yolsuzlu\u011fu, r\u00fc\u015fvet ve hara\u00e7 gibi herhangi bir yolsuzluk iddias\u0131yla kendisi ya da i\u015ftirak\u00e7ileri hakk\u0131nda kesinle\u015fmi\u015f yarg\u0131 karar\u0131n\u0131n bulunmamas\u0131.<\/span><\/span><\/span><\/span><\/span><\/p>\n<p>&nbsp;<\/p>\n<p><span style=\"font-family: 'Times New Roman', serif;\"><span style=\"font-size: medium;\"><span style=\"color: #000000;\"><span style=\"font-family: Verdana, sans-serif;\"><span style=\"font-size: small;\"><b>6.5)<\/b><\/span><\/span><\/span><span style=\"color: #000000;\"><span style=\"font-family: Verdana, sans-serif;\"><span style=\"font-size: small;\">&nbsp;<\/span><\/span><\/span><span style=\"color: #000000;\"><span style=\"font-family: Verdana, sans-serif;\"><span style=\"font-size: small;\">Kurumsal \u00fcyelik talebinin sebebinin, kurum \/ kurulu\u015fun \u00e7al\u0131\u015fma alan\u0131 ve faaliyetlerinin, toplumun ve kurumun olumlu d\u00f6n\u00fc\u015f\u00fcm\u00fc i\u00e7in, ekolojik, demokratik, sosyal konularda yapt\u0131\u011f\u0131 \u00e7al\u0131\u015fmalar\u0131n Bu\u011fday Derne\u011fi ama\u00e7 ve faaliyet alanlar\u0131 ile uyumlu olmas\u0131.<\/span><\/span><\/span><\/span><\/span><\/p>\n<p>&nbsp;<\/p>\n<p><span style=\"font-family: 'Times New Roman', serif;\"><span style=\"font-size: medium;\"><span style=\"color: #333333;\"><span style=\"font-family: Verdana, sans-serif;\"><span style=\"font-size: small;\"><b>MADDE 7) \u00dcYEL\u0130K T\u00dcRLER\u0130<\/b><\/span><\/span><\/span><br \/>\n<span style=\"color: #333333;\"><span style=\"font-family: Verdana, sans-serif;\"><span style=\"font-size: small;\">Derne\u011fin \u00fcyelik t\u00fcrleri a\u015fa\u011f\u0131da g\u00f6sterilmi\u015ftir:<\/span><\/span><\/span><\/span><\/span><\/p>\n<p><span style=\"font-family: 'Times New Roman', serif;\"><span style=\"font-size: medium;\"><span style=\"color: #333333;\"><span style=\"font-family: Verdana, sans-serif;\"><span style=\"font-size: small;\"><b>7.1)<\/b><\/span><\/span><\/span><span style=\"color: #333333;\"><span style=\"font-family: Verdana, sans-serif;\"><span style=\"font-size: small;\"><b>&nbsp;<\/b><\/span><\/span><\/span><span style=\"color: #000000;\"><span style=\"font-family: Verdana, sans-serif;\"><span style=\"font-size: small;\">Dernek \u00fcyesi: Ger\u00e7ek veya t\u00fczel, \u00dcyeli\u011fin gerektirdi\u011fi her t\u00fcrl\u00fc y\u00fck\u00fcml\u00fcl\u00fckleri \u00fcstlenmi\u015f ve \u00fcyelik sorumlulu\u011fu ile haklardan yararlanan \u00fcyedir. \u00dcyenin haklar\u0131, gereken ko\u015fullar\u0131 i\u00e7ermek kayd\u0131 ile her t\u00fcrl\u00fc g\u00f6reve aday olmak ve oy kullanmak; y\u00fck\u00fcml\u00fcl\u00fckleri ise Genel Kurul toplant\u0131lar\u0131na kat\u0131lmak, aidatlar\u0131n\u0131 zaman\u0131nda \u00f6demek, ama\u00e7 ve hizmet konular\u0131na ba\u011fl\u0131 olarak gereken \u00e7abay\u0131 harcamak ve Derne\u011fin toplum i\u00e7indeki olumlu g\u00f6r\u00fcnt\u00fcs\u00fcn\u00fc s\u00fcrd\u00fcrmek ilkelerini i\u00e7erir.<\/span><\/span><\/span><\/span><\/span><\/p>\n<p><span style=\"font-family: 'Times New Roman', serif;\"><span style=\"font-size: medium;\"><span style=\"color: #333333;\"><span style=\"font-family: Verdana, sans-serif;\"><span style=\"font-size: small;\"><b>7.2)<\/b><\/span><\/span><\/span><span style=\"color: #333333;\"><span style=\"font-family: Verdana, sans-serif;\"><span style=\"font-size: small;\">&nbsp;<\/span><\/span><\/span><span style=\"color: #000000;\"><span style=\"font-family: Verdana, sans-serif;\"><span style=\"font-size: small;\">Fahri ( Onursal ) \u00dcye: Derne\u011fe, ama\u00e7 ve hizmet konular\u0131na sevgi ve sayg\u0131s\u0131 bulunanlar aras\u0131ndan, en az iki \u00fcyenin \u00f6nerisi ve Y\u00f6netim Kurulu\u2019nun karar\u0131 ile se\u00e7ilen fahri nitelikli \u00fcyeliktir. Fahri \u00fcyeler, organlara se\u00e7ilme ve se\u00e7me haklar\u0131na sahip olmay\u0131p, istedikleri takdirde aidat verebilirler.<\/span><\/span><\/span><\/span><\/span><\/p>\n<p><span style=\"color: #000000;\">&nbsp;<\/span><\/p>\n<p><span style=\"font-family: 'Times New Roman', serif;\"><span style=\"font-size: medium;\"><span style=\"color: #333333;\"><span style=\"font-family: Verdana, sans-serif;\"><span style=\"font-size: small;\"><b>MADDE 8) \u00dcYEL\u0130K \u0130\u015eLEMLER\u0130<\/b><\/span><\/span><\/span><br \/>\n<span style=\"color: #000000;\"><span style=\"font-family: Verdana, sans-serif;\"><span style=\"font-size: small;\">Her ger\u00e7ek ve t\u00fczel ki\u015fi derne\u011fe \u00fcye olabilir. Ger\u00e7ek ve t\u00fczel ki\u015filik aidatlar\u0131 birbirinden farkl\u0131 olabilir.<\/span><\/span><\/span><\/span><\/span><\/p>\n<p><span style=\"color: #000000;\">&nbsp;<\/span><\/p>\n<p><span style=\"color: #000000;\"><span style=\"font-family: Verdana, sans-serif;\"><span style=\"font-size: small;\">Ger\u00e7ek ki\u015filer i\u00e7in Derne\u011fin \u00fcyeli\u011fi i\u015flemleri a\u015fa\u011f\u0131da g\u00f6sterilmi\u015ftir:<\/span><\/span><\/span><\/p>\n<p><span style=\"font-family: 'Times New Roman', serif;\"><span style=\"font-size: medium;\"><span style=\"color: #333333;\"><span style=\"font-family: Verdana, sans-serif;\"><span style=\"font-size: small;\"><b>8.1)<\/b><\/span><\/span><\/span><span style=\"color: #333333;\"><span style=\"font-family: Verdana, sans-serif;\"><span style=\"font-size: small;\">&nbsp;<\/span><\/span><\/span><span style=\"color: #000000;\"><span style=\"font-family: Verdana, sans-serif;\"><span style=\"font-size: small;\">Dernek \u00fcyesi olmak isteyen ger\u00e7ek ki\u015filer, dernek ama\u00e7 ve hizmet konular\u0131 ile t\u00fcz\u00fck h\u00fck\u00fcmlerini kabul ettiklerini, gerekli \u00fcyelik ko\u015fullar\u0131n\u0131 i\u00e7erdiklerini belirten \u201cger\u00e7ek ki\u015filer i\u00e7in \u00fcyelik ba\u015fvuru formu\u201dnu web veya bas\u0131l\u0131 form \u00fcst\u00fcnde doldurup Dernek Ba\u015fkanl\u0131\u011f\u0131\u2019na verirler.<\/span><\/span><\/span><\/span><\/span><\/p>\n<p><span style=\"font-family: 'Times New Roman', serif;\"><span style=\"font-size: medium;\"><span style=\"color: #333333;\"><span style=\"font-family: Verdana, sans-serif;\"><span style=\"font-size: small;\"><b>8.2)<\/b><\/span><\/span><\/span><span style=\"color: #333333;\"><span style=\"font-family: Verdana, sans-serif;\"><span style=\"font-size: small;\">&nbsp;<\/span><\/span><\/span><span style=\"color: #000000;\"><span style=\"font-family: Verdana, sans-serif;\"><span style=\"font-size: small;\">Dernek genel sekreterli\u011fine yaz\u0131l\u0131 olarak yap\u0131lacak \u00fcyelik ba\u015fvurusu, dernek y\u00f6netim kurulunca en \u00e7ok 30 g\u00fcn i\u00e7inde karara ba\u011flan\u0131r ve sonu\u00e7 yaz\u0131yla ba\u015fvuru sahibine bildirilir. Ba\u015fvurusu kabul edilen \u00fcye, bu ama\u00e7la tutulacak deftere kaydedilir.<\/span><\/span><\/span><\/span><\/span><\/p>\n<p><span style=\"color: #000000;\">&nbsp;<\/span><\/p>\n<p><span style=\"font-family: 'Times New Roman', serif;\"><span style=\"font-size: medium;\"><span style=\"color: #000000;\"><span style=\"font-family: Verdana, sans-serif;\"><span style=\"font-size: small;\">T\u00fczel ki\u015filer i\u00e7in Derne\u011fin \u00fcyeli\u011fi i\u015flemleri a\u015fa\u011f\u0131da g\u00f6sterilmi\u015ftir:<\/span><\/span><\/span><\/span><\/span><\/p>\n<p><span style=\"color: #333333;\"><span style=\"font-family: Verdana, sans-serif;\"><span style=\"font-size: small;\"><b>8.3)<\/b><\/span><\/span><\/span><span style=\"color: #333333;\"><span style=\"font-family: Verdana, sans-serif;\"><span style=\"font-size: small;\">&nbsp;<\/span><\/span><\/span><span style=\"color: #000000;\"><span style=\"font-family: Verdana, sans-serif;\"><span style=\"font-size: small;\">Dernek \u00fcyesi olmak isteyen t\u00fczel ki\u015filer, dernek ama\u00e7 ve hizmet konular\u0131 ile t\u00fcz\u00fck h\u00fck\u00fcmlerini kabul ettiklerini, gerekli \u00fcyelik ko\u015fullar\u0131n\u0131 i\u00e7erdiklerini belirten \u201ct\u00fczel ki\u015filer i\u00e7in \u00fcyelik ba\u015fvuru formu\u201dnu web veya bas\u0131l\u0131 form \u00fcst\u00fcnde doldurup Dernek Ba\u015fkanl\u0131\u011f\u0131\u2019na verirler.<\/span><\/span><\/span><\/p>\n<p><span style=\"color: #333333;\"><span style=\"font-family: Verdana, sans-serif;\"><span style=\"font-size: small;\"><b>8.4)<\/b><\/span><\/span><\/span><span style=\"color: #333333;\"><span style=\"font-family: Verdana, sans-serif;\"><span style=\"font-size: small;\">&nbsp;<\/span><\/span><\/span><span style=\"color: #000000;\"><span style=\"font-family: Verdana, sans-serif;\"><span style=\"font-size: small;\">Dernek genel sekreterli\u011fine yaz\u0131l\u0131 olarak yap\u0131lacak \u00fcyelik ba\u015fvurusu, dernek y\u00f6netim kurulunca en \u00e7ok 30 g\u00fcn i\u00e7inde karara ba\u011flan\u0131r ve sonu\u00e7 yaz\u0131yla ba\u015fvuru sahibine bildirilir. Ba\u015fvurusu kabul edilen \u00fcye, bu ama\u00e7la tutulacak deftere kaydedilir.<\/span><\/span><\/span><\/p>\n<p><span style=\"color: #333333;\"><span style=\"font-family: Verdana, sans-serif;\"><span style=\"font-size: small;\"><b>8.5)<\/b><\/span><\/span><\/span><span style=\"color: #000000;\"><span style=\"font-family: Verdana, sans-serif;\"><span style=\"font-size: small;\">&nbsp;<\/span><\/span><\/span><span style=\"color: #000000;\"><span style=\"font-family: Verdana, sans-serif;\"><span style=\"font-size: small;\">Ger\u00e7ek veya t\u00fczel adaylar\u0131n dernek \u00fcyeli\u011fine kabul edilmesi \u00fczerine kay\u0131t i\u015flemleri yap\u0131l\u0131r. Y\u0131ll\u0131k aidat al\u0131n\u0131r.<\/span><\/span><\/span><\/p>\n<p><span style=\"color: #000000;\">&nbsp;<\/span><\/p>\n<p><span style=\"font-family: 'Times New Roman', serif;\"><span style=\"font-size: medium;\"><span style=\"color: #000000;\"><span style=\"font-family: Verdana, sans-serif;\"><span style=\"font-size: small;\"><b>8.6)<\/b><\/span><\/span><\/span><span style=\"color: #000000;\"><span style=\"font-family: Verdana, sans-serif;\"><span style=\"font-size: small;\">&nbsp;<\/span><\/span><\/span><span style=\"color: #000000;\"><span style=\"font-family: Verdana, sans-serif;\"><span style=\"font-size: small;\">Derne\u011fin asil \u00fcyeleri, derne\u011fin kurucular\u0131 ile m\u00fcracaatlar\u0131 \u00fczerine y\u00f6netim kurulunca \u00fcyeli\u011fe kabul edilen ger\u00e7ek ve t\u00fczel ki\u015filerdir.<\/span><\/span><\/span><\/span><\/span><\/p>\n<p>&nbsp;<\/p>\n<p><span style=\"font-family: 'Times New Roman', serif;\"><span style=\"font-size: medium;\"><span style=\"color: #333333;\"><span style=\"font-family: Verdana, sans-serif;\"><span style=\"font-size: small;\"><b>MADDE 9) \u00dcYEL\u0130KTEN \u00c7IKMA<\/b><\/span><\/span><\/span><span style=\"color: #333333;\"><span style=\"font-family: Verdana, sans-serif;\"><span style=\"font-size: small;\"><b>&nbsp;<\/b><\/span><\/span><\/span><br \/>\n<span style=\"color: #333333;\"><span style=\"font-family: Verdana, sans-serif;\"><span style=\"font-size: small;\">\u00dcyelik, \u00f6l\u00fcm ve \u00fcyelikten ayr\u0131lma dile\u011fini yaz\u0131l\u0131 olarak bildirme kayd\u0131yla ile sona erer. \u0130stifa eden \u00fcye, varsa birikmi\u015f \u00fcyelik aidatlar\u0131n\u0131 \u00f6demekle y\u00fck\u00fcml\u00fcd\u00fcr. \u00fcye yaz\u0131l\u0131 olarak bildirmek kayd\u0131yla, dernekten \u00e7\u0131kma hakk\u0131na sahiptir.<\/span><\/span><\/span><\/span><\/span><\/p>\n<p>&nbsp;<\/p>\n<p><span style=\"font-family: 'Times New Roman', serif;\"><span style=\"font-size: medium;\"><span style=\"color: #333333;\"><span style=\"font-family: Verdana, sans-serif;\"><span style=\"font-size: small;\"><b>MADDE 10) \u00dcYEL\u0130KTEN \u00c7IKARILMA<\/b><\/span><\/span><\/span><span style=\"color: #333333;\"><span style=\"font-family: Verdana, sans-serif;\"><span style=\"font-size: small;\"><b>&nbsp;<\/b><\/span><\/span><\/span><br \/>\n<span style=\"color: #333333;\"><span style=\"font-family: Verdana, sans-serif;\"><span style=\"font-size: small;\">Ger\u00e7ek ki\u015filer i\u00e7in Dernek \u00fcyeli\u011finden \u00e7\u0131karabilme nedenleri a\u015fa\u011f\u0131da g\u00f6sterilmi\u015ftir:<\/span><\/span><\/span><\/span><\/span><\/p>\n<p><span style=\"font-family: 'Times New Roman', serif;\"><span style=\"font-size: medium;\"><span style=\"color: #333333;\"><span style=\"font-family: Verdana, sans-serif;\"><span style=\"font-size: small;\"><b>10.1)<\/b><\/span><\/span><\/span><span style=\"color: #333333;\"><span style=\"font-family: Verdana, sans-serif;\"><span style=\"font-size: small;\">&nbsp;<\/span><\/span><\/span><span style=\"color: #333333;\"><span style=\"font-family: Verdana, sans-serif;\"><span style=\"font-size: small;\">Derneklere \u00fcye olma hakk\u0131n\u0131 yitirme, Dernek itibar\u0131na zarar verme ve Dernek T\u00fcz\u00fc\u011f\u00fc h\u00fck\u00fcmleri ile Genel Kurul ve Y\u00f6netim Kurulu kararlar\u0131na ayk\u0131r\u0131 davranma.<\/span><\/span><\/span><\/span><\/span><\/p>\n<p>&nbsp;<\/p>\n<p><span style=\"font-family: 'Times New Roman', serif;\"><span style=\"font-size: medium;\"><span style=\"color: #333333;\"><span style=\"font-family: Verdana, sans-serif;\"><span style=\"font-size: small;\"><b>10.2 )<\/b><\/span><\/span><\/span><span style=\"color: #333333;\"><span style=\"font-family: Verdana, sans-serif;\"><span style=\"font-size: small;\">&nbsp;<\/span><\/span><\/span><span style=\"color: #333333;\"><span style=\"font-family: Verdana, sans-serif;\"><span style=\"font-size: small;\">\u00dcyeli\u011fe giri\u015f aidat\u0131n\u0131 30 g\u00fcn i\u00e7inde \u00f6dememe,<\/span><\/span><\/span><\/span><\/span><\/p>\n<p><span style=\"color: #333333;\"><span style=\"font-family: Verdana, sans-serif;\"><span style=\"font-size: small;\"><b>10.3)<\/b><\/span><\/span><\/span><span style=\"color: #333333;\"><span style=\"font-family: Verdana, sans-serif;\"><span style=\"font-size: small;\">&nbsp;<\/span><\/span><\/span><span style=\"color: #000000;\"><span style=\"font-family: Verdana, sans-serif;\"><span style=\"font-size: small;\">Toplamda iki y\u0131ll\u0131k aidat borcunu \u00f6dememe,<\/span><\/span><\/span><\/p>\n<p><span style=\"font-family: 'Times New Roman', serif;\"><span style=\"font-size: medium;\"><span style=\"color: #333333;\"><span style=\"font-family: Verdana, sans-serif;\"><span style=\"font-size: small;\">T\u00fczel ki\u015filer i\u00e7in Dernek \u00fcyeli\u011finden \u00e7\u0131kar\u0131labilme nedenleri a\u015fa\u011f\u0131da g\u00f6sterilmi\u015ftir:<\/span><\/span><\/span><\/span><\/span><\/p>\n<p><span style=\"color: #333333;\"><span style=\"font-family: Verdana, sans-serif;\"><span style=\"font-size: small;\"><b>10.4)<\/b><\/span><\/span><\/span><span style=\"color: #333333;\"><span style=\"font-family: Verdana, sans-serif;\"><span style=\"font-size: small;\">&nbsp;<\/span><\/span><\/span><span style=\"color: #333333;\"><span style=\"font-family: Verdana, sans-serif;\"><span style=\"font-size: small;\">Derneklere \u00fcye olma hakk\u0131n\u0131 yitirme ve Dernek T\u00fcz\u00fc\u011f\u00fc h\u00fck\u00fcmleri ile Genel Kurul ve Y\u00f6netim Kurulu kararlar\u0131na ayk\u0131r\u0131 davranma,<\/span><\/span><\/span><\/p>\n<p><span style=\"color: #000000;\"><span style=\"font-family: Verdana, sans-serif;\"><span style=\"font-size: small;\"><b>10.5)<\/b><\/span><\/span><\/span><span style=\"color: #000000;\"><span style=\"font-family: Verdana, sans-serif;\"><span style=\"font-size: small;\">&nbsp;<\/span><\/span><\/span><span style=\"color: #333333;\"><span style=\"font-family: Verdana, sans-serif;\"><span style=\"font-size: small;\">\u00dcyeli\u011fe giri\u015f aidat\u0131n\u0131 30 g\u00fcn i\u00e7inde \u00f6dememe ve y\u0131ll\u0131k aidat borcunu \u00f6dememe,<\/span><\/span><\/span><\/p>\n<p><span style=\"color: #000000;\"><span style=\"font-family: Verdana, sans-serif;\"><span style=\"font-size: small;\"><b>10.6)<\/b><\/span><\/span><\/span><span style=\"color: #000000;\"><span style=\"font-family: Verdana, sans-serif;\"><span style=\"font-size: small;\">&nbsp;<\/span><\/span><\/span><span style=\"color: #333333;\"><span style=\"font-family: Verdana, sans-serif;\"><span style=\"font-size: small;\">Ba\u015fvuruda beyan edilen ko\u015fullarda \u00fcyelik ko\u015fullar\u0131na ayk\u0131r\u0131 bir de\u011fi\u015fiklik olmas\u0131 ya da \u00fcyelik tarihinden itibaren \u201c<\/span><\/span><\/span><span style=\"color: #000000;\"><span style=\"font-family: Verdana, sans-serif;\"><span style=\"font-size: small;\">t\u00fczel ki\u015filer i\u00e7in \u00fcyelik ba\u015fvuru formu\u201dndaki<\/span><\/span><\/span><span style=\"color: #000000;\"><span style=\"font-family: Verdana, sans-serif;\"><span style=\"font-size: small;\">&nbsp;<\/span><\/span><\/span><span style=\"color: #333333;\"><span style=\"font-family: Verdana, sans-serif;\"><span style=\"font-size: small;\">t\u00fczel ki\u015fi beyan\u0131n\u0131n do\u011fru olmad\u0131\u011f\u0131n\u0131n g\u00f6r\u00fclmesi.<\/span><\/span><\/span><\/p>\n<p>&nbsp;<\/p>\n<p><span style=\"font-family: 'Times New Roman', serif;\"><span style=\"font-size: medium;\"><span style=\"color: #333333;\"><span style=\"font-family: Verdana, sans-serif;\"><span style=\"font-size: small;\"><b>MADDE 11) \u00dcYEL\u0130KTEN \u00c7IKARILMA \u0130\u015eLEMLER\u0130 VE \u0130T\u0130RAZ<\/b><\/span><\/span><\/span><\/span><\/span><br \/>\n<span style=\"font-family: 'Times New Roman', serif;\"><span style=\"font-size: medium;\"><span style=\"font-family: Verdana, sans-serif;\"><span style=\"font-size: small;\">Dernek Y\u00f6netim Kurulu, 10.1 ve 10.4 maddeleri kapsam\u0131nda \u00fcyenin de savunmas\u0131n\u0131 ald\u0131ktan sonra \u00fcyelikten \u00e7\u0131karma karar\u0131n\u0131 gizli oyla ve salt \u00e7o\u011funluk oyu ile verir, yaz\u0131l\u0131 olarak \u00fcyeye bildirir.<\/span><\/span><\/span><\/span><br \/>\n<span style=\"font-family: Verdana, sans-serif;\"><span style=\"font-size: small;\">Madde 10.1 ve 10.4 kapsam\u0131nda \u00e7\u0131kar\u0131lan \u00fcye, kendisine bildirilen karara kar\u015f\u0131 bildirim tarihinden ba\u015flamak \u00fczere 15 g\u00fcn i\u00e7inde Dernek Y\u00f6netim Kurulu arac\u0131l\u0131\u011f\u0131 ile Genel Kurul\u2019a itiraz edebilir. \u0130tiraz ilk Genel Kurul toplant\u0131s\u0131nda g\u00f6r\u00fc\u015f\u00fcl\u00fcr ve karara ba\u011flan\u0131r. \u0130tiraz\u0131n karara ba\u011flanmas\u0131na kadar \u00fcyenin hak ve y\u00fck\u00fcml\u00fcl\u00fckleri devam eder.<\/span><\/span><\/p>\n<p>&nbsp;<\/p>\n<p><span style=\"font-family: Verdana, sans-serif;\"><span style=\"font-size: small;\">\u00dcyenin s\u00fcresinde itiraz etmemesi ya da itiraz\u0131n Genel Kurul\u2019da reddedilmesi halinde Dernek Y\u00f6netim Kurulu \u00fcyenin kayd\u0131n\u0131 siler. \u00c7\u0131kar\u0131lan \u00fcyenin Genel Kurul tarihinden ba\u015flamak \u00fczere bir ay i\u00e7inde al\u0131nan karara kar\u015f\u0131 mahkemeye ba\u015fvurmak hakk\u0131 sakl\u0131d\u0131r.<\/span><\/span><\/p>\n<p>&nbsp;<\/p>\n<p>&nbsp;<\/p>\n<p>&nbsp;<\/p>\n<p>&nbsp;<\/p>\n<p><span style=\"font-family: Verdana, sans-serif;\"><span style=\"font-size: small;\">Dernek Y\u00f6netim Kurulu, 10.2, 10.3., 10.5 ve 10.6 maddelerine uymayan ger\u00e7ek veya t\u00fczel \u00fcyeleri herhangi bir savunma almaks\u0131z\u0131n salt \u00e7o\u011funluk karar\u0131 ile \u00fcyelikten \u00e7\u0131karabilir. Karar \u00fcyeye yaz\u0131l\u0131 olarak bildirilir.<\/span><\/span><\/p>\n<p>\u00d6len \u00fcyenin d\u0131\u015f\u0131nda ayr\u0131lan ya da \u00e7\u0131kar\u0131lan \u00fcyenin t\u00fcm aidat bor\u00e7lar\u0131 \u00f6denmedi\u011fi takdirde Dernek Y\u00f6netim Kurulu yasal yollara ba\u015fvurabilir.<\/p>\n<p><span style=\"font-family: 'Times New Roman', serif;\"><span style=\"font-size: medium;\"><span style=\"color: #333333;\"><span style=\"font-family: Verdana, sans-serif;\"><span style=\"font-size: small;\"><b>\u00dc\u00c7\u00dcNC\u00dc B\u00d6L\u00dcM<br \/>\nY\u00f6netim H\u00fck\u00fcmleri<\/b><\/span><\/span><\/span><\/span><\/span><\/p>\n<p>&nbsp;<\/p>\n<p><span style=\"font-family: 'Times New Roman', serif;\"><span style=\"font-size: medium;\"><span style=\"color: #333333;\"><span style=\"font-family: Verdana, sans-serif;\"><span style=\"font-size: small;\"><b>MADDE 12) DERNEK ORGANLARI<\/b><\/span><\/span><\/span><br \/>\n<span style=\"color: #333333;\"><span style=\"font-family: Verdana, sans-serif;\"><span style=\"font-size: small;\"><b>1)<\/b><\/span><\/span><\/span><span style=\"color: #333333;\"><span style=\"font-family: Verdana, sans-serif;\"><span style=\"font-size: small;\">&nbsp;<\/span><\/span><\/span><span style=\"color: #333333;\"><span style=\"font-family: Verdana, sans-serif;\"><span style=\"font-size: small;\">GENEL KURUL<\/span><\/span><\/span><span style=\"color: #333333;\"><span style=\"font-family: Verdana, sans-serif;\"><span style=\"font-size: small;\">&nbsp;<\/span><\/span><\/span><br \/>\n<span style=\"color: #333333;\"><span style=\"font-family: Verdana, sans-serif;\"><span style=\"font-size: small;\"><b>2)<\/b><\/span><\/span><\/span><span style=\"color: #333333;\"><span style=\"font-family: Verdana, sans-serif;\"><span style=\"font-size: small;\">&nbsp;<\/span><\/span><\/span><span style=\"color: #333333;\"><span style=\"font-family: Verdana, sans-serif;\"><span style=\"font-size: small;\">Y\u00d6NET\u0130M KURULU<\/span><\/span><\/span><span style=\"color: #333333;\"><span style=\"font-family: Verdana, sans-serif;\"><span style=\"font-size: small;\">&nbsp;<\/span><\/span><\/span><br \/>\n<span style=\"color: #333333;\"><span style=\"font-family: Verdana, sans-serif;\"><span style=\"font-size: small;\"><b>3)<\/b><\/span><\/span><\/span><span style=\"color: #333333;\"><span style=\"font-family: Verdana, sans-serif;\"><span style=\"font-size: small;\">&nbsp;<\/span><\/span><\/span><span style=\"color: #333333;\"><span style=\"font-family: Verdana, sans-serif;\"><span style=\"font-size: small;\">DENETLEME KURULU<\/span><\/span><\/span><\/span><\/span><\/p>\n<p>&nbsp;<\/p>\n<p><span style=\"font-family: 'Times New Roman', serif;\"><span style=\"font-size: medium;\"><span style=\"color: #333333;\"><span style=\"font-family: Verdana, sans-serif;\"><span style=\"font-size: small;\"><b>MADDE 13) GENEL KURUL<\/b><\/span><\/span><\/span><span style=\"color: #333333;\"><span style=\"font-family: Verdana, sans-serif;\"><span style=\"font-size: small;\"><b>&nbsp;<\/b><\/span><\/span><\/span><br \/>\n<span style=\"color: #000000;\"><span style=\"font-family: Verdana, sans-serif;\"><span style=\"font-size: small;\">Dernek Genel Kurulu, \u00fc\u00e7 y\u0131lda bir ola\u011fan olarak Nisan ay\u0131nda toplan\u0131r ve \u00fcyelerinin yar\u0131dan bir fazlas\u0131n\u0131n kat\u0131lmas\u0131 ile Dernek merkezinin bulundu\u011fu yerde \u00e7al\u0131\u015fmalar\u0131na ba\u015flar.<\/span><\/span><\/span><span style=\"color: #000000;\"><span style=\"font-family: Verdana, sans-serif;\"><span style=\"font-size: small;\">&nbsp;<\/span><\/span><\/span><\/span><\/span><\/p>\n<p><span style=\"color: #333333;\"><span style=\"font-family: Verdana, sans-serif;\"><span style=\"font-size: small;\"><b>MADDE 14) \u00c7A\u011eRI US\u00dcL\u00dc<\/b><\/span><\/span><\/span><\/p>\n<p><span style=\"font-family: 'Times New Roman', serif;\"><span style=\"font-size: medium;\"><span style=\"color: #333333;\"><span style=\"font-family: Verdana, sans-serif;\"><span style=\"font-size: small;\"><b>14.1)<\/b><\/span><\/span><\/span><span style=\"color: #333333;\"><span style=\"font-family: Verdana, sans-serif;\"><span style=\"font-size: small;\"><b>&nbsp;<\/b><\/span><\/span><\/span><span style=\"color: #333333;\"><span style=\"font-family: Verdana, sans-serif;\"><span style=\"font-size: small;\">Y\u00f6netim Kurulu, Dernek t\u00fcz\u00fc\u011f\u00fcne g\u00f6re Genel Kurul\u2019a kat\u0131lma hakk\u0131 bulunan \u00fcyelerin listesini d\u00fczenler ve t\u00fcm aidat bor\u00e7lar\u0131n\u0131n \u00f6denmesi i\u00e7in bor\u00e7lu \u00fcyelere uyar\u0131da bulunur.<\/span><\/span><\/span><\/span><\/span><\/p>\n<p><span style=\"font-family: 'Times New Roman', serif;\"><span style=\"font-size: medium;\"><span style=\"color: #333333;\"><span style=\"font-family: Verdana, sans-serif;\"><span style=\"font-size: small;\"><b>14.2)<\/b><\/span><\/span><\/span><span style=\"color: #333333;\"><span style=\"font-family: Verdana, sans-serif;\"><span style=\"font-size: small;\">&nbsp;<\/span><\/span><\/span><span style=\"color: #000000;\"><span style=\"font-family: Verdana, sans-serif;\"><span style=\"font-size: small;\">Genel Kurula kat\u0131lma hakk\u0131 bulunan \u00fcyeler, en az 15 g\u00fcn \u00f6nceden, g\u00fcn\u00fc, saati, ve g\u00fcndemi en az bir gazetede veya derne\u011fin internet sayfas\u0131nda ilan edilmek, \u00fcyenin bildirdi\u011fi elektronik posta adresine ya da ileti\u015fim numaras\u0131na mesaj g\u00f6nderilmek veya mahalli yay\u0131n ara\u00e7lar\u0131 kullan\u0131lmak suretiyle toplant\u0131ya \u00e7a\u011fr\u0131l\u0131r. Bu \u00e7a\u011fr\u0131da, \u00e7o\u011funluk sa\u011flanamamas\u0131 sebebiyle toplant\u0131 yap\u0131lamazsa, ikinci toplant\u0131n\u0131n hangi g\u00fcn, saat ve yerde yap\u0131laca\u011f\u0131 da belirtilir. \u0130lk toplant\u0131 ile ikinci toplant\u0131 aras\u0131ndaki s\u00fcre yedi g\u00fcnden az, altm\u0131\u015f g\u00fcnden fazla olamaz. Toplant\u0131, \u00e7o\u011funluk sa\u011flanamamas\u0131 sebebinin d\u0131\u015f\u0131nda ba\u015fka bir nedenle geri b\u0131rak\u0131l\u0131rsa, bu durum geri b\u0131rakma sebepleri de belirtilmek suretiyle, ilk toplant\u0131 i\u00e7in yap\u0131lan \u00e7a\u011fr\u0131 usul\u00fcne uygun olarak \u00fcyelere duyurulur. \u0130kinci toplant\u0131n\u0131n geri b\u0131rakma tarihinden itibaren en ge\u00e7 alt\u0131 ay i\u00e7inde yap\u0131lmas\u0131 zorunludur. \u00dcyeler ikinci toplant\u0131ya, birinci f\u0131krada belirtilen esaslara g\u00f6re yeniden \u00e7a\u011fr\u0131l\u0131r. Genel kurul toplant\u0131s\u0131 bir defadan fazla geri b\u0131rak\u0131lamaz.<\/span><\/span><\/span><span style=\"color: #333333;\"><span style=\"font-family: Verdana, sans-serif;\"><span style=\"font-size: small;\">&nbsp;<\/span><\/span><\/span><\/span><\/span><\/p>\n<p><span style=\"color: #333333;\"><span style=\"font-family: Verdana, sans-serif;\"><span style=\"font-size: small;\"><b>14.3)<\/b><\/span><\/span><\/span><span style=\"color: #333333;\"><span style=\"font-family: Verdana, sans-serif;\"><span style=\"font-size: small;\">&nbsp;<\/span><\/span><\/span><span style=\"color: #333333;\"><span style=\"font-family: Verdana, sans-serif;\"><span style=\"font-size: small;\">\u0130kinci toplant\u0131 yeter \u00e7o\u011funluk aranmaks\u0131z\u0131n kat\u0131lan \u00fcyelerle a\u00e7\u0131l\u0131r ve Genel Kurul \u00e7al\u0131\u015fmalar\u0131na ba\u015flar. Ancak kat\u0131lan \u00fcye say\u0131s\u0131 Y\u00f6netim Kurulu ile Denetleme Kurulu as\u0131l \u00fcye tam say\u0131lar\u0131 toplam\u0131n\u0131n iki kat\u0131ndan a\u015fa\u011f\u0131 olamaz.<\/span><\/span><\/span><span style=\"color: #333333;\"><span style=\"font-family: Verdana, sans-serif;\"><span style=\"font-size: small;\">&nbsp;<\/span><\/span><\/span><\/p>\n<p><span style=\"color: #333333;\"><span style=\"font-family: Verdana, sans-serif;\"><span style=\"font-size: small;\"><b>14.4)<\/b><\/span><\/span><\/span><span style=\"color: #333333;\"><span style=\"font-family: Verdana, sans-serif;\"><span style=\"font-size: small;\">&nbsp;<\/span><\/span><\/span><span style=\"color: #333333;\"><span style=\"font-family: Verdana, sans-serif;\"><span style=\"font-size: small;\">Genel Kurul toplant\u0131s\u0131 birden \u00e7ok geri b\u0131rak\u0131lamaz.<\/span><\/span><\/span><\/p>\n<p><span style=\"color: #333333;\"><span style=\"font-family: Verdana, sans-serif;\"><span style=\"font-size: small;\"><b>MADDE 15) TOPLANTININ YAPILI\u015e USUL\u00dc<\/b><\/span><\/span><\/span><\/p>\n<p><span style=\"font-family: 'Times New Roman', serif;\"><span style=\"font-size: medium;\"><span style=\"color: #333333;\"><span style=\"font-family: Verdana, sans-serif;\"><span style=\"font-size: small;\"><b>15.1)<\/b><\/span><\/span><\/span><span style=\"color: #333333;\"><span style=\"font-family: Verdana, sans-serif;\"><span style=\"font-size: small;\">&nbsp;<\/span><\/span><\/span><span style=\"color: #333333;\"><span style=\"font-family: Verdana, sans-serif;\"><span style=\"font-size: small;\">Genel Kurul, kat\u0131lma hakk\u0131 bulunan \u00fcyelerin salt \u00e7o\u011funlu\u011funun, t\u00fcz\u00fck de\u011fi\u015fikli\u011fi ve derne\u011fin feshi hallerinde ise \u00fc\u00e7te ikisinin kat\u0131l\u0131m\u0131yla toplan\u0131r; \u00e7o\u011funlu\u011fun sa\u011flanamamas\u0131 sebebiyle toplant\u0131n\u0131n ertelenmesi durumunda ikinci toplant\u0131da \u00e7o\u011funluk aranmaz. Ancak, bu toplant\u0131ya kat\u0131lan \u00fcye say\u0131s\u0131, y\u00f6netim ve denetim kurullar\u0131 \u00fcye tam say\u0131s\u0131n\u0131n iki kat\u0131ndan az olamaz. Genel kurula kat\u0131lma hakk\u0131 bulunan \u00fcyelerin listesi toplant\u0131 yerinde haz\u0131r bulundurulur. Toplant\u0131 yerine girecek \u00fcyelerin resmi makamlarca verilmi\u015f kimlik belgeleri, y\u00f6netim kurulu \u00fcyeleri veya y\u00f6netim kurulunca g\u00f6revlendirilecek g\u00f6revliler taraf\u0131ndan kontrol edilir. \u00dcyeler, y\u00f6netim kururlunca d\u00fczenlenen listedeki adlar\u0131 kar\u015f\u0131s\u0131na imza koyarak toplant\u0131 yerine girerler.<\/span><\/span><\/span><\/span><\/span><\/p>\n<p><span style=\"font-family: 'Times New Roman', serif;\"><span style=\"font-size: medium;\"><span style=\"color: #333333;\"><span style=\"font-family: Verdana, sans-serif;\"><span style=\"font-size: small;\"><b>15.2)<\/b><\/span><\/span><\/span><span style=\"color: #333333;\"><span style=\"font-family: Verdana, sans-serif;\"><span style=\"font-size: small;\">&nbsp;<\/span><\/span><\/span><span style=\"color: #333333;\"><span style=\"font-family: Verdana, sans-serif;\"><span style=\"font-size: small;\">Toplant\u0131 yeter say\u0131s\u0131 sa\u011flanm\u0131\u015fsa durum bir tutanakla tespit edilir ve toplant\u0131 Y\u00f6netim Kurulu Ba\u015fkan\u0131 veya g\u00f6revlendirilece\u011fi y\u00f6netim kurulu \u00fcyelerinden biri taraf\u0131ndan a\u00e7\u0131l\u0131r. Toplant\u0131 yeter say\u0131s\u0131 sa\u011flanamamas\u0131 halinde de y\u00f6netim kurulunca tutanak d\u00fczenlenir. A\u00e7\u0131l\u0131\u015ftan sonra, toplant\u0131y\u0131 y\u00f6netmek \u00fczere bir ba\u015fkan ve yeteri kadar ba\u015fkan vekili ile yazman se\u00e7ilerek divan heyeti olu\u015fturulur.<\/span><\/span><\/span><\/span><\/span><\/p>\n<p><span style=\"color: #333333;\"><span style=\"font-family: Verdana, sans-serif;\"><span style=\"font-size: small;\"><b>15.3)<\/b><\/span><\/span><\/span><span style=\"color: #333333;\"><span style=\"font-family: Verdana, sans-serif;\"><span style=\"font-size: small;\">&nbsp;<\/span><\/span><\/span><span style=\"color: #333333;\"><span style=\"font-family: Verdana, sans-serif;\"><span style=\"font-size: small;\">Dernek organlar\u0131n\u0131n se\u00e7imi i\u00e7in yap\u0131lacak oylamalarda, oy kullanan \u00fcyelerin divan heyetine kimliklerini g\u00f6stermeleri ve toplant\u0131 kat\u0131l\u0131m listesindeki isimlerinin kar\u015f\u0131lar\u0131n\u0131 imzalamalar\u0131 zorunludur. Toplant\u0131n\u0131n y\u00f6netimi ve g\u00fcvenli\u011finin sa\u011flanmas\u0131 divan ba\u015fkan\u0131na aittir. Toplant\u0131da g\u00f6r\u00fc\u015f\u00fclen konular ve al\u0131nan kararlar bir tutana\u011fa yaz\u0131l\u0131r ve divan ba\u015fkan\u0131 ile yazmanlar taraf\u0131ndan birlikte imzalan\u0131r. Toplant\u0131 sonunda, tutanak ve di\u011fer belgeler y\u00f6netim kurulu ba\u015fkan\u0131na teslim edilir. Y\u00f6netim kurulu ba\u015fkan\u0131 bu belgelerin korunmas\u0131ndan ve yeni se\u00e7ilen y\u00f6netim kuruluna yedi g\u00fcn i\u00e7inde teslim etmekten sorumludur.<\/span><\/span><\/span><\/p>\n<p><span style=\"font-family: 'Times New Roman', serif;\"><span style=\"font-size: medium;\"><span style=\"color: #333333;\"><span style=\"font-family: Verdana, sans-serif;\"><span style=\"font-size: small;\"><b>15.4)<\/b><\/span><\/span><\/span><span style=\"color: #333333;\"><span style=\"font-family: Verdana, sans-serif;\"><span style=\"font-size: small;\">&nbsp;<\/span><\/span><\/span><span style=\"color: #333333;\"><span style=\"font-family: Verdana, sans-serif;\"><span style=\"font-size: small;\">Genel kurulda her \u00fcyenin bir oy hakk\u0131 vard\u0131r. \u00dcye oyunu \u015fahsen kullanmak zorundad\u0131r. Onursal \u00fcyeler genel kurul toplant\u0131lar\u0131na kat\u0131labilir ancak oy kullanamazlar. T\u00fczel ki\u015finin \u00fcye olmas\u0131 halinde, t\u00fczel ki\u015finin y\u00f6netim kurulu ba\u015fkan\u0131 veya temsille g\u00f6revlendirece\u011fi ki\u015fi oy kullan\u0131r.<\/span><\/span><\/span><\/span><\/span><\/p>\n<p><span style=\"color: #333333;\"><span style=\"font-family: Verdana, sans-serif;\"><span style=\"font-size: small;\"><b>15.5)<\/b><\/span><\/span><\/span><span style=\"color: #333333;\"><span style=\"font-family: Verdana, sans-serif;\"><span style=\"font-size: small;\">&nbsp;<\/span><\/span><\/span><span style=\"color: #333333;\"><span style=\"font-family: Verdana, sans-serif;\"><span style=\"font-size: small;\">Genel Kurul\u2019da karar yeter say\u0131s\u0131, Genel Kurul\u2019a kat\u0131lanlar\u0131n yar\u0131dan bir fazlas\u0131d\u0131r. Ancak t\u00fcz\u00fck de\u011fi\u015fikli\u011fi ile Derne\u011fin feshine ili\u015fkin kararlarda ilgili maddelerdeki yeter say\u0131lar aran\u0131r.<\/span><\/span><\/span><\/p>\n<p>&nbsp;<\/p>\n<p><span style=\"font-family: 'Times New Roman', serif;\"><span style=\"font-size: medium;\"><span style=\"color: #333333;\"><span style=\"font-family: Verdana, sans-serif;\"><span style=\"font-size: small;\"><b>15.6 )<\/b><\/span><\/span><\/span><span style=\"color: #333333;\"><span style=\"font-family: Verdana, sans-serif;\"><span style=\"font-size: small;\">&nbsp;<\/span><\/span><\/span><span style=\"font-family: Verdana, sans-serif;\"><span style=\"font-size: small;\">Genel Kurul ilan tarihinden sonra \u00fcye olanlar\u0131n genel kurula kat\u0131lma hakk\u0131 vard\u0131r. Ancak Genel Kurul ilan tarihinden sonra \u00fcye olanlar\u0131n ilgili Genel Kurul\u2019da se\u00e7me ve se\u00e7ilme hakk\u0131 bulunmaz.<\/span><\/span><\/span><\/span><\/p>\n<p>&nbsp;<\/p>\n<p><span style=\"font-family: 'Times New Roman', serif;\"><span style=\"font-size: medium;\"><span style=\"color: #333333;\"><span style=\"font-family: Verdana, sans-serif;\"><span style=\"font-size: small;\"><b>MADDE 16) TOPLANTIDA G\u00d6R\u00dc\u015e\u00dcLECEK KONULAR<\/b><\/span><\/span><\/span><br \/>\n<span style=\"color: #333333;\"><span style=\"font-family: Verdana, sans-serif;\"><span style=\"font-size: small;\">Genel Kurulda yaln\u0131zca g\u00fcndemde yer alan maddeler g\u00f6r\u00fc\u015f\u00fcl\u00fcr, ancak toplant\u0131da haz\u0131r bulunan \u00fcyelerin onda biri taraf\u0131ndan g\u00f6r\u00fc\u015f\u00fclmesi yaz\u0131l\u0131 olarak istenen konular\u0131n g\u00fcndeme al\u0131nmas\u0131 zorunludur.<\/span><\/span><\/span><\/span><\/span><\/p>\n<p>&nbsp;<\/p>\n<p><span style=\"font-family: 'Times New Roman', serif;\"><span style=\"font-size: medium;\"><span style=\"color: #333333;\"><span style=\"font-family: Verdana, sans-serif;\"><span style=\"font-size: small;\"><b>MADDE 17) OLA\u011eAN\u00dcST\u00dc GENEL KURUL<\/b><\/span><\/span><\/span><br \/>\n<span style=\"color: #333333;\"><span style=\"font-family: Verdana, sans-serif;\"><span style=\"font-size: small;\">Ola\u011fan\u00fcst\u00fc Genel Kurul, ola\u011fan Genel Kurul toplant\u0131s\u0131na kadar beklenilmesinin m\u00fcmk\u00fcn olamayacak ya da bir an \u00f6nce g\u00f6r\u00fc\u015f\u00fclmesinde yarar sa\u011flayacak \u00f6nemli ve zorunlu konularda, a\u015fa\u011f\u0131da g\u00f6sterilen ba\u015fvuru ve kararlar uyar\u0131nca Y\u00f6netim Kurulu taraf\u0131ndan en ge\u00e7 bir ay i\u00e7inde toplant\u0131ya \u00e7a\u011fr\u0131l\u0131r.<\/span><\/span><\/span><\/span><\/span><\/p>\n<p><span style=\"color: #333333;\"><span style=\"font-family: Verdana, sans-serif;\"><span style=\"font-size: small;\"><b>17.1)<\/b><\/span><\/span><\/span><span style=\"color: #333333;\"><span style=\"font-family: Verdana, sans-serif;\"><span style=\"font-size: small;\"><b>&nbsp;<\/b><\/span><\/span><\/span><span style=\"color: #333333;\"><span style=\"font-family: Verdana, sans-serif;\"><span style=\"font-size: small;\">Dernek \u00fcye say\u0131s\u0131n\u0131n 1\/5\u2019inin konu i\u00e7in yapacaklar\u0131 yaz\u0131l\u0131 ve imzal\u0131 ba\u015fvuru,<\/span><\/span><\/span><span style=\"color: #333333;\"><span style=\"font-family: Verdana, sans-serif;\"><span style=\"font-size: small;\">&nbsp;<\/span><\/span><\/span><\/p>\n<p><span style=\"color: #333333;\"><span style=\"font-family: Verdana, sans-serif;\"><span style=\"font-size: small;\"><b>17.2)<\/b><\/span><\/span><\/span><span style=\"color: #333333;\"><span style=\"font-family: Verdana, sans-serif;\"><span style=\"font-size: small;\">&nbsp;<\/span><\/span><\/span><span style=\"color: #333333;\"><span style=\"font-family: Verdana, sans-serif;\"><span style=\"font-size: small;\">Y\u00f6netim Kurulu\u2019nun gerek g\u00f6rd\u00fc\u011f\u00fc konularda 2\/3 oy \u00e7o\u011funlu\u011fu ile alaca\u011f\u0131 karar,<\/span><\/span><\/span><\/p>\n<p><span style=\"color: #333333;\"><span style=\"font-family: Verdana, sans-serif;\"><span style=\"font-size: small;\"><b>17.3)<\/b><\/span><\/span><\/span><span style=\"color: #333333;\"><span style=\"font-family: Verdana, sans-serif;\"><span style=\"font-size: small;\">&nbsp;<\/span><\/span><\/span><span style=\"color: #333333;\"><span style=\"font-family: Verdana, sans-serif;\"><span style=\"font-size: small;\">Denetleme Kurulu\u2019nun Dernek hesap i\u015flemleri ile b\u00fct\u00e7e konusunda oybirli\u011fi ile alaca\u011f\u0131 karar\u0131,<\/span><\/span><\/span><\/p>\n<p><span style=\"font-family: 'Times New Roman', serif;\"><span style=\"font-size: medium;\"><span style=\"color: #333333;\"><span style=\"font-family: Verdana, sans-serif;\"><span style=\"font-size: small;\"><b>17.4)<\/b><\/span><\/span><\/span><span style=\"color: #333333;\"><span style=\"font-family: Verdana, sans-serif;\"><span style=\"font-size: small;\">&nbsp;<\/span><\/span><\/span><span style=\"color: #333333;\"><span style=\"font-family: Verdana, sans-serif;\"><span style=\"font-size: small;\">Ola\u011fan\u00fcst\u00fc Genel Kurul toplant\u0131s\u0131 ola\u011fan Genel Kurul toplant\u0131s\u0131ndaki y\u00f6ntem ve ilkelere g\u00f6re yap\u0131l\u0131r ve sadece toplant\u0131ya neden olan konunun \u00fczerinde g\u00f6r\u00fc\u015f\u00fcl\u00fcp karar al\u0131n\u0131r. Ola\u011fan\u00fcst\u00fc Genel Kurul s\u0131ras\u0131nda g\u00fcndeme madde eklenmesi \u00f6nerisi yap\u0131lamaz.<\/span><\/span><\/span><\/span><\/span><\/p>\n<p>&nbsp;<\/p>\n<p><span style=\"font-family: 'Times New Roman', serif;\"><span style=\"font-size: medium;\"><span style=\"color: #333333;\"><span style=\"font-family: Verdana, sans-serif;\"><span style=\"font-size: small;\"><b>MADDE 18) GENEL KURUL G\u00d6REV VE YETK\u0130LER\u0130<\/b><\/span><\/span><\/span><br \/>\n<span style=\"color: #333333;\"><span style=\"font-family: Verdana, sans-serif;\"><span style=\"font-size: small;\">Genel Kurul, Derne\u011fin en yetkili karar organ\u0131 olup, g\u00f6rev ve yetkileri a\u015fa\u011f\u0131da g\u00f6sterilmi\u015ftir:<\/span><\/span><\/span><\/span><\/span><\/p>\n<p><span style=\"color: #333333;\"><span style=\"font-family: Verdana, sans-serif;\"><span style=\"font-size: small;\"><b>18.1)<\/b><\/span><\/span><\/span><span style=\"color: #333333;\"><span style=\"font-family: Verdana, sans-serif;\"><span style=\"font-size: small;\">&nbsp;<\/span><\/span><\/span><span style=\"color: #333333;\"><span style=\"font-family: Verdana, sans-serif;\"><span style=\"font-size: small;\">Yasalar ile Dernek t\u00fcz\u00fc\u011f\u00fc h\u00fck\u00fcmleri do\u011frultusunda gerekli kararlar\u0131 almak,<\/span><\/span><\/span><\/p>\n<p><span style=\"color: #333333;\"><span style=\"font-family: Verdana, sans-serif;\"><span style=\"font-size: small;\"><b>18.2)<\/b><\/span><\/span><\/span><span style=\"color: #333333;\"><span style=\"font-family: Verdana, sans-serif;\"><span style=\"font-size: small;\">&nbsp;<\/span><\/span><\/span><span style=\"color: #000000;\"><span style=\"font-family: Verdana, sans-serif;\"><span style=\"font-size: small;\">Dernek organlar\u0131n\u0131 se\u00e7er ve derne\u011fin di\u011fer bir organ\u0131na verilmemi\u015f olan i\u015fleri g\u00f6r\u00fcr.<\/span><\/span><\/span><\/p>\n<p><span style=\"color: #333333;\"><span style=\"font-family: Verdana, sans-serif;\"><span style=\"font-size: small;\"><b>18.3)<\/b><\/span><\/span><\/span><span style=\"color: #333333;\"><span style=\"font-family: Verdana, sans-serif;\"><span style=\"font-size: small;\">&nbsp;<\/span><\/span><\/span><span style=\"color: #333333;\"><span style=\"font-family: Verdana, sans-serif;\"><span style=\"font-size: small;\">Ge\u00e7en \u00e7al\u0131\u015fma d\u00f6nemine ili\u015fkin Y\u00f6netim Kurulu \u00e7al\u0131\u015fma raporu ile bilan\u00e7o ve gelir gider \u00e7izelgelerini; Denetleme Kurulu\u2019nun denetim raporunu g\u00f6r\u00fc\u015f\u00fcp, onaylamak ve Y\u00f6netim Kurulu \u00fcyelerini aklamak,<\/span><\/span><\/span><\/p>\n<p><span style=\"color: #333333;\"><span style=\"font-family: Verdana, sans-serif;\"><span style=\"font-size: small;\"><b>18.4)<\/b><\/span><\/span><\/span><span style=\"color: #333333;\"><span style=\"font-family: Verdana, sans-serif;\"><span style=\"font-size: small;\">&nbsp;<\/span><\/span><\/span><span style=\"color: #333333;\"><span style=\"font-family: Verdana, sans-serif;\"><span style=\"font-size: small;\">Y\u00f6netim Kurulu\u2019nca haz\u0131rlanan b\u00fct\u00e7eyi g\u00f6r\u00fc\u015f\u00fcp, aynen ya da de\u011fi\u015ftirerek kabul etmek,<\/span><\/span><\/span><\/p>\n<p><span style=\"color: #333333;\"><span style=\"font-family: Verdana, sans-serif;\"><span style=\"font-size: small;\"><b>18.5)<\/b><\/span><\/span><\/span><span style=\"color: #333333;\"><span style=\"font-family: Verdana, sans-serif;\"><span style=\"font-size: small;\">&nbsp;<\/span><\/span><\/span><span style=\"color: #333333;\"><span style=\"font-family: Verdana, sans-serif;\"><span style=\"font-size: small;\">Dernek t\u00fcz\u00fc\u011f\u00fcn\u00fcn de\u011fi\u015ftirilmesine ili\u015fkin Y\u00f6netim Kurulu tasar\u0131s\u0131n\u0131 g\u00f6r\u00fc\u015f\u00fcp karara ba\u011flamak,<\/span><\/span><\/span><\/p>\n<p><span style=\"color: #333333;\"><span style=\"font-family: Verdana, sans-serif;\"><span style=\"font-size: small;\"><b>18.6)<\/b><\/span><\/span><\/span><span style=\"color: #333333;\"><span style=\"font-family: Verdana, sans-serif;\"><span style=\"font-size: small;\">&nbsp;<\/span><\/span><\/span><span style=\"color: #333333;\"><span style=\"font-family: Verdana, sans-serif;\"><span style=\"font-size: small;\">Dernek \u00fcyeli\u011finden \u00e7\u0131kar\u0131lanlar\u0131n, Y\u00f6netim Kurulu kararlar\u0131na kar\u015f\u0131 s\u00fcrelerinde yapt\u0131klar\u0131 itirazlar\u0131 hakk\u0131nda karar almak,<\/span><\/span><\/span><\/p>\n<p><span style=\"color: #333333;\"><span style=\"font-family: Verdana, sans-serif;\"><span style=\"font-size: small;\"><b>18.7)<\/b><\/span><\/span><\/span><span style=\"color: #333333;\"><span style=\"font-family: Verdana, sans-serif;\"><span style=\"font-size: small;\">&nbsp;<\/span><\/span><\/span><span style=\"color: #333333;\"><span style=\"font-family: Verdana, sans-serif;\"><span style=\"font-size: small;\">Derne\u011fe ta\u015f\u0131nmaz mal sat\u0131n al\u0131nmas\u0131 ya da sat\u0131lmas\u0131 konular\u0131nda Y\u00f6netim Kurulu\u2019na yetki vermek,<\/span><\/span><\/span><\/p>\n<p><span style=\"color: #333333;\"><span style=\"font-family: Verdana, sans-serif;\"><span style=\"font-size: small;\"><b>18.8)<\/b><\/span><\/span><\/span><span style=\"color: #333333;\"><span style=\"font-family: Verdana, sans-serif;\"><span style=\"font-size: small;\">&nbsp;<\/span><\/span><\/span><span style=\"color: #333333;\"><span style=\"font-family: Verdana, sans-serif;\"><span style=\"font-size: small;\">Derne\u011fin feshedilmesine ve malvarl\u0131\u011f\u0131n\u0131n da\u011f\u0131t\u0131lmas\u0131na karar vermek<\/span><\/span><\/span><\/p>\n<p><span style=\"color: #333333;\"><span style=\"font-family: Verdana, sans-serif;\"><span style=\"font-size: small;\"><b>18.9)<\/b><\/span><\/span><\/span><span style=\"color: #333333;\"><span style=\"font-family: Verdana, sans-serif;\"><span style=\"font-size: small;\">&nbsp;<\/span><\/span><\/span><span style=\"color: #333333;\"><span style=\"font-family: Verdana, sans-serif;\"><span style=\"font-size: small;\">Derne\u011fin federasyona kat\u0131lmas\u0131na ya da ayr\u0131lmas\u0131na karar vermek,<\/span><\/span><\/span><\/p>\n<p><span style=\"color: #333333;\"><span style=\"font-family: Verdana, sans-serif;\"><span style=\"font-size: small;\"><b>18.10)<\/b><\/span><\/span><\/span><span style=\"color: #333333;\"><span style=\"font-family: Verdana, sans-serif;\"><span style=\"font-size: small;\">&nbsp;<\/span><\/span><\/span><span style=\"color: #333333;\"><span style=\"font-family: Verdana, sans-serif;\"><span style=\"font-size: small;\">Gerekli g\u00f6r\u00fclen yerlerde \u015fube ve temsilcilik a\u00e7\u0131lmas\u0131na karar vermek ve \u015fube a\u00e7\u0131lmas\u0131 i\u00e7in en az \u00fc\u00e7 \u00fcyeye g\u00f6rev ve yetki vermek,<\/span><\/span><\/span><\/p>\n<p><span style=\"color: #333333;\"><span style=\"font-family: Verdana, sans-serif;\"><span style=\"font-size: small;\"><b>18.11)<\/b><\/span><\/span><\/span><span style=\"color: #333333;\"><span style=\"font-family: Verdana, sans-serif;\"><span style=\"font-size: small;\">&nbsp;<\/span><\/span><\/span><span style=\"color: #333333;\"><span style=\"font-family: Verdana, sans-serif;\"><span style=\"font-size: small;\">Gerekli di\u011fer konularda karar vermek,<\/span><\/span><\/span><\/p>\n<p>&nbsp;<\/p>\n<p><span style=\"font-family: 'Times New Roman', serif;\"><span style=\"font-size: medium;\"><span style=\"color: #333333;\"><span style=\"font-family: Verdana, sans-serif;\"><span style=\"font-size: small;\"><b>18.12)<\/b><\/span><\/span><\/span><span style=\"color: #333333;\"><span style=\"font-family: Verdana, sans-serif;\"><span style=\"font-size: small;\">&nbsp;<\/span><\/span><\/span><span style=\"color: #333333;\"><span style=\"font-family: Verdana, sans-serif;\"><span style=\"font-size: small;\">Yard\u0131mla\u015fma sand\u0131\u011f\u0131 kurulmas\u0131 karar\u0131.<\/span><\/span><\/span><\/span><\/span><\/p>\n<p>&nbsp;<\/p>\n<p><span style=\"font-family: 'Times New Roman', serif;\"><span style=\"font-size: medium;\"><span style=\"color: #333333;\"><span style=\"font-family: Verdana, sans-serif;\"><span style=\"font-size: small;\"><b>18.13)<\/b><\/span><\/span><\/span><span style=\"color: #333333;\"><span style=\"font-family: Verdana, sans-serif;\"><span style=\"font-size: small;\">&nbsp;<\/span><\/span><\/span><span style=\"color: #000000;\"><span style=\"font-family: Verdana, sans-serif;\"><span style=\"font-size: small;\">Dernek Genel Kurulu, \u00fcyelik ko\u015fullar\u0131n\u0131 yerine getirmeme ve t\u00fcz\u00fck madde 10.2, 10.3, 10.5, 10.6 kapsam\u0131nda \u00fcyelikten \u00e7\u0131kar\u0131lma \u015fartlar\u0131 haricindeki \u00fcyelikten \u00e7\u0131karma i\u015flemleri hakk\u0131nda son karar\u0131 verir.<\/span><\/span><\/span><\/span><\/span><\/p>\n<p>&nbsp;<\/p>\n<p><span style=\"font-family: 'Times New Roman', serif;\"><span style=\"font-size: medium;\"><span style=\"color: #333333;\"><span style=\"font-family: Verdana, sans-serif;\"><span style=\"font-size: small;\"><b>MADDE 19) Y\u00d6NET\u0130M KURULU<\/b><\/span><\/span><\/span><span style=\"color: #333333;\"><span style=\"font-family: Verdana, sans-serif;\"><span style=\"font-size: small;\"><b>&nbsp;<\/b><\/span><\/span><\/span><br \/>\n<span style=\"color: #333333;\"><span style=\"font-family: Verdana, sans-serif;\"><span style=\"font-size: small;\">Y\u00f6netim Kurulu, \u00fc\u00e7 y\u0131l s\u00fcre i\u00e7in se\u00e7ilmi\u015f 5 as\u0131l 5 yedek \u00fcyeden olu\u015fur. Herhangi bir nedenle Kurul\u2019dan ayr\u0131lan \u00fcyenin yerine, ilk s\u0131rada bulunan yedek \u00fcye bir hafta i\u00e7inde as\u0131l \u00fcyeli\u011fe \u00e7a\u011fr\u0131l\u0131r. Y\u00f6netim Kurulu \u00fcye say\u0131s\u0131, bo\u015falmalar nedeniyle yedeklerin de getirilmesinden sonra, \u00fcye tamsay\u0131s\u0131n\u0131n yar\u0131s\u0131ndan a\u015fa\u011f\u0131 d\u00fc\u015ferse yeniden se\u00e7im i\u00e7in Genel Kurul bir ay i\u00e7inde ola\u011fan\u00fcst\u00fc toplant\u0131ya \u00e7a\u011fr\u0131l\u0131r.<\/span><\/span><\/span><\/span><\/span><\/p>\n<p>&nbsp;<\/p>\n<p><span style=\"color: #333333;\"><span style=\"font-family: Verdana, sans-serif;\"><span style=\"font-size: small;\"><b>MADDE 20) Y\u00d6NET\u0130M KURULUNUN \u00c7ALI\u015eMA \u0130LKELER\u0130<\/b><\/span><\/span><\/span><\/p>\n<p><span style=\"font-family: 'Times New Roman', serif;\"><span style=\"font-size: medium;\"><span style=\"color: #333333;\"><span style=\"font-family: Verdana, sans-serif;\"><span style=\"font-size: small;\"><b>20.1)<\/b><\/span><\/span><\/span><span style=\"color: #333333;\"><span style=\"font-family: Verdana, sans-serif;\"><span style=\"font-size: small;\">&nbsp;<\/span><\/span><\/span><span style=\"color: #333333;\"><span style=\"font-family: Verdana, sans-serif;\"><span style=\"font-size: small;\">Y\u00f6netim Kurulu; se\u00e7imini izleyen alt\u0131 g\u00fcn i\u00e7inde d\u00fczenlenecek ilk toplant\u0131da bir Dernek Ba\u015fkan\u0131, bir ba\u015fkan yard\u0131mc\u0131s\u0131, bir sekreter, bir sayman ve Dernek ama\u00e7 ve hizmet konular\u0131 ile ilgili y\u00f6netmenler se\u00e7mek suretiyle g\u00f6rev b\u00f6l\u00fcm\u00fc yap\u0131l\u0131r. Y\u00f6netim Kurulu Ba\u015fkan\u0131 \u00fc\u00e7 d\u00f6nemden daha fazla bir s\u00fcre ba\u015fkanl\u0131k yapamaz.<\/span><\/span><\/span><\/span><\/span><\/p>\n<p><span style=\"color: #333333;\"><span style=\"font-family: Verdana, sans-serif;\"><span style=\"font-size: small;\"><b>20.2)<\/b><\/span><\/span><\/span><span style=\"color: #333333;\"><span style=\"font-family: Verdana, sans-serif;\"><span style=\"font-size: small;\">&nbsp;<\/span><\/span><\/span><span style=\"color: #000000;\"><span style=\"font-family: Verdana, sans-serif;\"><span style=\"font-size: small;\">Y\u00f6netim Kurulu, en az \u00fc\u00e7 ayda bir kez toplan\u0131r ve gere\u011finde ola\u011fan\u00fcst\u00fc toplant\u0131 yapabilir.<\/span><\/span><\/span><\/p>\n<p><span style=\"color: #333333;\"><span style=\"font-family: Verdana, sans-serif;\"><span style=\"font-size: small;\"><b>20.3)<\/b><\/span><\/span><\/span><span style=\"color: #333333;\"><span style=\"font-family: Verdana, sans-serif;\"><span style=\"font-size: small;\">&nbsp;<\/span><\/span><\/span><span style=\"color: #333333;\"><span style=\"font-family: Verdana, sans-serif;\"><span style=\"font-size: small;\">Y\u00f6netim Kurulu\u2019nun toplant\u0131 yeter say\u0131s\u0131, \u00fcye tam say\u0131s\u0131n\u0131n yar\u0131dan bir fazlas\u0131 ve karar yeter say\u0131s\u0131 kat\u0131lanlar\u0131n salt \u00e7o\u011funlu\u011fudur.<\/span><\/span><\/span><\/p>\n<p><span style=\"color: #333333;\"><span style=\"font-family: Verdana, sans-serif;\"><span style=\"font-size: small;\"><b>20.4)<\/b><\/span><\/span><\/span><span style=\"color: #333333;\"><span style=\"font-family: Verdana, sans-serif;\"><span style=\"font-size: small;\">&nbsp;<\/span><\/span><\/span><span style=\"color: #333333;\"><span style=\"font-family: Verdana, sans-serif;\"><span style=\"font-size: small;\">Y\u00f6netim Kurulu Dernek Ba\u015fkan\u0131n\u0131n \u00e7a\u011fr\u0131s\u0131 ve di\u011fer \u00fcyelerin g\u00fcndem \u00f6nerileri do\u011frultusunda saptad\u0131\u011f\u0131 g\u00fcndemle toplan\u0131r ve \u00e7al\u0131\u015fmalar\u0131n\u0131 yapar.<\/span><\/span><\/span><\/p>\n<p><span style=\"color: #000000;\">&nbsp;<\/span><\/p>\n<p><span style=\"color: #333333;\"><span style=\"font-family: Verdana, sans-serif;\"><span style=\"font-size: small;\"><b>MADDE 21: Y\u00d6NET\u0130M KURULUNUN G\u00d6REV VE YETK\u0130LER\u0130<\/b><\/span><\/span><\/span><\/p>\n<p><span style=\"font-family: 'Times New Roman', serif;\"><span style=\"font-size: medium;\"><span style=\"color: #333333;\"><span style=\"font-family: Verdana, sans-serif;\"><span style=\"font-size: small;\"><b>21.1)<\/b><\/span><\/span><\/span><span style=\"color: #333333;\"><span style=\"font-family: Verdana, sans-serif;\"><span style=\"font-size: small;\">&nbsp;<\/span><\/span><\/span><span style=\"color: #333333;\"><span style=\"font-family: Verdana, sans-serif;\"><span style=\"font-size: small;\">Yasalar ve bu t\u00fcz\u00fck h\u00fck\u00fcmleri do\u011frultusunda gereken kararlar\u0131 almak; Genel Kurul kararlar\u0131n\u0131 uygulamak,<\/span><\/span><\/span><\/span><\/span><\/p>\n<p><span style=\"color: #333333;\"><span style=\"font-family: Verdana, sans-serif;\"><span style=\"font-size: small;\"><b>21.2)<\/b><\/span><\/span><\/span><span style=\"color: #333333;\"><span style=\"font-family: Verdana, sans-serif;\"><span style=\"font-size: small;\">&nbsp;<\/span><\/span><\/span><span style=\"color: #333333;\"><span style=\"font-family: Verdana, sans-serif;\"><span style=\"font-size: small;\">Derne\u011fi temsil etmek veya bu hususta kendi \u00fcyelerinden bir veya birka\u00e7\u0131na yetki vermek,<\/span><\/span><\/span><\/p>\n<p><span style=\"color: #333333;\"><span style=\"font-family: Verdana, sans-serif;\"><span style=\"font-size: small;\"><b>21.3)<\/b><\/span><\/span><\/span><span style=\"color: #333333;\"><span style=\"font-family: Verdana, sans-serif;\"><span style=\"font-size: small;\">&nbsp;<\/span><\/span><\/span><span style=\"color: #333333;\"><span style=\"font-family: Verdana, sans-serif;\"><span style=\"font-size: small;\">Gelecek d\u00f6neme ait b\u00fct\u00e7eyi haz\u0131rlayarak Genel Kurul\u2019a sunmak,<\/span><\/span><\/span><\/p>\n<p><span style=\"color: #333333;\"><span style=\"font-family: Verdana, sans-serif;\"><span style=\"font-size: small;\"><b>21.4)<\/b><\/span><\/span><\/span><span style=\"color: #333333;\"><span style=\"font-family: Verdana, sans-serif;\"><span style=\"font-size: small;\">&nbsp;<\/span><\/span><\/span><span style=\"color: #333333;\"><span style=\"font-family: Verdana, sans-serif;\"><span style=\"font-size: small;\">Ge\u00e7en \u00e7al\u0131\u015fma d\u00f6nemi \u00e7al\u0131\u015fma raporu ile bilan\u00e7o ve gelir gider \u00e7izelgelerini haz\u0131rlamak,<\/span><\/span><\/span><\/p>\n<p><span style=\"color: #333333;\"><span style=\"font-family: Verdana, sans-serif;\"><span style=\"font-size: small;\"><b>21.5)<\/b><\/span><\/span><\/span><span style=\"color: #333333;\"><span style=\"font-family: Verdana, sans-serif;\"><span style=\"font-size: small;\">&nbsp;<\/span><\/span><\/span><span style=\"color: #333333;\"><span style=\"font-family: Verdana, sans-serif;\"><span style=\"font-size: small;\">Derne\u011fe \u00fcye olmak isteyen ba\u015fvuru sahiplerinin dilek\u00e7elerini incelemek, \u00fcyelik hakk\u0131nda red ve kabul karar\u0131 vererek \u00fcye kayd\u0131 yapmak, t\u00fcz\u00fckte belirtildi\u011fi \u015fekilde aidatlar\u0131n\u0131 \u00f6demeyen \u00fcyelerin \u00fcyelik haklar\u0131n\u0131n d\u00fc\u015fmesi hakk\u0131nda karar vermek.<\/span><\/span><\/span><\/p>\n<p><span style=\"color: #333333;\"><span style=\"font-family: Verdana, sans-serif;\"><span style=\"font-size: small;\"><b>21.6)<\/b><\/span><\/span><\/span><span style=\"color: #333333;\"><span style=\"font-family: Verdana, sans-serif;\"><span style=\"font-size: small;\">&nbsp;<\/span><\/span><\/span><span style=\"color: #333333;\"><span style=\"font-family: Verdana, sans-serif;\"><span style=\"font-size: small;\">Dernek Ba\u015fkan\u0131\u2019n\u0131n \u00f6nerisi \u00fczerine, \u00fcyelik nitelik ve ko\u015fullar\u0131n\u0131 yitiren, ama\u00e7 ve hizmet konular\u0131ndan uzakla\u015fan; bu t\u00fcz\u00fck h\u00fck\u00fcmleri ve Genel Kurul kararlar\u0131na ayk\u0131r\u0131 hareket eden, ayk\u0131r\u0131 s\u00f6z ve eylemlerde bulunan \u00fcyeler hakk\u0131nda \u00fcyelik haklar\u0131n\u0131n d\u00fc\u015fmesi hakk\u0131nda karar vermek,<\/span><\/span><\/span><\/p>\n<p><span style=\"color: #333333;\"><span style=\"font-family: Verdana, sans-serif;\"><span style=\"font-size: small;\"><b>21.7)<\/b><\/span><\/span><\/span><span style=\"color: #333333;\"><span style=\"font-family: Verdana, sans-serif;\"><span style=\"font-size: small;\">&nbsp;<\/span><\/span><\/span><span style=\"color: #333333;\"><span style=\"font-family: Verdana, sans-serif;\"><span style=\"font-size: small;\">Genel Kurul toplant\u0131lar\u0131n\u0131n tarihini, saatini, yerini ve g\u00fcndemini saptamak; \u00fcyelere duyurmak.<\/span><\/span><\/span><\/p>\n<p><span style=\"color: #000000;\">&nbsp;<\/span><\/p>\n<p><span style=\"font-family: 'Times New Roman', serif;\"><span style=\"font-size: medium;\"><span style=\"color: #333333;\"><span style=\"font-family: Verdana, sans-serif;\"><span style=\"font-size: small;\"><b>21.8 )<\/b><\/span><\/span><\/span><span style=\"color: #333333;\"><span style=\"font-family: Verdana, sans-serif;\"><span style=\"font-size: small;\">&nbsp;<\/span><\/span><\/span><span style=\"color: #333333;\"><span style=\"font-family: Verdana, sans-serif;\"><span style=\"font-size: small;\">Y\u00f6netim ve hizmet konular\u0131 do\u011frultusunda g\u00f6rev yapacak \u00e7al\u0131\u015fma gruplar\u0131 ya da komiteler kurmak, da\u011f\u0131tmak ve raporlar\u0131 hakk\u0131nda gereken kararlar\u0131 almak,<\/span><\/span><\/span><\/span><\/span><\/p>\n<p><span style=\"color: #000000;\"><span style=\"font-family: Verdana, sans-serif;\"><span style=\"font-size: small;\"><b>21.9)<\/b><\/span><\/span><\/span><span style=\"color: #000000;\"><span style=\"font-family: Verdana, sans-serif;\"><span style=\"font-size: small;\">&nbsp;<\/span><\/span><\/span><span style=\"color: #000000;\"><span style=\"font-family: Verdana, sans-serif;\"><span style=\"font-size: small;\">Derne\u011fin i\u015flerini y\u00fcr\u00fctecek personel ve dan\u0131\u015fmanlar\u0131 atamak ve gere\u011finde i\u015flerine son vermek,<\/span><\/span><\/span><\/p>\n<p><span style=\"color: #000000;\"><span style=\"font-family: Verdana, sans-serif;\"><span style=\"font-size: small;\"><b>21.10)<\/b><\/span><\/span><\/span><span style=\"color: #000000;\"><span style=\"font-family: Verdana, sans-serif;\"><span style=\"font-size: small;\">&nbsp;<\/span><\/span><\/span><span style=\"color: #000000;\"><span style=\"font-family: Verdana, sans-serif;\"><span style=\"font-size: small;\">Derne\u011fin zorunlu organlar\u0131, genel kurul, y\u00f6netim kurulu ve denetim kuruludur. Dernekler zorunlu organlar\u0131 d\u0131\u015f\u0131nda ba\u015fka organlar da olu\u015fturabilirler. Ancak bu organlara zorunlu organlar\u0131n g\u00f6rev, yetki ve sorumluluklar\u0131 devredilemez<\/span><\/span><\/span><\/p>\n<p><span style=\"font-family: 'Times New Roman', serif;\"><span style=\"font-size: medium;\"><span style=\"color: #333333;\"><span style=\"font-family: Verdana, sans-serif;\"><span style=\"font-size: small;\">Ortakl\u0131k, iktisadi i\u015fletme, vak\u0131f kurulmas\u0131na ya da kurulmu\u015f ve kurulacaklara kat\u0131lmaya karar vermek.<\/span><\/span><\/span><\/span><\/span><\/p>\n<p><span style=\"color: #333333;\"><span style=\"font-family: Verdana, sans-serif;\"><span style=\"font-size: small;\"><b>21.11)<\/b><\/span><\/span><\/span><span style=\"color: #333333;\"><span style=\"font-family: Verdana, sans-serif;\"><span style=\"font-size: small;\">&nbsp;<\/span><\/span><\/span><span style=\"color: #333333;\"><span style=\"font-family: Verdana, sans-serif;\"><span style=\"font-size: small;\">Dernek t\u00fcz\u00fc\u011f\u00fcn\u00fcn de\u011fi\u015ftirilmesi ile y\u00f6netmeliklerin haz\u0131rlanmas\u0131 ve de\u011fi\u015ftirilmesine ili\u015fkin tasar\u0131lar haz\u0131rlamak,<\/span><\/span><\/span><\/p>\n<p><span style=\"color: #333333;\"><span style=\"font-family: Verdana, sans-serif;\"><span style=\"font-size: small;\"><b>21.12)<\/b><\/span><\/span><\/span><span style=\"color: #333333;\"><span style=\"font-family: Verdana, sans-serif;\"><span style=\"font-size: small;\"><b>&nbsp;<\/b><\/span><\/span><\/span><span style=\"color: #333333;\"><span style=\"font-family: Verdana, sans-serif;\"><span style=\"font-size: small;\">Genel Kurul toplant\u0131lar\u0131nda al\u0131nan kararlar\u0131 \u00fcyelere ve ilgili yerlere bildirmek,<\/span><\/span><\/span><\/p>\n<p><span style=\"color: #333333;\"><span style=\"font-family: Verdana, sans-serif;\"><span style=\"font-size: small;\"><b>21.13)<\/b><\/span><\/span><\/span><span style=\"color: #333333;\"><span style=\"font-family: Verdana, sans-serif;\"><span style=\"font-size: small;\">&nbsp;<\/span><\/span><\/span><span style=\"color: #333333;\"><span style=\"font-family: Verdana, sans-serif;\"><span style=\"font-size: small;\">Ge\u00e7en \u00e7al\u0131\u015fma d\u00f6nemi sorumlusu Y\u00f6netim Kurulu\u2019ndan g\u00f6revi ve bilan\u00e7o gere\u011fi Dernek malvarl\u0131\u011f\u0131n\u0131 teslim almak ve ayn\u0131 bi\u00e7imde gelecek \u00e7al\u0131\u015fma d\u00f6nemi Y\u00f6netim Kurulu\u2019na teslim etmek,<\/span><\/span><\/span><\/p>\n<p><span style=\"color: #333333;\"><span style=\"font-family: Verdana, sans-serif;\"><span style=\"font-size: small;\"><b>21.14)<\/b><\/span><\/span><\/span><span style=\"color: #333333;\"><span style=\"font-family: Verdana, sans-serif;\"><span style=\"font-size: small;\"><b>&nbsp;<\/b><\/span><\/span><\/span><span style=\"color: #333333;\"><span style=\"font-family: Verdana, sans-serif;\"><span style=\"font-size: small;\">Gerekli di\u011fer i\u015flem ve uygulamalar\u0131 yapmak.<\/span><\/span><\/span><\/p>\n<p><span style=\"color: #000000;\">&nbsp;<\/span><\/p>\n<p><span style=\"font-family: 'Times New Roman', serif;\"><span style=\"font-size: medium;\"><span style=\"color: #333333;\"><span style=\"font-family: Verdana, sans-serif;\"><span style=\"font-size: small;\"><b>21.<\/b><\/span><\/span><\/span><span style=\"color: #000000;\"><span style=\"font-family: Verdana, sans-serif;\"><span style=\"font-size: small;\"><b>15)<\/b><\/span><\/span><\/span><span style=\"color: #000000;\"><span style=\"font-family: Verdana, sans-serif;\"><span style=\"font-size: small;\">&nbsp;<\/span><\/span><\/span><span style=\"color: #000000;\"><span style=\"font-family: Verdana, sans-serif;\"><span style=\"font-size: small;\">Derne\u011fin uluslararas\u0131 i\u015fbirlikleri ve \u00e7al\u0131\u015fmalarda bulunmas\u0131na, yurt d\u0131\u015f\u0131ndaki kurulu\u015flara \u00fcye olarak kat\u0131lmas\u0131 veya ayr\u0131lmas\u0131 ya da bunlarla i\u015fbirli\u011fine, uluslararas\u0131 projelere kat\u0131lmas\u0131 ve ortak olmas\u0131na karar vermek.<\/span><\/span><\/span><\/span><\/span><\/p>\n<p><span style=\"color: #000000;\">&nbsp;<\/span><\/p>\n<p><span style=\"font-family: 'Times New Roman', serif;\"><span style=\"font-size: medium;\"><span style=\"color: #000000;\"><span style=\"font-family: Verdana, sans-serif;\"><span style=\"font-size: small;\"><b>21.16)<\/b><\/span><\/span><\/span><span style=\"color: #000000;\"><span style=\"font-family: Verdana, sans-serif;\"><span style=\"font-size: small;\">&nbsp;<\/span><\/span><\/span><span style=\"color: #000000;\"><span style=\"font-family: Verdana, sans-serif;\"><span style=\"font-size: small;\">Herhangi bir \u00fcyenin \u00fcyelik ko\u015fullar\u0131n\u0131 yitirmesi, madde 10.2, 10.3, 10.5, 10.6 \u015fartlar\u0131n\u0131 yerine getirmemesi durumunda dernek \u00fcyeli\u011finden \u00e7\u0131kar\u0131lmas\u0131n\u0131 karara ba\u011flamak.<\/span><\/span><\/span><\/span><\/span><\/p>\n<p>&nbsp;<\/p>\n<p><span style=\"font-family: 'Times New Roman', serif;\"><span style=\"font-size: medium;\"><span style=\"color: #333333;\"><span style=\"font-family: Verdana, sans-serif;\"><span style=\"font-size: small;\"><b>MADDE 22) DENETLEME KURULU<\/b><\/span><\/span><\/span><br \/>\n<span style=\"color: #333333;\"><span style=\"font-family: Verdana, sans-serif;\"><span style=\"font-size: small;\">Denetleme Kurulu; Genel Kurulda a\u00e7\u0131k oyla \u00fc\u00e7 y\u0131l i\u00e7in se\u00e7ilmi\u015f 3 as\u0131l ve 3 yedek \u00fcyeden olu\u015fur.<br \/>\nDenetleme Kurulu en az y\u0131lda 1 kere Y\u00f6netim Kurulu\u2019nu denetler. Denetleme yeter say\u0131s\u0131 ikidir.<\/span><\/span><\/span><\/span><\/span><\/p>\n<p>Denetleme Kurulu; Derne\u011fin b\u00fct\u00e7e, hesap ve i\u015flemleri ile ilgili defter ve belgeleri \u00fczerinde yapaca\u011f\u0131 inceleme sonu\u00e7lar\u0131n\u0131, dilek ve \u00f6nerilerini Y\u00f6netim Kurulu\u2019na bildirmek; Y\u00f6netim Kurulu\u2019nca haz\u0131rlanan \u00e7al\u0131\u015fma d\u00f6nemi program\u0131 ile y\u0131ll\u0131k b\u00fct\u00e7e y\u00f6netmeli\u011fi ve gelir gider \u00e7izelgelerinin g\u00f6r\u00fc\u015f\u00fclece\u011fi Y\u00f6netim Kurulu toplant\u0131s\u0131nda haz\u0131r bulunarak dilek ve \u00f6nerilerini belirtmek; Y\u00f6netim Kurulu\u2019nca haz\u0131rlanan ge\u00e7en \u00e7al\u0131\u015fma d\u00f6nemi raporu ile bilan\u00e7o ve gelir gider \u00e7izelgeleri hakk\u0131ndaki incelemelerini bir raporla Genel Kurula sunmakla g\u00f6revli ve yetkilidir.<\/p>\n<p>&nbsp;<\/p>\n<p><span style=\"font-family: 'Times New Roman', serif;\"><span style=\"font-size: medium;\"><span style=\"color: #333333;\"><span style=\"font-family: Verdana, sans-serif;\"><span style=\"font-size: small;\"><b>MADDE 23) \u00c7ALI\u015eMA GRUPLARI<\/b><\/span><\/span><\/span><span style=\"color: #333333;\"><span style=\"font-family: Verdana, sans-serif;\"><span style=\"font-size: small;\"><b>&nbsp;<\/b><\/span><\/span><\/span><br \/>\n<span style=\"color: #333333;\"><span style=\"font-family: Verdana, sans-serif;\"><span style=\"font-size: small;\">Dernek ama\u00e7 ve hizmet konular\u0131nda y\u00f6netime yard\u0131mc\u0131 olmak \u00fczere, ge\u00e7ici ya da s\u00fcrekli olarak en az \u00fc\u00e7 ki\u015fiden olu\u015fan \u00e7al\u0131\u015fma gruplar\u0131 kurulabilir. \u00c7al\u0131\u015fma gruplar\u0131 Y\u00f6netim Kurulu karar\u0131 ile se\u00e7ilirler.<br \/>\n\u00c7al\u0131\u015fma gruplar\u0131 Y\u00f6netim ve Denetleme Kurullar\u0131\u2019n\u0131n karar almalar\u0131na ya da y\u00fcr\u00fctme birimine yard\u0131mc\u0131 olabilecek ara\u015ft\u0131rma ve incelemeleri yapmak, \u00f6nerilerde bulunmak ve gere\u011finde uygulamalar\u0131n\u0131 da yapmakla g\u00f6revli ve yetkilidirler.<\/span><\/span><\/span><\/span><\/span><\/p>\n<p><span style=\"font-family: 'Times New Roman', serif;\"><span style=\"font-size: medium;\"><span style=\"color: #333333;\"><span style=\"font-family: Verdana, sans-serif;\"><span style=\"font-size: small;\"><b>MADDE 24) Y\u00dcR\u00dcTME B\u0130R\u0130M\u0130 G\u00d6REVL\u0130LER\u0130<\/b><\/span><\/span><\/span><br \/>\n<span style=\"color: #333333;\"><span style=\"font-family: Verdana, sans-serif;\"><span style=\"font-size: small;\">Dernek b\u00fct\u00e7esi ile ama\u00e7 ve hizmet konular\u0131n\u0131n gerektirdi\u011fi \u00f6l\u00e7\u00fclerde y\u00fcr\u00fctme birimi g\u00f6revlileri atanabilir. Y\u00fcr\u00fctme birimi g\u00f6revlilerinin g\u00f6revleri, g\u00f6rev ve yetkileri ile hak ve sorumluluklar\u0131 \u201cPersonel \u00d6zl\u00fck Haklar\u0131 Y\u00f6netmeli\u011fi\u201dnde g\u00f6sterilir.<\/span><\/span><\/span><\/span><\/span><\/p>\n<p>&nbsp;<\/p>\n<p><span style=\"color: #333333;\"><span style=\"font-family: Verdana, sans-serif;\"><span style=\"font-size: small;\"><b>MADDE 25) \u015eUBELER<\/b><\/span><\/span><\/span><\/p>\n<p><span style=\"color: #000000;\">&nbsp;<\/span><\/p>\n<p><span style=\"font-family: 'Times New Roman', serif;\"><span style=\"font-size: medium;\"><span style=\"color: #333333;\"><span style=\"font-family: Verdana, sans-serif;\"><span style=\"font-size: small;\"><b>25.1 )<\/b><\/span><\/span><\/span><span style=\"color: #333333;\"><span style=\"font-family: Verdana, sans-serif;\"><span style=\"font-size: small;\">&nbsp;<\/span><\/span><\/span><span style=\"color: #333333;\"><span style=\"font-family: Verdana, sans-serif;\"><span style=\"font-size: small;\">Y\u00f6netim Kurulu, be\u015f as\u0131l ve be\u015f yedek \u00fcyeden olmak \u00fczere dernek t\u00fcz\u00fc\u011f\u00fcnde belirtinle say\u0131da \u00fcyeden olu\u015fur. Dernek \u015fubeler a\u00e7abilir. Bu ama\u00e7la Dernek y\u00f6netim kurulunca yetki verilen en az \u00fc\u00e7 \u00fcye taraf\u0131ndan \u015fubenin a\u00e7\u0131laca\u011f\u0131 yerin ve \u015eube kurucular\u0131n\u0131n, \u015fubenin a\u00e7\u0131laca\u011f\u0131 yerde en az alt\u0131 aydan beri ikamet etmeleri zorunludur.<\/span><\/span><\/span><\/span><\/span><\/p>\n<p><span style=\"color: #000000;\">&nbsp;<\/span><\/p>\n<p><span style=\"font-family: 'Times New Roman', serif;\"><span style=\"font-size: medium;\"><span style=\"color: #333333;\"><span style=\"font-family: Verdana, sans-serif;\"><span style=\"font-size: small;\"><b>25.2)<\/b><\/span><\/span><\/span><span style=\"color: #333333;\"><span style=\"font-family: Verdana, sans-serif;\"><span style=\"font-size: small;\">&nbsp;<\/span><\/span><\/span><span style=\"color: #333333;\"><span style=\"font-family: Verdana, sans-serif;\"><span style=\"font-size: small;\">Her \u015fubede; Genel Kurul, Y\u00f6netim Kurulu, Denetleme Kurulu olu\u015fturulmas\u0131 zorunludur.<\/span><\/span><\/span><span style=\"color: #000000;\"><span style=\"font-family: Verdana, sans-serif;\"><span style=\"font-size: small;\">Denetim kurulu, \u00fc\u00e7 as\u0131l ve \u00fc\u00e7 yedek \u00fcyeden olmak \u00fczere dernek t\u00fcz\u00fc\u011f\u00fcnde belirtilen say\u0131da \u00fcyeden olu\u015fur.<\/span><\/span><\/span><\/span><\/span><\/p>\n<p><span style=\"color: #000000;\"><span style=\"font-family: Verdana, sans-serif;\"><span style=\"font-size: small;\">Denetim kurulu, denetleme g\u00f6revini, dernek t\u00fcz\u00fc\u011f\u00fcnde belirtilen esas ve usullere g\u00f6re yapar; denetleme sonu\u00e7lar\u0131n\u0131 bir raporla y\u00f6netim kuruluna ve genel kurula sunar.<\/span><\/span><\/span><\/p>\n<p><span style=\"font-family: 'Times New Roman', serif;\"><span style=\"font-size: medium;\"><span style=\"color: #333333;\"><span style=\"font-family: Verdana, sans-serif;\"><span style=\"font-size: small;\">Bu organlar\u0131n g\u00f6rev ve yetkileri merkezin g\u00f6rev ve yetkileri gibidir. Ancak merkez Genel Kurulu\u2019nun kararlar\u0131ndan ge\u00e7mi\u015f y\u00f6netmelikler veya prensip kararlar\u0131 ile merkezden onaylanmak \u00fczere baz\u0131 yetkiler \u015fube organlar\u0131na b\u0131rak\u0131labilir.<\/span><\/span><\/span><\/span><\/span><\/p>\n<p><span style=\"color: #333333;\"><span style=\"font-family: Verdana, sans-serif;\"><span style=\"font-size: small;\"><b>25.3)<\/b><\/span><\/span><\/span><span style=\"color: #333333;\"><span style=\"font-family: Verdana, sans-serif;\"><span style=\"font-size: small;\">&nbsp;<\/span><\/span><\/span><span style=\"color: #333333;\"><span style=\"font-family: Verdana, sans-serif;\"><span style=\"font-size: small;\">\u015eubeler hakk\u0131nda Dernekler Kanunu ile bu t\u00fcz\u00fck h\u00fck\u00fcmleri uygulan\u0131r.<\/span><\/span><\/span><span style=\"color: #333333;\"><span style=\"font-family: Verdana, sans-serif;\"><span style=\"font-size: small;\">&nbsp;<\/span><\/span><\/span><\/p>\n<p><span style=\"color: #333333;\"><span style=\"font-family: Verdana, sans-serif;\"><span style=\"font-size: small;\"><b>25.4)<\/b><\/span><\/span><\/span><span style=\"color: #333333;\"><span style=\"font-family: Verdana, sans-serif;\"><span style=\"font-size: small;\">&nbsp;<\/span><\/span><\/span><span style=\"color: #333333;\"><span style=\"font-family: Verdana, sans-serif;\"><span style=\"font-size: small;\">\u015eubeler, ola\u011fan genel kurul toplant\u0131lar\u0131 3 y\u0131lda bir \u015eubat ay\u0131nda, merkez ola\u011fan genel kurulu toplant\u0131s\u0131ndan en az&nbsp; iki ay \u00f6nce tamamlamak ve genel kurul sonu\u00e7 bildiriminin bir \u00f6rne\u011fini toplant\u0131n\u0131n yap\u0131ld\u0131\u011f\u0131 tarihi izleyen otuz g\u00fcn i\u00e7inde m\u00fclki idare amirli\u011fine ve genel merkezlerine bildirmek zorundad\u0131rlar. \u015eubeler Merkez Genel Kurulunda \u00fc\u00e7 delege ile temsil edilirler.<\/span><\/span><\/span><\/p>\n<p><span style=\"color: #000000;\">&nbsp;<\/span><\/p>\n<p><span style=\"color: #333333;\"><span style=\"font-family: Verdana, sans-serif;\"><span style=\"font-size: small;\"><b>D\u00d6RD\u00dcNC\u00dc B\u00d6L\u00dcM<br \/>\nMAL\u0130 H\u00dcK\u00dcMLER<\/b><\/span><\/span><\/span><\/p>\n<p><span style=\"color: #333333;\"><span style=\"font-family: Verdana, sans-serif;\"><span style=\"font-size: small;\"><b>MADDE 26) DERNE\u011e\u0130N GEL\u0130RLER\u0130<\/b><\/span><\/span><\/span><\/p>\n<p><span style=\"font-family: 'Times New Roman', serif;\"><span style=\"font-size: medium;\"><span style=\"color: #333333;\"><span style=\"font-family: Verdana, sans-serif;\"><span style=\"font-size: small;\"><b>26.1)<\/b><\/span><\/span><\/span><span style=\"color: #333333;\"><span style=\"font-family: Verdana, sans-serif;\"><span style=\"font-size: small;\">&nbsp;<\/span><\/span><\/span><span style=\"color: #000000;\"><span style=\"font-family: Verdana, sans-serif;\"><span style=\"font-size: small;\">\u00dcye Aidatlar\u0131: \u00dcye aidat\u0131; \u00fcyeler i\u00e7in her \u00e7al\u0131\u015fma b\u00fct\u00e7esinde \u00f6ng\u00f6r\u00fclen ve \u00fcyeli\u011fin devam\u0131 s\u00fcresince \u00f6denmesi zorunlu \u00f6dentidir. Y\u0131ll\u0131k aidat miktar\u0131 t\u00fczel ve ger\u00e7ek ki\u015filer i\u00e7in ayr\u0131 ayr\u0131 Genel Kurul taraf\u0131ndan g\u00fcn\u00fcn ko\u015fullar\u0131na g\u00f6re yeniden tespit edilir.<\/span><\/span><\/span><\/span><\/span><\/p>\n<p><span style=\"font-family: 'Times New Roman', serif;\"><span style=\"font-size: medium;\"><span style=\"color: #333333;\"><span style=\"font-family: Verdana, sans-serif;\"><span style=\"font-size: small;\"><b>26.2)<\/b><\/span><\/span><\/span><span style=\"color: #333333;\"><span style=\"font-family: Verdana, sans-serif;\"><span style=\"font-size: small;\">&nbsp;<\/span><\/span><\/span><span style=\"color: #333333;\"><span style=\"font-family: Verdana, sans-serif;\"><span style=\"font-size: small;\">Derne\u011fin mal varl\u0131klar\u0131ndan elde edilecek gelirler,<\/span><\/span><\/span><\/span><\/span><\/p>\n<p><span style=\"color: #333333;\"><span style=\"font-family: Verdana, sans-serif;\"><span style=\"font-size: small;\"><b>26.3)<\/b><\/span><\/span><\/span><span style=\"color: #333333;\"><span style=\"font-family: Verdana, sans-serif;\"><span style=\"font-size: small;\">&nbsp;<\/span><\/span><\/span><span style=\"color: #333333;\"><span style=\"font-family: Verdana, sans-serif;\"><span style=\"font-size: small;\">Her t\u00fcrl\u00fc ko\u015fullu ya da ko\u015fulsuz ba\u011f\u0131\u015f, devir, vasiyet ve yard\u0131mlar,<\/span><\/span><\/span><\/p>\n<p><span style=\"color: #333333;\"><span style=\"font-family: Verdana, sans-serif;\"><span style=\"font-size: small;\"><b>26.4)<\/b><\/span><\/span><\/span><span style=\"color: #333333;\"><span style=\"font-family: Verdana, sans-serif;\"><span style=\"font-size: small;\">&nbsp;<\/span><\/span><\/span><span style=\"color: #333333;\"><span style=\"font-family: Verdana, sans-serif;\"><span style=\"font-size: small;\">Her t\u00fcrl\u00fc yay\u0131n ve piyango sat\u0131\u015flar\u0131 ile toplant\u0131, festival, g\u00f6steri, gezi, kermes, gece ile benzeri d\u00fczenlemelerden elde edilen gelirler,<\/span><\/span><\/span><\/p>\n<p><span style=\"color: #333333;\"><span style=\"font-family: Verdana, sans-serif;\"><span style=\"font-size: small;\"><b>26.5)<\/b><\/span><\/span><\/span><span style=\"color: #333333;\"><span style=\"font-family: Verdana, sans-serif;\"><span style=\"font-size: small;\"><b>&nbsp;<\/b><\/span><\/span><\/span><span style=\"color: #333333;\"><span style=\"font-family: Verdana, sans-serif;\"><span style=\"font-size: small;\">Yard\u0131m toplama hakk\u0131ndaki mevzuat h\u00fck\u00fcmlerine uygun olarak toplanan ba\u011f\u0131\u015f ve yard\u0131mlardan elde edilecek gelirler.<\/span><\/span><\/span><\/p>\n<p><span style=\"color: #333333;\"><span style=\"font-family: Verdana, sans-serif;\"><span style=\"font-size: small;\"><b>26.6)<\/b><\/span><\/span><\/span><span style=\"color: #333333;\"><span style=\"font-family: Verdana, sans-serif;\"><span style=\"font-size: small;\">&nbsp;<\/span><\/span><\/span><span style=\"color: #333333;\"><span style=\"font-family: Verdana, sans-serif;\"><span style=\"font-size: small;\">Ortakl\u0131klar, iktisadi i\u015fletmeler, lokal ve yard\u0131mla\u015fma sand\u0131\u011f\u0131ndan sa\u011flanacak gelirler.<\/span><\/span><\/span><span style=\"color: #333333;\"><span style=\"font-family: Verdana, sans-serif;\"><span style=\"font-size: small;\">&nbsp;<\/span><\/span><\/span><\/p>\n<p><span style=\"color: #333333;\"><span style=\"font-family: Verdana, sans-serif;\"><span style=\"font-size: small;\"><b>26.7)<\/b><\/span><\/span><\/span><span style=\"color: #333333;\"><span style=\"font-family: Verdana, sans-serif;\"><span style=\"font-size: small;\">&nbsp;<\/span><\/span><\/span><span style=\"color: #333333;\"><span style=\"font-family: Verdana, sans-serif;\"><span style=\"font-size: small;\">Di\u011fer gelirler.<\/span><\/span><\/span><\/p>\n<p>&nbsp;<\/p>\n<p><span style=\"font-family: 'Times New Roman', serif;\"><span style=\"font-size: medium;\"><span style=\"color: #333333;\"><span style=\"font-family: Verdana, sans-serif;\"><span style=\"font-size: small;\"><b>MADDE 27: GEL\u0130R VE G\u0130DER \u0130\u015eLEMLER\u0130<\/b><\/span><\/span><\/span><br \/>\n<span style=\"color: #333333;\"><span style=\"font-family: Verdana, sans-serif;\"><span style=\"font-size: small;\">Dernek gelirleri al\u0131nd\u0131 belgeleri ile toplan\u0131r. Ba\u011f\u0131\u015f, yard\u0131m ve aidatlar\u0131 toplayacak yetkililer Y\u00f6netim Kurulu karar\u0131 ile belirtilir. Al\u0131nd\u0131 belgesine, aidat ve ba\u011f\u0131\u015f\u0131 \u00f6deyenin a\u00e7\u0131k kimli\u011fi yaz\u0131l\u0131r.<\/span><\/span><\/span><\/span><\/span><\/p>\n<p>Giderlere ili\u015fkin harcamalarda fatura ya da makbuz al\u0131n\u0131r. Belirtilen belgelerin al\u0131namamas\u0131 halinde ilgilisince harcama belgesi d\u00fczenlenir ve perakende sat\u0131\u015f fi\u015fi eklenir. Bu belgelerin saklama s\u00fcresi \u00f6zel yasalarda g\u00f6sterilen daha uzun s\u00fcreye ili\u015fkin h\u00fck\u00fcmler sakl\u0131 kalmak \u00fczere 5 y\u0131ld\u0131r.<\/p>\n<p>&nbsp;<\/p>\n<p><span style=\"color: #333333;\"><span style=\"font-family: Verdana, sans-serif;\"><span style=\"font-size: small;\"><b>MADDE 28) DERNE\u011e\u0130N TUTACA\u011eI DEFTERLER<\/b><\/span><\/span><\/span><\/p>\n<p><span style=\"font-family: 'Times New Roman', serif;\"><span style=\"font-size: medium;\"><span style=\"color: #333333;\"><span style=\"font-family: Verdana, sans-serif;\"><span style=\"font-size: small;\"><b>28.1)<\/b><\/span><\/span><\/span><span style=\"color: #333333;\"><span style=\"font-family: Verdana, sans-serif;\"><span style=\"font-size: small;\">&nbsp;<\/span><\/span><\/span><span style=\"color: #333333;\"><span style=\"font-family: Verdana, sans-serif;\"><span style=\"font-size: small;\">Karar Defteri: Y\u00f6netim kurulu kararlar\u0131 tarih ve numara s\u0131ras\u0131yla bu deftere yaz\u0131l\u0131r ve kararlar\u0131n alt\u0131 toplant\u0131ya kat\u0131lan \u00fcyelerce imzalan\u0131r.<\/span><\/span><\/span><\/span><\/span><\/p>\n<p><span style=\"color: #333333;\"><span style=\"font-family: Verdana, sans-serif;\"><span style=\"font-size: small;\"><b>28.2)<\/b><\/span><\/span><\/span><span style=\"color: #333333;\"><span style=\"font-family: Verdana, sans-serif;\"><span style=\"font-size: small;\">&nbsp;<\/span><\/span><\/span><span style=\"color: #333333;\"><span style=\"font-family: Verdana, sans-serif;\"><span style=\"font-size: small;\">\u00dcye kay\u0131t defteri: Derne\u011fe \u00fcye olarak girenlerin kimlik bilgileri, derne\u011fe giri\u015f ve \u00e7\u0131k\u0131\u015f tarihleri bu deftere i\u015flenir. \u00dcyelerin \u00f6dedikleri giri\u015f ve y\u0131ll\u0131k aidat miktarlar\u0131 bu deftere i\u015flenir.<\/span><\/span><\/span><\/p>\n<p><span style=\"color: #333333;\"><span style=\"font-family: Verdana, sans-serif;\"><span style=\"font-size: small;\"><b>28.3)<\/b><\/span><\/span><\/span><span style=\"color: #333333;\"><span style=\"font-family: Verdana, sans-serif;\"><span style=\"font-size: small;\">&nbsp;<\/span><\/span><\/span><span style=\"color: #333333;\"><span style=\"font-family: Verdana, sans-serif;\"><span style=\"font-size: small;\">Evrak kay\u0131t defteri: Gelen ve giden evraklar, tarih ve s\u0131ra numaras\u0131 ile bu deftere kaydedilir. Gelen evrak\u0131n as\u0131llar\u0131 ve giden evrak\u0131n kopyalar\u0131 dosyalan\u0131r. Elektronik posta yoluyla gelen ve giden evraklar \u00e7\u0131kt\u0131s\u0131 al\u0131nmak suretiyle saklan\u0131r.<\/span><\/span><\/span><\/p>\n<p><span style=\"color: #000000;\">&nbsp;<\/span><\/p>\n<p><span style=\"font-family: 'Times New Roman', serif;\"><span style=\"font-size: medium;\"><span style=\"color: #333333;\"><span style=\"font-family: Verdana, sans-serif;\"><span style=\"font-size: small;\"><b>28.4)<\/b><\/span><\/span><\/span><span style=\"color: #333333;\"><span style=\"font-family: Verdana, sans-serif;\"><span style=\"font-size: small;\">&nbsp;<\/span><\/span><\/span><span style=\"color: #333333;\"><span style=\"font-family: Verdana, sans-serif;\"><span style=\"font-size: small;\">\u0130\u015fletme Hesab\u0131 defteri: Dernek ad\u0131na al\u0131nan gelirler ve yap\u0131lan giderler a\u00e7\u0131k ve d\u00fczenli olarak bu deftere i\u015flenir.<\/span><\/span><\/span><br \/>\n<span style=\"color: #000000;\"><span style=\"font-family: Verdana, sans-serif;\">&nbsp;<\/span><\/span><\/span><\/span><\/p>\n<p><span style=\"font-family: 'Times New Roman', serif;\"><span style=\"font-size: medium;\"><span style=\"color: #333333;\"><span style=\"font-family: Verdana, sans-serif;\"><span style=\"font-size: small;\"><b>28.5)<\/b><\/span><\/span><\/span><span style=\"color: #333333;\"><span style=\"font-family: Verdana, sans-serif;\"><span style=\"font-size: small;\">&nbsp;<\/span><\/span><\/span><span style=\"color: #333333;\"><span style=\"font-family: Verdana, sans-serif;\"><span style=\"font-size: small;\">Al\u0131nd\u0131 Belgesi Kay\u0131t Defteri: Al\u0131nd\u0131 belgelerinin seri ve s\u0131ra numaralar\u0131, bu belgeleri alan ve iade edenlerin ad\u0131, soyad\u0131 ve imzalar\u0131 ile ald\u0131klar\u0131 ve iade ettikleri tarihler bu defter<\/span><\/span><\/span><span style=\"color: #060606;\"><span style=\"font-family: Verdana, sans-serif;\"><span style=\"font-size: small;\">&nbsp;<\/span><\/span><\/span><span style=\"color: #060606;\"><span style=\"font-family: Verdana, sans-serif;\"><span style=\"font-size: small;\">Bilan\u00e7o esas\u0131nda tutulacak defterler ve uyulacak esaslar a\u015fa\u011f\u0131daki gibidir:<\/span><\/span><\/span><\/span><\/span><\/p>\n<p><span style=\"color: #000000;\">&nbsp;<\/span><\/p>\n<p><span style=\"font-family: 'Times New Roman', serif;\"><span style=\"font-size: medium;\"><span style=\"color: #060606;\"><span style=\"font-family: Verdana, sans-serif;\"><span style=\"font-size: small;\"><b>28.6 )<\/b><\/span><\/span><\/span><span style=\"color: #060606;\"><span style=\"font-family: Verdana, sans-serif;\"><span style=\"font-size: small;\">&nbsp;<\/span><\/span><\/span><span style=\"color: #060606;\"><span style=\"font-family: Verdana, sans-serif;\"><span style=\"font-size: small;\">Madde 28\u2019in 28.1,28.2, 28.3, 28.4, 28.5 ve 28.6\u2019nc\u0131 maddelerinde kay\u0131tl\u0131 defterleri bilan\u00e7o esas\u0131nda defter tutan dernekler de tutarlar.<\/span><\/span><\/span><\/span><\/span><\/p>\n<p><span style=\"color: #000000;\">&nbsp;<\/span><\/p>\n<p><span style=\"font-family: 'Times New Roman', serif;\"><span style=\"font-size: medium;\"><span style=\"color: #060606;\"><span style=\"font-family: Verdana, sans-serif;\"><span style=\"font-size: small;\"><b>28.7 )<\/b><\/span><\/span><\/span><span style=\"color: #060606;\"><span style=\"font-family: Verdana, sans-serif;\"><span style=\"font-size: small;\">&nbsp;<\/span><\/span><\/span><span style=\"color: #060606;\"><span style=\"font-family: Verdana, sans-serif;\"><span style=\"font-size: small;\">Yevmiye Defteri, B\u00fcy\u00fck Defter ve Envanter Defteri: Bu defterlerin tutulma usul\u00fc ile kay\u0131t \u015fekli Vergi Usul Kanunu ile bu Kanununun Maliye Bakanl\u0131\u011f\u0131na verdi\u011fi yetkiye istinaden yay\u0131mlanan Muhasebe Sistemi Uygulama Genel Tebli\u011fleri esaslar\u0131na g\u00f6re yap\u0131l\u0131r.<\/span><\/span><\/span><\/span><\/span><\/p>\n<p><span style=\"color: #000000;\">&nbsp;<\/span><\/p>\n<p><span style=\"font-family: 'Times New Roman', serif;\"><span style=\"font-size: medium;\"><span style=\"color: #060606;\"><span style=\"font-family: Verdana, sans-serif;\"><span style=\"font-size: small;\"><b>28.8 )<\/b><\/span><\/span><\/span><span style=\"color: #060606;\"><span style=\"font-family: Verdana, sans-serif;\"><span style=\"font-size: small;\">&nbsp;<\/span><\/span><\/span><span style=\"color: #060606;\"><span style=\"font-family: Verdana, sans-serif;\"><span style=\"font-size: small;\">Yukar\u0131daki maddelerde yaz\u0131lan ve say\u0131lan ve derneklerce tutulmas\u0131 zorunlu olan defterlerin dernekler biriminden veya noterden onayl\u0131 olmas\u0131 zorunludur.<\/span><\/span><\/span><\/span><\/span><\/p>\n<p><span style=\"color: #000000;\">&nbsp;<\/span><\/p>\n<p><span style=\"font-family: 'Times New Roman', serif;\"><span style=\"font-size: medium;\"><span style=\"color: #333333;\"><span style=\"font-family: Verdana, sans-serif;\"><span style=\"font-size: small;\"><b>28.9 )<\/b><\/span><\/span><\/span><span style=\"color: #333333;\"><span style=\"font-family: Verdana, sans-serif;\"><span style=\"font-size: small;\">&nbsp;<\/span><\/span><\/span><span style=\"color: #060606;\"><span style=\"font-family: Verdana, sans-serif;\"><span style=\"font-size: small;\">Dernekler i\u015fletme hesab\u0131 esas\u0131na g\u00f6re defter tutarlar. Ancak, y\u0131ll\u0131k br\u00fct gelirleri 2005 y\u0131l\u0131 i\u00e7in 500 Bin YTL&#8217; yi a\u015fan dernekler takip eden hesap d\u00f6neminden ba\u015flayarak bilan\u00e7o esas\u0131na g\u00f6re defter tutar. \u0130\u015fletme hesab\u0131 esas\u0131na g\u00f6re defter tutan dernekler, yukar\u0131da belirtilen hadde ba\u011fl\u0131 kalmaks\u0131z\u0131n y\u00f6netim kurulu karar\u0131 ile bilan\u00e7o esas\u0131na g\u00f6re defter tutabilirler.<\/span><\/span><\/span><\/span><\/span><\/p>\n<p><span style=\"color: #000000;\">&nbsp;<\/span><\/p>\n<p><span style=\"font-family: 'Times New Roman', serif;\"><span style=\"font-size: medium;\"><span style=\"color: #060606;\"><span style=\"font-family: Verdana, sans-serif;\"><span style=\"font-size: small;\"><b>28.10 )<\/b><\/span><\/span><\/span><span style=\"color: #060606;\"><span style=\"font-family: Verdana, sans-serif;\"><span style=\"font-size: small;\">&nbsp; Bilan\u00e7o esas\u0131na ge\u00e7en dernekler, \u00fcst \u00fcste iki hesap d\u00f6neminde yukar\u0131da belirtilen haddin alt\u0131na d\u00fc\u015ferlerse, takip eden y\u0131ldan itibaren i\u015fletme hesab\u0131 esas\u0131na d\u00f6nebilirler.<\/span><\/span><\/span><\/span><\/span><\/p>\n<p><span style=\"color: #000000;\">&nbsp;<\/span><\/p>\n<p><span style=\"font-family: 'Times New Roman', serif;\"><span style=\"font-size: medium;\"><span style=\"color: #060606;\"><span style=\"font-family: Verdana, sans-serif;\"><span style=\"font-size: small;\"><b>28.11 )<\/b><\/span><\/span><\/span><span style=\"color: #060606;\"><span style=\"font-family: Verdana, sans-serif;\"><span style=\"font-size: small;\">&nbsp;<\/span><\/span><\/span><span style=\"color: #060606;\"><span style=\"font-family: Verdana, sans-serif;\"><span style=\"font-size: small;\">Ticari i\u015fletmesi bulunan dernekler, ticari i\u015fletmeleri i\u00e7in, ayr\u0131ca Vergi Usul Kanunu h\u00fck\u00fcmlerine g\u00f6re defter tutarlar.<\/span><\/span><\/span><\/span><\/span><\/p>\n<p>&nbsp;<\/p>\n<p><span style=\"color: #333333;\"><span style=\"font-family: Verdana, sans-serif;\"><span style=\"font-size: small;\"><b>MADDE 29 ) DERNE\u011e\u0130N BOR\u00c7LANMASI<\/b><\/span><\/span><\/span><\/p>\n<p><span style=\"color: #333333;\"><span style=\"font-family: Verdana, sans-serif;\"><span style=\"font-size: small;\">Derne\u011fimiz bir \u00f6nceki mali y\u0131l\u0131n gelir miktar\u0131 kadar y\u00f6netim kurulu karar\u0131 ile bunun \u00fcst\u00fcndeki miktarlar i\u00e7in Genel Kurul karar\u0131 ile bor\u00e7lanabilir.<\/span><\/span><\/span><\/p>\n<p>&nbsp;<\/p>\n<p><span style=\"color: #333333;\"><span style=\"font-family: Verdana, sans-serif;\"><span style=\"font-size: small;\"><b>BE\u015e\u0130NC\u0130 B\u00d6L\u00dcM<br \/>\nGENEL H\u00dcK\u00dcMLER<\/b><\/span><\/span><\/span><\/p>\n<p>&nbsp;<\/p>\n<p><span style=\"font-family: 'Times New Roman', serif;\"><span style=\"font-size: medium;\"><span style=\"color: #333333;\"><span style=\"font-family: Verdana, sans-serif;\"><span style=\"font-size: small;\"><b>MADDE 30) DERNE\u011e\u0130N \u0130\u00c7 DENET\u0130M\u0130<\/b><\/span><\/span><\/span><br \/>\n<span style=\"color: #333333;\"><span style=\"font-family: Verdana, sans-serif;\"><span style=\"font-size: small;\">Derne\u011fin i\u00e7 denetimi; t\u00fcz\u00fckte belirtilen ama\u00e7 ve \u00e7al\u0131\u015fmalar\u0131n ger\u00e7ekle\u015fmesine ili\u015fkin olarak belirlenmi\u015f organlar\u0131n, \u00fcyelerin sorumluluklar\u0131n\u0131 d\u00fczenlemesi ve \u00fcyeler aras\u0131nda olu\u015fan g\u00f6r\u00fc\u015f birli\u011finin s\u00fcrd\u00fcr\u00fclmesi, dayan\u0131\u015fman\u0131n g\u00fc\u00e7lendirilmesi i\u00e7in Genel Kurul\u2019un onay\u0131ndan ge\u00e7mek sureti ile y\u00f6netmelikler ve \u00f6nergeler yay\u0131nlamak bi\u00e7iminde sa\u011flan\u0131r.<\/span><\/span><\/span><\/span><\/span><\/p>\n<p>&nbsp;<\/p>\n<p><span style=\"font-family: 'Times New Roman', serif;\"><span style=\"font-size: medium;\"><span style=\"color: #333333;\"><span style=\"font-family: Verdana, sans-serif;\"><span style=\"font-size: small;\"><b>MADDE 31) T\u00dcZ\u00dc\u011e\u00dcN DE\u011e\u0130\u015eT\u0130R\u0130LMES\u0130<\/b><\/span><\/span><\/span><span style=\"color: #333333;\"><span style=\"font-family: Verdana, sans-serif;\"><span style=\"font-size: small;\"><b>&nbsp;<\/b><\/span><\/span><\/span><br \/>\n<span style=\"color: #000000;\"><span style=\"font-family: Verdana, sans-serif;\"><span style=\"font-size: small;\">Dernek t\u00fcz\u00fc\u011f\u00fc, Genel Kurula kat\u0131lan \u00fcyelerin 2\/3 oy \u00e7o\u011funlu\u011fu ile de\u011fi\u015ftirilebilir. Genel Kurul 1.toplant\u0131s\u0131nda yeter say\u0131 kay\u0131tl\u0131 \u00fcye say\u0131s\u0131n\u0131n 2\/3 ; 2.toplant\u0131s\u0131ndaki yeter say\u0131s\u0131 y\u00f6netim ve denetleme asil \u00fcye say\u0131s\u0131 iki kat\u0131 kadard\u0131r.<\/span><\/span><\/span><\/span><\/span><\/p>\n<p>&nbsp;<\/p>\n<p><span style=\"font-family: 'Times New Roman', serif;\"><span style=\"font-size: medium;\"><span style=\"color: #333333;\"><span style=\"font-family: Verdana, sans-serif;\"><span style=\"font-size: small;\"><b>MADDE 32) DERNE\u011e\u0130N FESH\u0130<\/b><\/span><\/span><\/span><br \/>\n<span style=\"color: #333333;\"><span style=\"font-family: Verdana, sans-serif;\"><span style=\"font-size: small;\">Dernek Genel Kurulu her zaman Derne\u011fin feshine karar verebilir. Genel Kurul Derne\u011fin feshine karar verebilmesi i\u00e7in, t\u00fcz\u00fc\u011fe g\u00f6re kat\u0131lma hakk\u0131na sahip bulunan Dernek \u00fcyelerinin 2\/3\u2019\u00fcn\u00fcn toplant\u0131da haz\u0131r bulunmas\u0131 \u015fartt\u0131r. \u0130lk toplant\u0131da 2\/3\u2019l\u00fck \u00e7o\u011funluk sa\u011flanmad\u0131\u011f\u0131 takdirde ikinci toplant\u0131da y\u00f6netim kurulu ve denetim kurulunun iki kat\u0131 ile fesih konusu g\u00f6r\u00fc\u015f\u00fcl\u00fcr ve toplant\u0131ya kat\u0131lan 2\/3 \u00e7o\u011funlu\u011fun karar\u0131 ile fesih karar\u0131 al\u0131n\u0131r<\/span><\/span><\/span><span style=\"color: #333333;\"><span style=\"font-family: Verdana, sans-serif;\"><span style=\"font-size: small;\"><b>.<\/b><\/span><\/span><\/span><span style=\"color: #333333;\"><span style=\"font-family: Verdana, sans-serif;\"><span style=\"font-size: small;\"><b>&nbsp;<\/b><\/span><\/span><\/span><span style=\"color: #333333;\"><span style=\"font-family: Verdana, sans-serif;\"><span style=\"font-size: small;\">Fesih karar\u0131 al\u0131nd\u0131ktan sonra durum 5 g\u00fcn i\u00e7inde Mahallin M\u00fclki Amirli\u011fi\u2019ne yaz\u0131l\u0131 olarak bildirilir.<\/span><\/span><\/span><\/span><\/span><\/p>\n<p>&nbsp;<\/p>\n<p><span style=\"font-family: 'Times New Roman', serif;\"><span style=\"font-size: medium;\"><span style=\"color: #333333;\"><span style=\"font-family: Verdana, sans-serif;\"><span style=\"font-size: small;\"><b>MADDE 33) DERNE\u011e\u0130N FESH\u0130 HAL\u0130NDE MALVARLI\u011eI:<\/b><\/span><\/span><\/span><span style=\"color: #333333;\"><span style=\"font-family: Verdana, sans-serif;\"><span style=\"font-size: small;\"><b>&nbsp;<\/b><\/span><\/span><\/span><br \/>\n<span style=\"color: #333333;\"><span style=\"font-family: Verdana, sans-serif;\"><span style=\"font-size: small;\">Dernek Genel Kurul karar\u0131 ile fesih edildi\u011fi takdirde ta\u015f\u0131n\u0131r ve ta\u015f\u0131nmaz mallar\u0131 ile mevcut paras\u0131, al\u0131nacak bir karar ile benzer ama\u00e7l\u0131 bir kurulu\u015fa devredilir.<\/span><\/span><\/span><\/span><\/span><\/p>\n<p>&nbsp;<\/p>\n<p><span style=\"font-family: 'Times New Roman', serif;\"><span style=\"font-size: medium;\"><span style=\"color: #333333;\"><span style=\"font-family: Verdana, sans-serif;\"><span style=\"font-size: small;\"><b>MADDE 34) H\u00dcK\u00dcM EKS\u0130KL\u0130\u011e\u0130<\/b><\/span><\/span><\/span><br \/>\n<span style=\"color: #333333;\"><span style=\"font-family: Verdana, sans-serif;\"><span style=\"font-size: small;\">Bu t\u00fcz\u00fc\u011f\u00fcn uygulanmas\u0131 s\u0131ras\u0131nda ortaya \u00e7\u0131kacak h\u00fck\u00fcm eksikliklerinde Dernekler Kanunu ile T\u00fcrk Medeni Kanunu h\u00fck\u00fcmleri uygulan\u0131r.<\/span><\/span><\/span><\/span><\/span><\/p>\n<p>&nbsp;<\/p>\n<p><span style=\"font-family: 'Times New Roman', serif;\"><span style=\"font-size: medium;\"><span style=\"color: #333333;\"><span style=\"font-family: Verdana, sans-serif;\"><span style=\"font-size: small;\"><b>MADDE 35) GE\u00c7\u0130C\u0130 Y\u00d6NET\u0130M KURULU \u00dcYELER\u0130<\/b><\/span><\/span><\/span><br \/>\n<span style=\"color: #333333;\"><span style=\"font-family: Verdana, sans-serif;\"><span style=\"font-size: small;\">\u0130lk Genel Kurul yap\u0131l\u0131p, as\u0131l organlar olu\u015fturulana kadar g\u00f6rev yapacak ge\u00e7ici Y\u00f6netim Kurulu \u00fcyeleri a\u015fa\u011f\u0131dad\u0131r:<\/span><\/span><\/span><\/span><\/span><\/p>\n<p>&nbsp;<\/p>\n<p><span style=\"font-family: 'Times New Roman', serif;\"><span style=\"font-size: medium;\"><span style=\"color: #333333;\"><span style=\"font-family: Verdana, sans-serif;\"><span style=\"font-size: small;\"><b>Ba\u015fkan:<\/b><\/span><\/span><\/span><span style=\"color: #333333;\"><span style=\"font-family: Verdana, sans-serif;\"><span style=\"font-size: small;\">&nbsp;<\/span><\/span><\/span><span style=\"color: #333333;\"><span style=\"font-family: Verdana, sans-serif;\"><span style=\"font-size: small;\">Victor Ananias Sungitay<\/span><\/span><\/span><br \/>\n<span style=\"color: #333333;\"><span style=\"font-family: Verdana, sans-serif;\"><span style=\"font-size: small;\"><b>Ba\u015fkan Yard\u0131mc\u0131s\u0131:<\/b><\/span><\/span><\/span><span style=\"color: #333333;\"><span style=\"font-family: Verdana, sans-serif;\"><span style=\"font-size: small;\">&nbsp;<\/span><\/span><\/span><span style=\"color: #333333;\"><span style=\"font-family: Verdana, sans-serif;\"><span style=\"font-size: small;\">S\u00fcleyman Alp Pir<\/span><\/span><\/span><br \/>\n<span style=\"color: #333333;\"><span style=\"font-family: Verdana, sans-serif;\"><span style=\"font-size: small;\"><b>Genel Sekreter:<\/b><\/span><\/span><\/span><span style=\"color: #333333;\"><span style=\"font-family: Verdana, sans-serif;\"><span style=\"font-size: small;\">&nbsp;<\/span><\/span><\/span><span style=\"color: #333333;\"><span style=\"font-family: Verdana, sans-serif;\"><span style=\"font-size: small;\">Hale Meri\u00e7 Karabekir<\/span><\/span><\/span><br \/>\n<span style=\"color: #333333;\"><span style=\"font-family: Verdana, sans-serif;\"><span style=\"font-size: small;\"><b>Sayman:<\/b><\/span><\/span><\/span><span style=\"color: #333333;\"><span style=\"font-family: Verdana, sans-serif;\"><span style=\"font-size: small;\">&nbsp;<\/span><\/span><\/span><span style=\"color: #333333;\"><span style=\"font-family: Verdana, sans-serif;\"><span style=\"font-size: small;\">Seda Talaakar<\/span><\/span><\/span><br \/>\n<span style=\"color: #333333;\"><span style=\"font-family: Verdana, sans-serif;\"><span style=\"font-size: small;\"><b>\u00dcye:<\/b><\/span><\/span><\/span><span style=\"color: #333333;\"><span style=\"font-family: Verdana, sans-serif;\"><span style=\"font-size: small;\">&nbsp;<\/span><\/span><\/span><span style=\"color: #333333;\"><span style=\"font-family: Verdana, sans-serif;\"><span style=\"font-size: small;\">\u015eadan Ertekin<\/span><\/span><\/span><br \/>\n<span style=\"color: #333333;\"><span style=\"font-family: Verdana, sans-serif;\"><span style=\"font-size: small;\"><b>\u00dcye:<\/b><\/span><\/span><\/span><span style=\"color: #333333;\"><span style=\"font-family: Verdana, sans-serif;\"><span style=\"font-size: small;\">&nbsp;<\/span><\/span><\/span><span style=\"color: #333333;\"><span style=\"font-family: Verdana, sans-serif;\"><span style=\"font-size: small;\">Yasin Sancak<\/span><\/span><\/span><span style=\"color: #333333;\"><span style=\"font-family: Verdana, sans-serif;\"><span style=\"font-size: small;\">&nbsp;<\/span><\/span><\/span><br \/>\n<span style=\"color: #333333;\"><span style=\"font-family: Verdana, sans-serif;\"><span style=\"font-size: small;\"><b>\u00dcye:<\/b><\/span><\/span><\/span><span style=\"color: #333333;\"><span style=\"font-family: Verdana, sans-serif;\"><span style=\"font-size: small;\">&nbsp;<\/span><\/span><\/span><span style=\"color: #333333;\"><span style=\"font-family: Verdana, sans-serif;\"><span style=\"font-size: small;\">Abdullah Enver \u00d6zeren<\/span><\/span><\/span><\/span><\/span><\/p>\n<p>&nbsp;<\/p>\n<p><span style=\"font-family: 'Times New Roman', serif;\"><span style=\"font-size: medium;\"><span style=\"color: #333333;\"><span style=\"font-family: Verdana, sans-serif;\"><span style=\"font-size: small;\"><b>MADDE 35) KURUCU \u00dcYELER<\/b><\/span><\/span><\/span><br \/>\n<span style=\"color: #333333;\"><span style=\"font-family: Verdana, sans-serif;\"><span style=\"font-size: small;\">Derne\u011fin kurucu \u00fcyelerinin ad ve soyadlar\u0131, do\u011fum yeri, tarihi, mesle\u011fi ile uyruk ve ikametleri a\u015fa\u011f\u0131da g\u00f6sterilmi\u015ftir:<\/span><\/span><\/span><\/span><\/span><\/p>\n<p>&nbsp;<\/p>\n<p><span style=\"font-family: 'Times New Roman', serif;\"><span style=\"font-size: medium;\"><span style=\"color: #333333;\"><span style=\"font-family: Verdana, sans-serif;\"><span style=\"font-size: small;\"><b>Ad\u0131:<\/b><\/span><\/span><\/span><span style=\"color: #333333;\"><span style=\"font-family: Verdana, sans-serif;\"><span style=\"font-size: small;\"><b>&nbsp;<\/b><\/span><\/span><\/span><span style=\"color: #333333;\"><span style=\"font-family: Verdana, sans-serif;\"><span style=\"font-size: small;\">Victor Ananias Sungitay<\/span><\/span><\/span><span style=\"color: #333333;\"><span style=\"font-family: Verdana, sans-serif;\"><span style=\"font-size: small;\">&nbsp;<\/span><\/span><\/span><br \/>\n<span style=\"color: #333333;\"><span style=\"font-family: Verdana, sans-serif;\"><span style=\"font-size: small;\"><b>Do\u011fum tarihi:<\/b><\/span><\/span><\/span><span style=\"color: #333333;\"><span style=\"font-family: Verdana, sans-serif;\"><span style=\"font-size: small;\">&nbsp;<\/span><\/span><\/span><span style=\"color: #333333;\"><span style=\"font-family: Verdana, sans-serif;\"><span style=\"font-size: small;\">21.5.1971<\/span><\/span><\/span><br \/>\n<span style=\"color: #333333;\"><span style=\"font-family: Verdana, sans-serif;\"><span style=\"font-size: small;\"><b>Do\u011fum yeri:<\/b><\/span><\/span><\/span><span style=\"color: #333333;\"><span style=\"font-family: Verdana, sans-serif;\"><span style=\"font-size: small;\"><b>&nbsp;<\/b><\/span><\/span><\/span><span style=\"color: #333333;\"><span style=\"font-family: Verdana, sans-serif;\"><span style=\"font-size: small;\">Z\u00fcrih, \u0130svi\u00e7re<\/span><\/span><\/span><br \/>\n<span style=\"color: #333333;\"><span style=\"font-family: Verdana, sans-serif;\"><span style=\"font-size: small;\"><b>Mesle\u011fi:<\/b><\/span><\/span><\/span><span style=\"color: #333333;\"><span style=\"font-family: Verdana, sans-serif;\"><span style=\"font-size: small;\">&nbsp;<\/span><\/span><\/span><span style=\"color: #333333;\"><span style=\"font-family: Verdana, sans-serif;\"><span style=\"font-size: small;\">Serbest Meslek<\/span><\/span><\/span><br \/>\n<span style=\"color: #333333;\"><span style=\"font-family: Verdana, sans-serif;\"><span style=\"font-size: small;\"><b>Tabiiyeti:<\/b><\/span><\/span><\/span><span style=\"color: #333333;\"><span style=\"font-family: Verdana, sans-serif;\"><span style=\"font-size: small;\">&nbsp;<\/span><\/span><\/span><span style=\"color: #333333;\"><span style=\"font-family: Verdana, sans-serif;\"><span style=\"font-size: small;\">\u015eili Vatanda\u015f\u0131<\/span><\/span><\/span><br \/>\n<span style=\"color: #333333;\"><span style=\"font-family: Verdana, sans-serif;\"><span style=\"font-size: small;\"><b>Adresi:<\/b><\/span><\/span><\/span><span style=\"color: #333333;\"><span style=\"font-family: Verdana, sans-serif;\"><span style=\"font-size: small;\">&nbsp;<\/span><\/span><\/span><span style=\"color: #333333;\"><span style=\"font-family: Verdana, sans-serif;\"><span style=\"font-size: small;\">L\u00fcleci Hendek Sokak, Aslan Han, No:120<br \/>\nKat:1 D:4 Tophane, \u0130stanbul<\/span><\/span><\/span><\/span><\/span><\/p>\n<p>&nbsp;<\/p>\n<p><span style=\"font-family: 'Times New Roman', serif;\"><span style=\"font-size: medium;\"><span style=\"color: #333333;\"><span style=\"font-family: Verdana, sans-serif;\"><span style=\"font-size: small;\"><b>Ad\u0131:<\/b><\/span><\/span><\/span><span style=\"color: #333333;\"><span style=\"font-family: Verdana, sans-serif;\"><span style=\"font-size: small;\">&nbsp;<\/span><\/span><\/span><span style=\"color: #333333;\"><span style=\"font-family: Verdana, sans-serif;\"><span style=\"font-size: small;\">Hatice Oya Ayman Ananias Sungitay<\/span><\/span><\/span><span style=\"color: #333333;\"><span style=\"font-family: Verdana, sans-serif;\"><span style=\"font-size: small;\">&nbsp;<\/span><\/span><\/span><br \/>\n<span style=\"color: #333333;\"><span style=\"font-family: Verdana, sans-serif;\"><span style=\"font-size: small;\"><b>Do\u011fum tarihi:<\/b><\/span><\/span><\/span><span style=\"color: #333333;\"><span style=\"font-family: Verdana, sans-serif;\"><span style=\"font-size: small;\"><b>&nbsp;<\/b><\/span><\/span><\/span><span style=\"color: #333333;\"><span style=\"font-family: Verdana, sans-serif;\"><span style=\"font-size: small;\">18.6.1966<\/span><\/span><\/span><br \/>\n<span style=\"color: #333333;\"><span style=\"font-family: Verdana, sans-serif;\"><span style=\"font-size: small;\"><b>Do\u011fum yeri:<\/b><\/span><\/span><\/span><span style=\"color: #333333;\"><span style=\"font-family: Verdana, sans-serif;\"><span style=\"font-size: small;\">&nbsp;<\/span><\/span><\/span><span style=\"color: #333333;\"><span style=\"font-family: Verdana, sans-serif;\"><span style=\"font-size: small;\">\u0130stanbul<\/span><\/span><\/span><br \/>\n<span style=\"color: #333333;\"><span style=\"font-family: Verdana, sans-serif;\"><span style=\"font-size: small;\"><b>Mesle\u011fi:<\/b><\/span><\/span><\/span><span style=\"color: #333333;\"><span style=\"font-family: Verdana, sans-serif;\"><span style=\"font-size: small;\">&nbsp;<\/span><\/span><\/span><span style=\"color: #333333;\"><span style=\"font-family: Verdana, sans-serif;\"><span style=\"font-size: small;\">Gazeteci<\/span><\/span><\/span><br \/>\n<span style=\"color: #333333;\"><span style=\"font-family: Verdana, sans-serif;\"><span style=\"font-size: small;\"><b>Tabiiyeti:<\/b><\/span><\/span><\/span><span style=\"color: #333333;\"><span style=\"font-family: Verdana, sans-serif;\"><span style=\"font-size: small;\"><b>&nbsp;<\/b><\/span><\/span><\/span><span style=\"color: #333333;\"><span style=\"font-family: Verdana, sans-serif;\"><span style=\"font-size: small;\">T.C. Vatanda\u015f\u0131<\/span><\/span><\/span><br \/>\n<span style=\"color: #333333;\"><span style=\"font-family: Verdana, sans-serif;\"><span style=\"font-size: small;\"><b>Adresi:<\/b><\/span><\/span><\/span><span style=\"color: #333333;\"><span style=\"font-family: Verdana, sans-serif;\"><span style=\"font-size: small;\">&nbsp;<\/span><\/span><\/span><span style=\"color: #333333;\"><span style=\"font-family: Verdana, sans-serif;\"><span style=\"font-size: small;\">Erdo\u011fan \u00d6zkarde\u015fler Saray No:25 D:5<br \/>\nGayrettepe, \u0130stanbul<\/span><\/span><\/span><\/span><\/span><\/p>\n<p>&nbsp;<\/p>\n<p><span style=\"font-family: 'Times New Roman', serif;\"><span style=\"font-size: medium;\"><span style=\"color: #333333;\"><span style=\"font-family: Verdana, sans-serif;\"><span style=\"font-size: small;\"><b>Ad\u0131:<\/b><\/span><\/span><\/span><span style=\"color: #333333;\"><span style=\"font-family: Verdana, sans-serif;\"><span style=\"font-size: small;\">&nbsp;<\/span><\/span><\/span><span style=\"color: #333333;\"><span style=\"font-family: Verdana, sans-serif;\"><span style=\"font-size: small;\">\u015eadan Ertekin<\/span><\/span><\/span><br \/>\n<span style=\"color: #333333;\"><span style=\"font-family: Verdana, sans-serif;\"><span style=\"font-size: small;\"><b>Do\u011fum tarihi:<\/b><\/span><\/span><\/span><span style=\"color: #333333;\"><span style=\"font-family: Verdana, sans-serif;\"><span style=\"font-size: small;\">&nbsp;<\/span><\/span><\/span><span style=\"color: #333333;\"><span style=\"font-family: Verdana, sans-serif;\"><span style=\"font-size: small;\">11.6.1975<\/span><\/span><\/span><br \/>\n<span style=\"color: #333333;\"><span style=\"font-family: Verdana, sans-serif;\"><span style=\"font-size: small;\"><b>Do\u011fum yeri:<\/b><\/span><\/span><\/span><span style=\"color: #333333;\"><span style=\"font-family: Verdana, sans-serif;\"><span style=\"font-size: small;\">&nbsp;<\/span><\/span><\/span><span style=\"color: #333333;\"><span style=\"font-family: Verdana, sans-serif;\"><span style=\"font-size: small;\">\u0130stanbul<\/span><\/span><\/span><br \/>\n<span style=\"color: #333333;\"><span style=\"font-family: Verdana, sans-serif;\"><span style=\"font-size: small;\"><b>Mesle\u011fi:<\/b><\/span><\/span><\/span><span style=\"color: #333333;\"><span style=\"font-family: Verdana, sans-serif;\"><span style=\"font-size: small;\">&nbsp;<\/span><\/span><\/span><span style=\"color: #333333;\"><span style=\"font-family: Verdana, sans-serif;\"><span style=\"font-size: small;\">End\u00fcstri M\u00fchendisi<\/span><\/span><\/span><br \/>\n<span style=\"color: #333333;\"><span style=\"font-family: Verdana, sans-serif;\"><span style=\"font-size: small;\"><b>Tabiiyeti:<\/b><\/span><\/span><\/span><span style=\"color: #333333;\"><span style=\"font-family: Verdana, sans-serif;\"><span style=\"font-size: small;\"><b>&nbsp;<\/b><\/span><\/span><\/span><span style=\"color: #333333;\"><span style=\"font-family: Verdana, sans-serif;\"><span style=\"font-size: small;\">T.C. Vatanda\u015f\u0131<\/span><\/span><\/span><br \/>\n<span style=\"color: #333333;\"><span style=\"font-family: Verdana, sans-serif;\"><span style=\"font-size: small;\"><b>Adresi:<\/b><\/span><\/span><\/span><span style=\"color: #333333;\"><span style=\"font-family: Verdana, sans-serif;\"><span style=\"font-size: small;\">&nbsp;<\/span><\/span><\/span><span style=\"color: #333333;\"><span style=\"font-family: Verdana, sans-serif;\"><span style=\"font-size: small;\">Hasan Kamil Sporel Sok. \u00c7oruk Apt.<br \/>\nNo:25\/26 K\u0131z\u0131ltoprak, \u0130stanbul<\/span><\/span><\/span><\/span><\/span><\/p>\n<p>&nbsp;<\/p>\n<p><span style=\"font-family: 'Times New Roman', serif;\"><span style=\"font-size: medium;\"><span style=\"color: #333333;\"><span style=\"font-family: Verdana, sans-serif;\"><span style=\"font-size: small;\"><b>Ad\u0131:<\/b><\/span><\/span><\/span><span style=\"color: #333333;\"><span style=\"font-family: Verdana, sans-serif;\"><span style=\"font-size: small;\">&nbsp;<\/span><\/span><\/span><span style=\"color: #333333;\"><span style=\"font-family: Verdana, sans-serif;\"><span style=\"font-size: small;\">Hale Meri\u00e7 Karabekir<\/span><\/span><\/span><br \/>\n<span style=\"color: #333333;\"><span style=\"font-family: Verdana, sans-serif;\"><span style=\"font-size: small;\"><b>Do\u011fum tarihi:<\/b><\/span><\/span><\/span><span style=\"color: #333333;\"><span style=\"font-family: Verdana, sans-serif;\"><span style=\"font-size: small;\">&nbsp;<\/span><\/span><\/span><span style=\"color: #333333;\"><span style=\"font-family: Verdana, sans-serif;\"><span style=\"font-size: small;\">23.10.1968<\/span><\/span><\/span><br \/>\n<span style=\"color: #333333;\"><span style=\"font-family: Verdana, sans-serif;\"><span style=\"font-size: small;\"><b>Do\u011fum yeri:<\/b><\/span><\/span><\/span><span style=\"color: #333333;\"><span style=\"font-family: Verdana, sans-serif;\"><span style=\"font-size: small;\"><b>&nbsp;<\/b><\/span><\/span><\/span><span style=\"color: #333333;\"><span style=\"font-family: Verdana, sans-serif;\"><span style=\"font-size: small;\">\u0130stanbul<\/span><\/span><\/span><br \/>\n<span style=\"color: #333333;\"><span style=\"font-family: Verdana, sans-serif;\"><span style=\"font-size: small;\"><b>Mesle\u011fi:<\/b><\/span><\/span><\/span><span style=\"color: #333333;\"><span style=\"font-family: Verdana, sans-serif;\"><span style=\"font-size: small;\">&nbsp;<\/span><\/span><\/span><span style=\"color: #333333;\"><span style=\"font-family: Verdana, sans-serif;\"><span style=\"font-size: small;\">Hukuk\u00e7u<\/span><\/span><\/span><br \/>\n<span style=\"color: #333333;\"><span style=\"font-family: Verdana, sans-serif;\"><span style=\"font-size: small;\"><b>Tabiiyeti:<\/b><\/span><\/span><\/span><span style=\"color: #333333;\"><span style=\"font-family: Verdana, sans-serif;\"><span style=\"font-size: small;\">&nbsp;<\/span><\/span><\/span><span style=\"color: #333333;\"><span style=\"font-family: Verdana, sans-serif;\"><span style=\"font-size: small;\">T.C. Vatanda\u015f\u0131<\/span><\/span><\/span><br \/>\n<span style=\"color: #333333;\"><span style=\"font-family: Verdana, sans-serif;\"><span style=\"font-size: small;\"><b>Adresi:<\/b><\/span><\/span><\/span><span style=\"color: #333333;\"><span style=\"font-family: Verdana, sans-serif;\"><span style=\"font-size: small;\">&nbsp;<\/span><\/span><\/span><span style=\"color: #333333;\"><span style=\"font-family: Verdana, sans-serif;\"><span style=\"font-size: small;\">Cumhuriyet Cad. 87\/5 \u00dcsk\u00fcdar, \u0130stanbul<\/span><\/span><\/span><\/span><\/span><\/p>\n<p>&nbsp;<\/p>\n<p><span style=\"font-family: 'Times New Roman', serif;\"><span style=\"font-size: medium;\"><span style=\"color: #333333;\"><span style=\"font-family: Verdana, sans-serif;\"><span style=\"font-size: small;\"><b>Ad\u0131:<\/b><\/span><\/span><\/span><span style=\"color: #333333;\"><span style=\"font-family: Verdana, sans-serif;\"><span style=\"font-size: small;\">&nbsp;<\/span><\/span><\/span><span style=\"color: #333333;\"><span style=\"font-family: Verdana, sans-serif;\"><span style=\"font-size: small;\">Abdullah Enver \u00d6zeren<\/span><\/span><\/span><br \/>\n<span style=\"color: #333333;\"><span style=\"font-family: Verdana, sans-serif;\"><span style=\"font-size: small;\"><b>Do\u011fum tarihi:<\/b><\/span><\/span><\/span><span style=\"color: #333333;\"><span style=\"font-family: Verdana, sans-serif;\"><span style=\"font-size: small;\">&nbsp;<\/span><\/span><\/span><span style=\"color: #333333;\"><span style=\"font-family: Verdana, sans-serif;\"><span style=\"font-size: small;\">2.8.1951<\/span><\/span><\/span><br \/>\n<span style=\"color: #333333;\"><span style=\"font-family: Verdana, sans-serif;\"><span style=\"font-size: small;\"><b>Do\u011fum yeri:<\/b><\/span><\/span><\/span><span style=\"color: #333333;\"><span style=\"font-family: Verdana, sans-serif;\"><span style=\"font-size: small;\">&nbsp;<\/span><\/span><\/span><span style=\"color: #333333;\"><span style=\"font-family: Verdana, sans-serif;\"><span style=\"font-size: small;\">Ankara<\/span><\/span><\/span><br \/>\n<span style=\"color: #333333;\"><span style=\"font-family: Verdana, sans-serif;\"><span style=\"font-size: small;\"><b>Mesle\u011fi:<\/b><\/span><\/span><\/span><span style=\"color: #333333;\"><span style=\"font-family: Verdana, sans-serif;\"><span style=\"font-size: small;\">&nbsp;<\/span><\/span><\/span><span style=\"color: #333333;\"><span style=\"font-family: Verdana, sans-serif;\"><span style=\"font-size: small;\">Kimya M\u00fchendisi<\/span><\/span><\/span><br \/>\n<span style=\"color: #333333;\"><span style=\"font-family: Verdana, sans-serif;\"><span style=\"font-size: small;\"><b>Tabiiyeti:<\/b><\/span><\/span><\/span><span style=\"color: #333333;\"><span style=\"font-family: Verdana, sans-serif;\"><span style=\"font-size: small;\">&nbsp;<\/span><\/span><\/span><span style=\"color: #333333;\"><span style=\"font-family: Verdana, sans-serif;\"><span style=\"font-size: small;\">T.C. Vatanda\u015f\u0131<\/span><\/span><\/span><br \/>\n<span style=\"color: #333333;\"><span style=\"font-family: Verdana, sans-serif;\"><span style=\"font-size: small;\"><b>Adresi:<\/b><\/span><\/span><\/span><span style=\"color: #333333;\"><span style=\"font-family: Verdana, sans-serif;\"><span style=\"font-size: small;\"><b>&nbsp;<\/b><\/span><\/span><\/span><span style=\"color: #333333;\"><span style=\"font-family: Verdana, sans-serif;\"><span style=\"font-size: small;\">Yal\u0131yolu Kaya Sitesi, No: 0- D D:213<br \/>\nBostanc\u0131, Kad\u0131k\u00f6y, \u0130stanbul<\/span><\/span><\/span><\/span><\/span><\/p>\n<p>&nbsp;<\/p>\n<p><span style=\"font-family: 'Times New Roman', serif;\"><span style=\"font-size: medium;\"><span style=\"color: #333333;\"><span style=\"font-family: Verdana, sans-serif;\"><span style=\"font-size: small;\"><b>Ad\u0131:<\/b><\/span><\/span><\/span><span style=\"color: #333333;\"><span style=\"font-family: Verdana, sans-serif;\"><span style=\"font-size: small;\">&nbsp;<\/span><\/span><\/span><span style=\"color: #333333;\"><span style=\"font-family: Verdana, sans-serif;\"><span style=\"font-size: small;\">S\u00fcleyman Alp Pir<\/span><\/span><\/span><br \/>\n<span style=\"color: #333333;\"><span style=\"font-family: Verdana, sans-serif;\"><span style=\"font-size: small;\"><b>Do\u011fum tarihi:<\/b><\/span><\/span><\/span><span style=\"color: #333333;\"><span style=\"font-family: Verdana, sans-serif;\"><span style=\"font-size: small;\">&nbsp;<\/span><\/span><\/span><span style=\"color: #333333;\"><span style=\"font-family: Verdana, sans-serif;\"><span style=\"font-size: small;\">27.10.1972<\/span><\/span><\/span><br \/>\n<span style=\"color: #333333;\"><span style=\"font-family: Verdana, sans-serif;\"><span style=\"font-size: small;\"><b>Do\u011fum yeri:<\/b><\/span><\/span><\/span><span style=\"color: #333333;\"><span style=\"font-family: Verdana, sans-serif;\"><span style=\"font-size: small;\">&nbsp;<\/span><\/span><\/span><span style=\"color: #333333;\"><span style=\"font-family: Verdana, sans-serif;\"><span style=\"font-size: small;\">\u0130stanbul<\/span><\/span><\/span><br \/>\n<span style=\"color: #333333;\"><span style=\"font-family: Verdana, sans-serif;\"><span style=\"font-size: small;\"><b>Mesle\u011fi:<\/b><\/span><\/span><\/span><span style=\"color: #333333;\"><span style=\"font-family: Verdana, sans-serif;\"><span style=\"font-size: small;\">&nbsp;<\/span><\/span><\/span><span style=\"color: #333333;\"><span style=\"font-family: Verdana, sans-serif;\"><span style=\"font-size: small;\">Serbest Meslek<\/span><\/span><\/span><br \/>\n<span style=\"color: #333333;\"><span style=\"font-family: Verdana, sans-serif;\"><span style=\"font-size: small;\"><b>Tabiiyeti:<\/b><\/span><\/span><\/span><span style=\"color: #333333;\"><span style=\"font-family: Verdana, sans-serif;\"><span style=\"font-size: small;\"><b>&nbsp;<\/b><\/span><\/span><\/span><span style=\"color: #333333;\"><span style=\"font-family: Verdana, sans-serif;\"><span style=\"font-size: small;\">T.C. Vatanda\u015f\u0131<\/span><\/span><\/span><br \/>\n<span style=\"color: #333333;\"><span style=\"font-family: Verdana, sans-serif;\"><span style=\"font-size: small;\"><b>Adresi:<\/b><\/span><\/span><\/span><span style=\"color: #333333;\"><span style=\"font-family: Verdana, sans-serif;\"><span style=\"font-size: small;\"><b>&nbsp;<\/b><\/span><\/span><\/span><span style=\"color: #333333;\"><span style=\"font-family: Verdana, sans-serif;\"><span style=\"font-size: small;\">Alsit Villalar\u0131, B 24 Ba\u011flar Mevkii,<br \/>\nB\u00fcy\u00fckdere, Sar\u0131yer, \u0130stanbul<\/span><\/span><\/span><\/span><\/span><\/p>\n<p>&nbsp;<\/p>\n<p><span style=\"font-family: 'Times New Roman', serif;\"><span style=\"font-size: medium;\"><span style=\"color: #333333;\"><span style=\"font-family: Verdana, sans-serif;\"><span style=\"font-size: small;\"><b>Ad\u0131:<\/b><\/span><\/span><\/span><span style=\"color: #333333;\"><span style=\"font-family: Verdana, sans-serif;\"><span style=\"font-size: small;\"><b>&nbsp;<\/b><\/span><\/span><\/span><span style=\"color: #333333;\"><span style=\"font-family: Verdana, sans-serif;\"><span style=\"font-size: small;\">Yasin Sancak<\/span><\/span><\/span><br \/>\n<span style=\"color: #333333;\"><span style=\"font-family: Verdana, sans-serif;\"><span style=\"font-size: small;\"><b>Do\u011fum tarihi:<\/b><\/span><\/span><\/span><span style=\"color: #333333;\"><span style=\"font-family: Verdana, sans-serif;\"><span style=\"font-size: small;\">&nbsp;<\/span><\/span><\/span><span style=\"color: #333333;\"><span style=\"font-family: Verdana, sans-serif;\"><span style=\"font-size: small;\">15.8.1977<\/span><\/span><\/span><br \/>\n<span style=\"color: #333333;\"><span style=\"font-family: Verdana, sans-serif;\"><span style=\"font-size: small;\"><b>Do\u011fum yeri:<\/b><\/span><\/span><\/span><span style=\"color: #333333;\"><span style=\"font-family: Verdana, sans-serif;\"><span style=\"font-size: small;\"><b>&nbsp;<\/b><\/span><\/span><\/span><span style=\"color: #333333;\"><span style=\"font-family: Verdana, sans-serif;\"><span style=\"font-size: small;\">Eski\u015fehir<\/span><\/span><\/span><br \/>\n<span style=\"color: #333333;\"><span style=\"font-family: Verdana, sans-serif;\"><span style=\"font-size: small;\"><b>Mesle\u011fi:<\/b><\/span><\/span><\/span><span style=\"color: #333333;\"><span style=\"font-family: Verdana, sans-serif;\"><span style=\"font-size: small;\"><b>&nbsp;<\/b><\/span><\/span><\/span><span style=\"color: #333333;\"><span style=\"font-family: Verdana, sans-serif;\"><span style=\"font-size: small;\">\u00d6\u011fretmen<\/span><\/span><\/span><br \/>\n<span style=\"color: #333333;\"><span style=\"font-family: Verdana, sans-serif;\"><span style=\"font-size: small;\"><b>Tabiiyeti:<\/b><\/span><\/span><\/span><span style=\"color: #333333;\"><span style=\"font-family: Verdana, sans-serif;\"><span style=\"font-size: small;\">&nbsp;<\/span><\/span><\/span><span style=\"color: #333333;\"><span style=\"font-family: Verdana, sans-serif;\"><span style=\"font-size: small;\">T.C. Vatanda\u015f\u0131<\/span><\/span><\/span><br \/>\n<span style=\"color: #333333;\"><span style=\"font-family: Verdana, sans-serif;\"><span style=\"font-size: small;\"><b>Adresi:<\/b><\/span><\/span><\/span><span style=\"color: #333333;\"><span style=\"font-family: Verdana, sans-serif;\"><span style=\"font-size: small;\"><b>&nbsp;<\/b><\/span><\/span><\/span><span style=\"color: #333333;\"><span style=\"font-family: Verdana, sans-serif;\"><span style=\"font-size: small;\">Y\u0131ld\u0131z Mah. Eski Konak Sok. Erdem Apt.<br \/>\nNo: 5 D: 9 Be\u015fikta\u015f, \u0130stanbul<\/span><\/span><\/span><\/span><\/span><\/p>\n<p>&nbsp;<\/p>\n<p><span style=\"font-family: 'Times New Roman', serif;\"><span style=\"font-size: medium;\"><span style=\"color: #333333;\"><span style=\"font-family: Verdana, sans-serif;\"><span style=\"font-size: small;\"><b>Ad\u0131:<\/b><\/span><\/span><\/span><span style=\"color: #333333;\"><span style=\"font-family: Verdana, sans-serif;\"><span style=\"font-size: small;\">&nbsp;<\/span><\/span><\/span><span style=\"color: #333333;\"><span style=\"font-family: Verdana, sans-serif;\"><span style=\"font-size: small;\">Batur \u015eehirlio\u011flu<\/span><\/span><\/span><br \/>\n<span style=\"color: #333333;\"><span style=\"font-family: Verdana, sans-serif;\"><span style=\"font-size: small;\"><b>Do\u011fum tarihi:<\/b><\/span><\/span><\/span><span style=\"color: #333333;\"><span style=\"font-family: Verdana, sans-serif;\"><span style=\"font-size: small;\">&nbsp;<\/span><\/span><\/span><span style=\"color: #333333;\"><span style=\"font-family: Verdana, sans-serif;\"><span style=\"font-size: small;\">6.7.1972<\/span><\/span><\/span><br \/>\n<span style=\"color: #333333;\"><span style=\"font-family: Verdana, sans-serif;\"><span style=\"font-size: small;\"><b>Do\u011fum yeri:<\/b><\/span><\/span><\/span><span style=\"color: #333333;\"><span style=\"font-family: Verdana, sans-serif;\"><span style=\"font-size: small;\">&nbsp;<\/span><\/span><\/span><span style=\"color: #333333;\"><span style=\"font-family: Verdana, sans-serif;\"><span style=\"font-size: small;\">Ankara<\/span><\/span><\/span><br \/>\n<span style=\"color: #333333;\"><span style=\"font-family: Verdana, sans-serif;\"><span style=\"font-size: small;\"><b>Mesle\u011fi:<\/b><\/span><\/span><\/span><span style=\"color: #333333;\"><span style=\"font-family: Verdana, sans-serif;\"><span style=\"font-size: small;\"><b>&nbsp;<\/b><\/span><\/span><\/span><span style=\"color: #333333;\"><span style=\"font-family: Verdana, sans-serif;\"><span style=\"font-size: small;\">Makine M\u00fchendisi<\/span><\/span><\/span><br \/>\n<span style=\"color: #333333;\"><span style=\"font-family: Verdana, sans-serif;\"><span style=\"font-size: small;\"><b>Tabiiyeti:<\/b><\/span><\/span><\/span><span style=\"color: #333333;\"><span style=\"font-family: Verdana, sans-serif;\"><span style=\"font-size: small;\">&nbsp;<\/span><\/span><\/span><span style=\"color: #333333;\"><span style=\"font-family: Verdana, sans-serif;\"><span style=\"font-size: small;\">T.C. Vatanda\u015f\u0131<\/span><\/span><\/span><br \/>\n<span style=\"color: #333333;\"><span style=\"font-family: Verdana, sans-serif;\"><span style=\"font-size: small;\"><b>Adresi:<\/b><\/span><\/span><\/span><span style=\"color: #333333;\"><span style=\"font-family: Verdana, sans-serif;\"><span style=\"font-size: small;\">&nbsp;<\/span><\/span><\/span><span style=\"color: #333333;\"><span style=\"font-family: Verdana, sans-serif;\"><span style=\"font-size: small;\">G\u00fcvenevler Mahallesi, Ye\u015filyurt Sokak,<br \/>\nNo:47\/18 Ankara<\/span><\/span><\/span><\/span><\/span><\/p>\n<p>&nbsp;<\/p>\n<p><span style=\"font-family: 'Times New Roman', serif;\"><span style=\"font-size: medium;\"><span style=\"color: #333333;\"><span style=\"font-family: Verdana, sans-serif;\"><span style=\"font-size: small;\"><b>Ad\u0131:<\/b><\/span><\/span><\/span><span style=\"color: #333333;\"><span style=\"font-family: Verdana, sans-serif;\"><span style=\"font-size: small;\"><b>&nbsp;<\/b><\/span><\/span><\/span><span style=\"color: #333333;\"><span style=\"font-family: Verdana, sans-serif;\"><span style=\"font-size: small;\">Seda Talaakar<\/span><\/span><\/span><br \/>\n<span style=\"color: #333333;\"><span style=\"font-family: Verdana, sans-serif;\"><span style=\"font-size: small;\"><b>Do\u011fum tarihi:<\/b><\/span><\/span><\/span><span style=\"color: #333333;\"><span style=\"font-family: Verdana, sans-serif;\"><span style=\"font-size: small;\">&nbsp;<\/span><\/span><\/span><span style=\"color: #333333;\"><span style=\"font-family: Verdana, sans-serif;\"><span style=\"font-size: small;\">7.5.1976<\/span><\/span><\/span><br \/>\n<span style=\"color: #333333;\"><span style=\"font-family: Verdana, sans-serif;\"><span style=\"font-size: small;\"><b>Do\u011fum yeri:<\/b><\/span><\/span><\/span><span style=\"color: #333333;\"><span style=\"font-family: Verdana, sans-serif;\"><span style=\"font-size: small;\">&nbsp;<\/span><\/span><\/span><span style=\"color: #333333;\"><span style=\"font-family: Verdana, sans-serif;\"><span style=\"font-size: small;\">\u0130stanbul<\/span><\/span><\/span><br \/>\n<span style=\"color: #333333;\"><span style=\"font-family: Verdana, sans-serif;\"><span style=\"font-size: small;\"><b>Mesle\u011fi:<\/b><\/span><\/span><\/span><span style=\"color: #333333;\"><span style=\"font-family: Verdana, sans-serif;\"><span style=\"font-size: small;\"><b>&nbsp;<\/b><\/span><\/span><\/span><span style=\"color: #333333;\"><span style=\"font-family: Verdana, sans-serif;\"><span style=\"font-size: small;\">Muhasebeci<\/span><\/span><\/span><br \/>\n<span style=\"color: #333333;\"><span style=\"font-family: Verdana, sans-serif;\"><span style=\"font-size: small;\"><b>Tabiiyeti:<\/b><\/span><\/span><\/span><span style=\"color: #333333;\"><span style=\"font-family: Verdana, sans-serif;\"><span style=\"font-size: small;\">&nbsp;<\/span><\/span><\/span><span style=\"color: #333333;\"><span style=\"font-family: Verdana, sans-serif;\"><span style=\"font-size: small;\">T.C. Vatanda\u015f\u0131<\/span><\/span><\/span><br \/>\n<span style=\"color: #333333;\"><span style=\"font-family: Verdana, sans-serif;\"><span style=\"font-size: small;\"><b>Adresi:<\/b><\/span><\/span><\/span><span style=\"color: #333333;\"><span style=\"font-family: Verdana, sans-serif;\"><span style=\"font-size: small;\">&nbsp;<\/span><\/span><\/span><span style=\"color: #333333;\"><span style=\"font-family: Verdana, sans-serif;\"><span style=\"font-size: small;\">Valide-i Atik Mah.<\/span><\/span><\/span><span style=\"color: #333333;\"><span style=\"font-family: Verdana, sans-serif;\"><span style=\"font-size: small;\">&nbsp;<\/span><\/span><\/span><span style=\"color: #333333;\"><span style=\"font-family: Verdana, sans-serif;\"><span style=\"font-size: small;\">Kartalbaba Caddesi,<br \/>\nSeyhan Apt. No:23 D: 6 \u00dcsk\u00fcdar, \u0130stanbul<\/span><\/span><\/span><\/span><\/span><\/p>\n","protected":false},"excerpt":{"rendered":"<p>BU\u011eDAY EKOLOJ\u0130K YA\u015eAMI DESTEKLEME DERNE\u011e\u0130 T\u00dcZ\u00dcK ( 8. Ola\u011fan Genel Kurul Onay Tarihi : 30.04.2017 ) B\u0130R\u0130NC\u0130 B\u00d6L\u00dcM Kurulu\u015f H\u00fck\u00fcmleri &nbsp; MADDE 1) DERNE\u011e\u0130N ADI Derne\u011fin ad\u0131; &#8220;BU\u011eDAY\u201d Ekolojik Ya\u015fam\u0131 Destekleme Derne\u011fi&#8221;dir. &nbsp; MADDE 2)&#8230;<\/p>\n","protected":false},"author":1,"featured_media":0,"parent":0,"menu_order":0,"comment_status":"closed","ping_status":"closed","template":"","meta":{"footnotes":""},"_links":{"self":[{"href":"https:\/\/www.bugday.org\/blog\/wp-json\/wp\/v2\/pages\/927"}],"collection":[{"href":"https:\/\/www.bugday.org\/blog\/wp-json\/wp\/v2\/pages"}],"about":[{"href":"https:\/\/www.bugday.org\/blog\/wp-json\/wp\/v2\/types\/page"}],"author":[{"embeddable":true,"href":"https:\/\/www.bugday.org\/blog\/wp-json\/wp\/v2\/users\/1"}],"replies":[{"embeddable":true,"href":"https:\/\/www.bugday.org\/blog\/wp-json\/wp\/v2\/comments?post=927"}],"version-history":[{"count":2,"href":"https:\/\/www.bugday.org\/blog\/wp-json\/wp\/v2\/pages\/927\/revisions"}],"predecessor-version":[{"id":8853,"href":"https:\/\/www.bugday.org\/blog\/wp-json\/wp\/v2\/pages\/927\/revisions\/8853"}],"wp:attachment":[{"href":"https:\/\/www.bugday.org\/blog\/wp-json\/wp\/v2\/media?parent=927"}],"curies":[{"name":"wp","href":"https:\/\/api.w.org\/{rel}","templated":true}]}}