{"id":8888,"date":"2020-08-10T08:15:25","date_gmt":"2020-08-10T05:15:25","guid":{"rendered":"http:\/\/www.bugday.org\/blog\/?page_id=8888"},"modified":"2021-01-03T06:25:51","modified_gmt":"2021-01-03T03:25:51","slug":"kayip-masallar","status":"publish","type":"page","link":"https:\/\/www.bugday.org\/blog\/kayip-masallar\/","title":{"rendered":"Kay\u0131p Masallar"},"content":{"rendered":"\n<p><strong>Proje Ad\u0131:&nbsp;<\/strong>Kay\u0131p Masallar<br><strong>Proje y\u00fcr\u00fct\u00fcc\u00fcs\u00fc:<\/strong>&nbsp;Bu\u011fday Ekolojik Ya\u015fam\u0131 Destekleme Derne\u011fi<br><strong>Proje ana deste\u011fi:<\/strong>&nbsp;UNDP \u2013 Hayata Art\u0131 Gen\u00e7lik Fonu<br><strong>Proje S\u00fcresi:&nbsp;<\/strong>Ekim 2007 \u2013 Temmuz 2008<br><strong>Proje \u00c7al\u0131\u015fanlar\u0131:<\/strong>&nbsp;\u00c7a\u011flar \u0130nce, Kenan \u00d6zer<br><strong>Proje Orta\u011f\u0131 Kurum:&nbsp;<\/strong>Atlas Dergisi<br><strong>Proje Durumu:<\/strong>&nbsp;Ba\u015fta Y\u00f6r\u00fckler olmak \u00fczere Anadolu halk\u0131n\u0131n halen anlatageldi\u011fi masallar\u0131n derlenmesi ve kaydedilerek g\u00f6rsel ar\u015fivinin yap\u0131lmas\u0131, bir film \u00e7ekilmesi.<\/p>\n\n\n\n<p>\u0130nsanlar\u0131n \u00e7a\u011flar boyunca nesilden nesile artar\u0131lagelen k\u00fclt\u00fcrel bilgiden ve deneyimden kopuk ya\u015famalar\u0131; \u00e7a\u011f\u0131m\u0131zdaki \u00e7at\u0131\u015fmac\u0131, t\u00fcketime dayal\u0131, insanl\u0131\u011f\u0131n iyilik gibi bir de\u011ferinden uzak bir ya\u015fam tarz\u0131n\u0131 do\u011furmu\u015ftur. Anadolu co\u011frafyas\u0131nda, insanl\u0131\u011f\u0131n \u015fimdilik az olarak ba\u015fvurdu\u011fu bu birikime ula\u015fmak i\u00e7in son f\u0131rsatlar\u0131m\u0131zdan biri de y\u00f6r\u00fck k\u00fclt\u00fcr\u00fcyle bize aktar\u0131lan k\u00fclt\u00fcrel tecr\u00fcbedir.<\/p>\n\n\n\n<p>Y\u00f6r\u00fckler b\u00fcy\u00fck bir co\u011frafyan\u0131n (Hindistan\u2019dan Sibirya\u2019ya; Orta Asya\u2019dan Anadolu\u2019ya kadar) izlerini ve etkile\u015fim i\u00e7inde olduklar\u0131 bir\u00e7ok k\u00fclt\u00fcrden s\u00fcz\u00fclen ipu\u00e7lar\u0131n\u0131 kendi b\u00fcnyelerinde eriterek getirmi\u015flerdir. Buna kar\u015f\u0131n, Anadolu&#8217;da, y\u00f6r\u00fck k\u00fclt\u00fcr\u00fcnden gelen halk\u0131n yerle\u015fik hayata ge\u00e7mesiyle birlikte \u00e7a\u011flar\u0131n birikimine ula\u015fmak i\u00e7in son f\u0131rsat\u0131m\u0131z da kaybolmaya y\u00fcz tutmu\u015ftur. Y\u00f6r\u00fckl\u00fck gelene\u011fini s\u00fcrd\u00fcren ki\u015filer g\u00fcn ge\u00e7tik\u00e7e azalmaktad\u0131r. Buna ba\u011fl\u0131 olarak bin y\u0131ll\u0131k k\u00fclt\u00fcre ve insanl\u0131\u011fa dair birikime ula\u015fabilmemiz i\u00e7in son \u015fans\u0131m\u0131z halen y\u00f6r\u00fckl\u00fck k\u00fclt\u00fcr\u00fcn\u00fc ya\u015fatan son topluluklara ula\u015farak bu birikimi bir sonraki ku\u015fa\u011fa aktarabilmektir<br><strong><br>Projenin hedefleri<\/strong><br>Proje etkinlikleriyle iki farkl\u0131 hedef gruba ula\u015f\u0131lmas\u0131 hedeflenmektedir.<br>1.\u00a0\u00a0 \u00a0K\u00fclt\u00fcrel birikimlerine ba\u015fvuraca\u011f\u0131m\u0131z y\u00f6r\u00fck toplumlar\u0131, (kapal\u0131 devre bir k\u00fclt\u00fcr\u00fcn par\u00e7as\u0131 olan y\u00f6r\u00fck aileleri proje faaliyetleri sonucunda k\u00fclt\u00fcrel birikimlerinin payla\u015f\u0131lmas\u0131n\u0131 sa\u011flayacakt\u0131r)<br>2.\u00a0\u00a0 \u00a0Bu k\u00fclt\u00fcrel birikimi aktaraca\u011f\u0131m\u0131z kitle (\u00e7ok geleneksel olmaya mesafeli bakan, gen\u00e7 ku\u015fak)<br><strong><br>Proje sonu\u00e7lar\u0131<\/strong><br>1. Saha ara\u015ft\u0131rmas\u0131,<br>2. Masallar\u0131n \u00e7ekimi\/kayd\u0131,<br>3. Masallar\u0131n yaz\u0131lmas\u0131 ve yay\u0131mlanmas\u0131<br>4. \u201cK\u00f6se\u201d isimli k\u0131sa film (\u00e7e\u015fitli ulusal ve uluslararas\u0131 festivallerde \u00f6d\u00fcl kazand\u0131) <\/p>\n","protected":false},"excerpt":{"rendered":"<p>Proje Ad\u0131:&nbsp;Kay\u0131p MasallarProje y\u00fcr\u00fct\u00fcc\u00fcs\u00fc:&nbsp;Bu\u011fday Ekolojik Ya\u015fam\u0131 Destekleme Derne\u011fiProje ana deste\u011fi:&nbsp;UNDP \u2013 Hayata Art\u0131 Gen\u00e7lik FonuProje S\u00fcresi:&nbsp;Ekim 2007 \u2013 Temmuz 2008Proje \u00c7al\u0131\u015fanlar\u0131:&nbsp;\u00c7a\u011flar \u0130nce, Kenan \u00d6zerProje Orta\u011f\u0131 Kurum:&nbsp;Atlas DergisiProje Durumu:&nbsp;Ba\u015fta Y\u00f6r\u00fckler olmak \u00fczere Anadolu halk\u0131n\u0131n halen anlatageldi\u011fi&#8230;<\/p>\n","protected":false},"author":1,"featured_media":0,"parent":0,"menu_order":0,"comment_status":"closed","ping_status":"closed","template":"template-fullwidth.php","meta":{"footnotes":""},"_links":{"self":[{"href":"https:\/\/www.bugday.org\/blog\/wp-json\/wp\/v2\/pages\/8888"}],"collection":[{"href":"https:\/\/www.bugday.org\/blog\/wp-json\/wp\/v2\/pages"}],"about":[{"href":"https:\/\/www.bugday.org\/blog\/wp-json\/wp\/v2\/types\/page"}],"author":[{"embeddable":true,"href":"https:\/\/www.bugday.org\/blog\/wp-json\/wp\/v2\/users\/1"}],"replies":[{"embeddable":true,"href":"https:\/\/www.bugday.org\/blog\/wp-json\/wp\/v2\/comments?post=8888"}],"version-history":[{"count":4,"href":"https:\/\/www.bugday.org\/blog\/wp-json\/wp\/v2\/pages\/8888\/revisions"}],"predecessor-version":[{"id":15045,"href":"https:\/\/www.bugday.org\/blog\/wp-json\/wp\/v2\/pages\/8888\/revisions\/15045"}],"wp:attachment":[{"href":"https:\/\/www.bugday.org\/blog\/wp-json\/wp\/v2\/media?parent=8888"}],"curies":[{"name":"wp","href":"https:\/\/api.w.org\/{rel}","templated":true}]}}