{"id":8442,"date":"2020-07-06T08:04:48","date_gmt":"2020-07-06T05:04:48","guid":{"rendered":"http:\/\/www.bugday.org\/blog\/?page_id=8442"},"modified":"2022-07-01T22:19:10","modified_gmt":"2022-07-01T19:19:10","slug":"organik-urunlerle-konvansiyonel-urunlerin-fiyat-farki-nereden-kaynaklaniyor","status":"publish","type":"page","link":"https:\/\/www.bugday.org\/blog\/sikca-sorulan-sorular\/organik-urunlerle-konvansiyonel-urunlerin-fiyat-farki-nereden-kaynaklaniyor\/","title":{"rendered":"Organik \u00fcr\u00fcnlerle konvansiyonel \u00fcr\u00fcnlerin fiyat fark\u0131 nereden kaynaklan\u0131yor?"},"content":{"rendered":"\r\n<div class=\"boldgrid-section\">\r\n<div class=\"container\">\r\n<div class=\"row\">\r\n<div class=\"col-md-12 col-xs-12 col-sm-12\">\r\n<p class=\"\">G\u0131dada ve sa\u011fl\u0131kta, kalite ve g\u00fcvence fiyattan daha \u00f6nemlidir. Sa\u011fl\u0131kl\u0131 g\u0131daya verilen bedel, koruyucu bir \u00f6nlem olarak, hastal\u0131ktan, hastane ve ila\u00e7 masraflar\u0131ndan da uzak tutar. Bununla birlikte pahal\u0131l\u0131k g\u00f6receli bir kavram. Konvansiyonel \u00fcr\u00fcnlerle kar\u015f\u0131la\u015ft\u0131rma, birim maliyetler \u00fczerinden yap\u0131ld\u0131\u011f\u0131nda ve s\u00fcr\u00fcm de dikkate al\u0131nd\u0131\u011f\u0131nda \u00e7o\u011fu \u00fcr\u00fcnde organik \u00fcr\u00fcn daha adil olabiliyor. Yani konvansiyonel bir \u00fcr\u00fcn\u00fcn market sat\u0131\u015f fiyat\u0131yla, \u00fcretim maliyetleri aras\u0131ndaki fark, organik bir \u00fcr\u00fcn\u00fcn sat\u0131\u015f fiyat\u0131yla \u00fcretim maliyetleri aras\u0131ndaki farktan daha y\u00fcksek olabiliyor.<\/p>\r\n<p class=\"\">Yo\u011fun emek g\u00fcc\u00fcne dayal\u0131 olan organik tar\u0131mda yabani otlara kar\u015f\u0131 pestisitler yerine daha fazla i\u015f g\u00fcc\u00fcne ba\u015fvurulmas\u0131, organik girdilerin (tohum, tuzaklar, organik m\u00fccadele ila\u00e7lar\u0131, organik g\u00fcbreler, organik yem vb.) pahal\u0131l\u0131\u011f\u0131, kontrol, sertifikasyon ve analiz bedellerinin maliyeti etkilemesi, ge\u00e7i\u015f s\u00fcrecinde profesyonel destek ve dan\u0131\u015fmanl\u0131k yoksunlu\u011fundan kaynakl\u0131 verim kay\u0131plar\u0131n\u0131n ya\u015fanmas\u0131, katma de\u011ferli \u00fcr\u00fcnler (sal\u00e7a, un, bisk\u00fcvi, kuru meyveler, peynir vb.) i\u00e7in hem \u00fcr\u00fcn\u00fcn \u00fcretiminde hem de i\u015flenmesi s\u0131ras\u0131nda \u00e7ifte kontrol, analiz ve sertifikasyon maliyetlerinin olmas\u0131 ve organik \u00fcr\u00fcnlere talebin az olu\u015fu, pazar a\u011f\u0131n\u0131n\/pazarlama alternatiflerinin darl\u0131\u011f\u0131 gibi nedenler maliyetlere yans\u0131yarak fiyat fark\u0131n\u0131n olu\u015fmas\u0131na sebep olabiliyor.<\/p>\r\n<p class=\"\">G\u0131das\u0131n\u0131n sorumlulu\u011funu alan \u201ct\u00fcreticiler\u201d olarak, zehirsiz \u00fcreten \u00e7ift\u00e7iler ile ba\u011f kurup ya\u015fad\u0131klar\u0131 zorluklar\u0131 \u00f6\u011frenerek,&nbsp;<strong><a href=\"https:\/\/www.change.org\/p\/t%C3%BCm-canl%C4%B1lar-i%C3%A7in-zehirsiz-sofralar-tar%C4%B1m-zehirleri-yasaklans%C4%B1n-zehirsizsofralar-d%C3%BCnya%C3%A7ift%C3%A7ilerg%C3%BCn%C3%BC-tctarim\" target=\"_blank\" rel=\"noopener noreferrer\"> Zehirsiz Kampanya <\/a><\/strong>\u2019ya ve bunun i\u00e7in \u00e7al\u0131\u015fan sivil toplum kurulu\u015flar\u0131na destek olarak, do\u011fa dostu ve ekolojik \u00fcretimin yayg\u0131nla\u015fmas\u0131 ve tar\u0131m zehirlerinin yasaklanmas\u0131 i\u00e7in karar al\u0131c\u0131lardan talepte bulunabiliriz.&nbsp;<\/p>\r\n<p class=\"\">Organik \u00fcr\u00fcn maliyetleri ve fiyat fark\u0131 hakk\u0131nda daha fazla bilgi i\u00e7in: <a href=\"http:\/\/ekolojikpazarlar.org\/?page_id=3384\" target=\"_blank\" rel=\"noopener noreferrer\">ekolojikpazarlar.org<\/a><\/p>\r\n<\/div>\r\n<\/div>\r\n<\/div>\r\n<\/div>\r\n\r\n\r\n\r\n\r\n\r\n\r\n","protected":false},"excerpt":{"rendered":"<p>G\u0131dada ve sa\u011fl\u0131kta, kalite ve g\u00fcvence fiyattan daha \u00f6nemlidir. Sa\u011fl\u0131kl\u0131 g\u0131daya verilen bedel, koruyucu bir \u00f6nlem olarak, hastal\u0131ktan, hastane ve ila\u00e7 masraflar\u0131ndan da uzak tutar. Bununla birlikte pahal\u0131l\u0131k g\u00f6receli bir kavram. Konvansiyonel \u00fcr\u00fcnlerle kar\u015f\u0131la\u015ft\u0131rma, birim&#8230;<\/p>\n","protected":false},"author":1,"featured_media":285809,"parent":8417,"menu_order":0,"comment_status":"closed","ping_status":"closed","template":"","meta":{"footnotes":""},"_links":{"self":[{"href":"https:\/\/www.bugday.org\/blog\/wp-json\/wp\/v2\/pages\/8442"}],"collection":[{"href":"https:\/\/www.bugday.org\/blog\/wp-json\/wp\/v2\/pages"}],"about":[{"href":"https:\/\/www.bugday.org\/blog\/wp-json\/wp\/v2\/types\/page"}],"author":[{"embeddable":true,"href":"https:\/\/www.bugday.org\/blog\/wp-json\/wp\/v2\/users\/1"}],"replies":[{"embeddable":true,"href":"https:\/\/www.bugday.org\/blog\/wp-json\/wp\/v2\/comments?post=8442"}],"version-history":[{"count":5,"href":"https:\/\/www.bugday.org\/blog\/wp-json\/wp\/v2\/pages\/8442\/revisions"}],"predecessor-version":[{"id":285826,"href":"https:\/\/www.bugday.org\/blog\/wp-json\/wp\/v2\/pages\/8442\/revisions\/285826"}],"up":[{"embeddable":true,"href":"https:\/\/www.bugday.org\/blog\/wp-json\/wp\/v2\/pages\/8417"}],"wp:featuredmedia":[{"embeddable":true,"href":"https:\/\/www.bugday.org\/blog\/wp-json\/wp\/v2\/media\/285809"}],"wp:attachment":[{"href":"https:\/\/www.bugday.org\/blog\/wp-json\/wp\/v2\/media?parent=8442"}],"curies":[{"name":"wp","href":"https:\/\/api.w.org\/{rel}","templated":true}]}}