{"id":10204,"date":"2020-11-08T09:15:17","date_gmt":"2020-11-08T06:15:17","guid":{"rendered":"http:\/\/www.bugday.org\/blog\/?page_id=10204"},"modified":"2025-03-17T06:44:30","modified_gmt":"2025-03-17T03:44:30","slug":"yayinlar","status":"publish","type":"page","link":"https:\/\/www.bugday.org\/blog\/yayinlar\/","title":{"rendered":"Kitap ve Bro\u015f\u00fcrler"},"content":{"rendered":"<div class=\"boldgrid-section\">\r\n<div class=\"container\">\r\n<div class=\"row\" style=\"padding-top: 25px; padding-bottom: 25px;\">\r\n<div class=\"col-lg-12 col-md-12 col-xs-12 col-sm-12\">\r\n<p class=\"\" dir=\"ltr\"><a href=\"https:\/\/www.bugday.org\/blog\/wp-content\/uploads\/2025\/02\/MedCaravan-Agroekoloji-Bilgisi-Derleme-Rehberi.pdf\"><strong>MedCaravan &#8211; Agroekoloji Bilgisi Derleme Rehberi<\/strong><\/a>&nbsp;<\/p>\r\n<p class=\"\" dir=\"ltr\">Bu rehber, agroekoloji bilgisinin sa\u011fl\u0131kl\u0131 bir \u015fekilde derlenip kay\u0131t alt\u0131na al\u0131nmas\u0131 ile ilgili kapsaml\u0131 bir yol haritas\u0131 sunuyor. MedCaravan projesi kapsam\u0131nda haz\u0131rlanan bu kitap\u00e7\u0131k, yerel ve k\u0131rsal agroekolojik bilgi ve uygulamalar\u0131n belgelenmesine y\u00f6nelik bir metodoloji ortaya koyan bir rehber.&nbsp; Geleneksel bilginin korunmas\u0131 ve s\u00fcrd\u00fcr\u00fclebilir tar\u0131m uygulamalar\u0131n\u0131n yayg\u0131nla\u015ft\u0131r\u0131lmas\u0131 amac\u0131yla haz\u0131rlanm\u0131\u015f, agroekoloji alan\u0131nda bilgi toplayan, aktaran ve payla\u015fan herkes i\u00e7in \u00f6nemli bir ba\u015fvuru kayna\u011f\u0131 olan kitap\u00e7\u0131\u011fa&nbsp;<a href=\"https:\/\/www.bugday.org\/blog\/wp-content\/uploads\/2025\/02\/MedCaravan-Agroekoloji-Bilgisi-Derleme-Rehberi.pdf\" target=\"_blank\" rel=\"noopener\" data-saferedirecturl=\"https:\/\/www.google.com\/url?q=https:\/\/www.bugday.org\/blog\/wp-content\/uploads\/2025\/02\/MedCaravan-Agroekoloji-Bilgisi-Derleme-Rehberi.pdf&amp;source=gmail&amp;ust=1740807345307000&amp;usg=AOvVaw2gT5JjIlJF_LimiToFvgaw\">buradan<\/a>&nbsp;ula\u015fab<a href=\"https:\/\/www.bugday.org\/blog\/wp-content\/uploads\/2025\/02\/MedCaravan-Herkes-icin-Agroekoloji-Mufredati.pdf\">ilirsiniz.<\/a><\/p>\r\n<\/div>\r\n<\/div>\r\n<div class=\"row\" style=\"padding-top: 25px; padding-bottom: 25px;\">\r\n<div class=\"col-lg-12 col-md-12 col-xs-12 col-sm-12\">\r\n<p class=\"\" dir=\"ltr\"><a href=\"https:\/\/www.bugday.org\/blog\/wp-content\/uploads\/2025\/02\/MedCaravan-Herkes-icin-Agroekoloji-Mufredati.pdf\"><strong>MedCaravan \u2013 Herkes \u0130\u00e7in Agroekoloji M\u00fcfredat\u0131<\/strong><\/a><\/p>\r\n<p class=\"\" dir=\"ltr\">Akdeniz Agroekoloji Kervan\u0131 &#8211; MedCaravan projesinin \u00fc\u00e7 y\u0131ll\u0131k \u00f6\u011frenme ve payla\u015f\u0131m deneyimi sonucunda haz\u0131rlanan m\u00fcfredat, yenilik\u00e7i agroekoloji yakla\u015f\u0131mlar\u0131n\u0131 yayg\u0131nla\u015ft\u0131rmak i\u00e7in bir \u00f6\u011fretim arac\u0131 olarak kullan\u0131lmak \u00fczere tasarland\u0131. Proje ortaklar\u0131n\u0131n Akdeniz b\u00f6lgesindeki agroekolojik \u00f6\u011frenme ve payla\u015f\u0131m deneyimlerinden yola \u00e7\u0131karak olu\u015fturulan m\u00fcfredat, s\u00fcrd\u00fcr\u00fclebilir tar\u0131m\u0131n sosyal, ekolojik ve ekonomik boyutlar\u0131n\u0131 kapsayan yenilik\u00e7i bir \u00f6\u011frenim arac\u0131. Farkl\u0131 e\u011fitim seviyelerine uyarlanabilen; \u00e7ift\u00e7ilerden t\u00fcketicilere, ara\u015ft\u0131rmac\u0131lardan aktivistlere kadar geni\u015f bir kitleye hitap eden kitap\u00e7\u0131\u011f\u0131&nbsp;<a href=\"https:\/\/www.bugday.org\/blog\/wp-content\/uploads\/2025\/02\/MedCaravan-Herkes-icin-Agroekoloji-Mufredati.pdf\" target=\"_blank\" rel=\"noopener\" data-saferedirecturl=\"https:\/\/www.google.com\/url?q=https:\/\/www.bugday.org\/blog\/wp-content\/uploads\/2025\/02\/MedCaravan-Herkes-icin-Agroekoloji-Mufredati.pdf&amp;source=gmail&amp;ust=1740807345307000&amp;usg=AOvVaw0oaRImSDzNbrod-Emc5K4_\">buradan<\/a>&nbsp;okuyabilirsiniz.<\/p>\r\n<\/div>\r\n<\/div>\r\n<div class=\"row\" style=\"padding-top: 25px; padding-bottom: 25px;\">\r\n<div class=\"col-lg-12 col-md-12 col-xs-12 col-sm-12\">\r\n<p class=\"\" dir=\"ltr\"><a href=\"https:\/\/www.bugday.org\/blog\/wp-content\/uploads\/2025\/02\/MedCaravan-Akdeniz-Agroekolojisinde-Ogrenme.pdf\"><strong>MedCaravan \u2013 Akdeniz Agroekolojisinde \u00d6\u011frenme<\/strong><\/a><\/p>\r\n<p class=\"\" dir=\"ltr\">Akdeniz Agroekolojisinde \u00d6\u011frenme kitap\u00e7\u0131\u011f\u0131, Herkes i\u00e7in Agroekoloji M\u00fcfredat\u0131 i\u00e7in destekleyici bir ara\u00e7 olarak tasarland\u0131 ve proje ortaklar\u0131n\u0131n yerel bilgi ve deneyimlerini temel alarak, kat\u0131l\u0131mc\u0131 bir \u00f6\u011frenme modeli sunuyor. MedCaravan projesi kapsam\u0131nda ger\u00e7ekle\u015ftirilen uluslararas\u0131 agroekoloji e\u011fitiminden yola \u00e7\u0131k\u0131larak haz\u0131rlanan, e\u011fitmenlere ve \u00f6\u011frencilere rehberlik edecek teorik ve pratik ara\u00e7lar sa\u011flayan kitap\u00e7\u0131\u011fa&nbsp;<a href=\"https:\/\/www.bugday.org\/blog\/wp-content\/uploads\/2025\/02\/MedCaravan-Akdeniz-Agroekolojisinde-Ogrenme.pdf\" target=\"_blank\" rel=\"noopener\" data-saferedirecturl=\"https:\/\/www.google.com\/url?q=https:\/\/www.bugday.org\/blog\/wp-content\/uploads\/2025\/02\/MedCaravan-Akdeniz-Agroekolojisinde-Ogrenme.pdf&amp;source=gmail&amp;ust=1740807345307000&amp;usg=AOvVaw1nOqTIuIybUKspG3SqUVqZ\">buradan<\/a>&nbsp;ula\u015fabilirsiniz.<\/p>\r\n<\/div>\r\n<\/div>\r\n<\/div>\r\n<\/div>\r\n<div class=\"boldgrid-section\">\r\n<div class=\"container\">\r\n<div class=\"row\" style=\"padding-top: 25px; padding-bottom: 25px;\">\r\n<div class=\"col-lg-12 col-md-12 col-xs-12 col-sm-12\">\r\n<div>\r\n<p class=\"\" dir=\"ltr\"><a href=\"https:\/\/www.bugday.org\/blog\/wp-content\/uploads\/2025\/02\/MedCaravan-Sozluk.pdf\"><strong>Akdeniz Agroekoloji Kervan\u0131 S\u00f6zl\u00fck<\/strong><\/a><\/p>\r\n<span id=\"m_4442266407322202714gmail-docs-internal-guid-14aed1be-7fff-1ce1-52df-424d48764dad\" class=\"\">Akdeniz Agroekoloji Kervan\u0131 &#8211; MedCaravan s\u00f6zl\u00fc\u011f\u00fc, Agroekoloji Bilgisi Derleme Rehberi ve Akdeniz Agroekolojisinde \u00d6\u011frenme e\u011fitim program\u0131nda kullan\u0131lan anahtar kelimeleri alfabetik s\u0131rayla tan\u0131ml\u0131yor. Sadece agroekoloji i\u00e7in de\u011fil, ekolojik ya\u015fam i\u00e7in de rehber olacak kelimeleri \u00f6\u011frenebilece\u011finiz s\u00f6zl\u00fc\u011fe&nbsp;<a href=\"https:\/\/www.bugday.org\/blog\/wp-content\/uploads\/2025\/02\/MedCaravan-Sozluk.pdf\" target=\"_blank\" rel=\"noopener\" data-saferedirecturl=\"https:\/\/www.google.com\/url?q=https:\/\/www.bugday.org\/blog\/wp-content\/uploads\/2025\/02\/MedCaravan-Sozluk.pdf&amp;source=gmail&amp;ust=1740807345307000&amp;usg=AOvVaw0hGGP0ds1kWWR7N-zQSG6U\">buradan<\/a>&nbsp;ula\u015fabilirsiniz.<\/span><\/div>\r\n<\/div>\r\n<\/div>\r\n<\/div>\r\n<\/div>\r\n<div class=\"boldgrid-section\">\r\n<div class=\"container\"><\/div>\r\n<\/div>\r\n<div class=\"boldgrid-section\">\r\n<div class=\"container\"><\/div>\r\n<\/div>\r\n\r\n<div class=\"wp-block-media-text alignwide\" style=\"grid-template-columns: 29% auto;\">\r\n<figure class=\"wp-block-media-text__media\">\r\n<p class=\"mod-reset\"><a href=\"https:\/\/www.bugday.org\/blog\/wp-content\/uploads\/2024\/09\/Yesil-Ufuklara-Yolculuk.png\"><img loading=\"lazy\" decoding=\"async\" class=\"alignnone wp-image-298508 size-medium\" src=\"https:\/\/www.bugday.org\/blog\/wp-content\/uploads\/2024\/09\/Yesil-Ufuklara-Yolculuk-224x300.png\" alt=\"\" width=\"224\" height=\"300\" srcset=\"https:\/\/www.bugday.org\/blog\/wp-content\/uploads\/2024\/09\/Yesil-Ufuklara-Yolculuk-224x300.png 224w, https:\/\/www.bugday.org\/blog\/wp-content\/uploads\/2024\/09\/Yesil-Ufuklara-Yolculuk.png 664w\" sizes=\"(max-width: 224px) 100vw, 224px\" \/><\/a><\/p>\r\n<\/figure>\r\n<div class=\"wp-block-media-text__content\">\r\n<p class=\"has-medium-font-size\"><a href=\"https:\/\/www.bugday.org\/blog\/wp-content\/uploads\/2024\/09\/Yesill-Ufuklara-Yolculuk.pdf\" target=\"_blank\" rel=\"noopener\">Ye\u015fil Ufuklara Yolculuk<\/a><\/p>\r\n\r\n\r\n\r\n<p class=\"\">&nbsp;<\/p>\r\n\r\n\r\n\r\n<p class=\"\"><br>Ye\u015fil Ufuklara Yolculuk, AB Erasmus+ program\u0131 kapsam\u0131nda uygulanan Gen\u00e7ler \u0130\u00e7in Agroekoloji E\u011fitimi Projesi&#8217;nde, alt\u0131 farkl\u0131 \u00fclkeden (T\u00fcrkiye, \u00c7ekya, \u0130talya, Fransa, S\u0131rbistan,&nbsp;Yunanistan) 100 e\u011fitmen, \u00f6\u011frenci ve \u00e7izerin ortak \u00e7al\u0131\u015fmas\u0131yla olu\u015fturulan yarat\u0131c\u0131 ve e\u011flenceli bir&nbsp;\u00e7izgi&nbsp;roman. Agroekoloji ve s\u00fcrd\u00fcr\u00fclebilir tar\u0131m\u0131n temellerini, macera dolu anlat\u0131larla sunan \u00e7izgi roman, yarat\u0131c\u0131 anlat\u0131m\u0131 ve g\u00f6rsel zenginli\u011fi ile alternatif bir e\u011fitim materyali olarak agroekolojiyi anlamalar\u0131 i\u00e7in gen\u00e7lerimize benzersiz bir pencere sunuyor. Agroekolojinin topra\u011f\u0131n derinliklerinden sofram\u0131za ula\u015fan hik\u00e2yesini ke\u015ffederken, gen\u00e7 nesillerimize ilham veriyor ve onlar\u0131n gelece\u011fin ye\u015fil el\u00e7ileri olmas\u0131n\u0131&nbsp;umuyoruz.<\/p>\r\n\r\n\r\n\r\n<p class=\"\"><a href=\"https:\/\/www.bugday.org\/blog\/wp-content\/uploads\/2024\/09\/Yesill-Ufuklara-Yolculuk.pdf\" target=\"_blank\" rel=\"noopener\">Buradan<\/a> okuyabilirsiniz.<\/p>\r\n<\/div>\r\n<\/div>\r\n\r\n\r\n\r\n<div style=\"height: 100px;\" aria-hidden=\"true\" class=\"wp-block-spacer\"><\/div>\r\n\r\n\r\n\r\n<div class=\"wp-block-media-text alignwide\" style=\"grid-template-columns: 29% auto;\">\r\n<figure class=\"wp-block-media-text__media\">\r\n<p class=\"mod-reset\"><a href=\"https:\/\/www.bugday.org\/blog\/wp-content\/uploads\/2024\/12\/zs_brosur.pdf\" target=\"_blank\" rel=\"noopener\"><img loading=\"lazy\" decoding=\"async\" class=\"alignnone wp-image-298508 size-medium\" src=\"https:\/\/www.bugday.org\/blog\/wp-content\/uploads\/2024\/12\/kapak_zs.jpg\" alt=\"\" width=\"224\" height=\"300\"><\/a><\/p>\r\n<\/figure>\r\n<div class=\"wp-block-media-text__content\">\r\n<p class=\"has-medium-font-size\"><a href=\"https:\/\/www.bugday.org\/blog\/wp-content\/uploads\/2024\/12\/zs_brosur.pdf\" target=\"_blank\" rel=\"noopener\">Zehirsiz Sofralar M\u00fcmk\u00fcn Bro\u015f\u00fcr\u00fc<\/a><\/p>\r\n\r\n\r\n\r\n<p class=\"\">&nbsp;<\/p>\r\n\r\n\r\n\r\n<p class=\"\"><br>Pestisit (tar\u0131m zehiri) kullanmadan da \u00fcretim yapmak m\u00fcmk\u00fcn. Zehirsiz Sofralar M\u00fcmk\u00fcn bro\u015f\u00fcr\u00fc zehirsiz ve sa\u011fl\u0131kl\u0131 g\u0131daya ula\u015fman\u0131n yollar\u0131n\u0131 anlat\u0131yor. Do\u011fa dostu al\u0131\u015fveri\u015f tercihleri, agroekolojik y\u00f6ntemlerle \u00fcretim yapan \u00fcreticiler, g\u0131da topluluklar\u0131, ekolojik pazarlar ve mevsimsel beslenme gibi temiz g\u0131daya ula\u015fmak i\u00e7in yapabileceklerimizi <a href=\"https:\/\/www.bugday.org\/blog\/wp-content\/uploads\/2024\/12\/zs_brosur.pdf\" target=\"_blank\" rel=\"noopener\">bu bro\u015f\u00fcrde<\/a> bulabilirsiniz.<\/p>\r\n<\/div>\r\n<\/div>\r\n\r\n\r\n\r\n<div style=\"height: 100px;\" aria-hidden=\"true\" class=\"wp-block-spacer\"><\/div>\r\n\r\n\r\n\r\n<div class=\"wp-block-media-text alignwide\" style=\"grid-template-columns: 29% auto;\">\r\n<figure class=\"wp-block-media-text__media\">\r\n<p class=\"mod-reset\"><a href=\"https:\/\/www.bugday.org\/blog\/wp-content\/uploads\/2021\/04\/AtalikTohumlar.pdf\"><img loading=\"lazy\" decoding=\"async\" class=\"alignnone wp-image-124775\" src=\"https:\/\/www.bugday.org\/blog\/wp-content\/uploads\/2021\/04\/AtalikTohum_web-01-240x300.png\" alt=\"\" width=\"500\" height=\"625\" srcset=\"https:\/\/www.bugday.org\/blog\/wp-content\/uploads\/2021\/04\/AtalikTohum_web-01-240x300.png 240w, https:\/\/www.bugday.org\/blog\/wp-content\/uploads\/2021\/04\/AtalikTohum_web-01-768x960.png 768w, https:\/\/www.bugday.org\/blog\/wp-content\/uploads\/2021\/04\/AtalikTohum_web-01-819x1024.png 819w, https:\/\/www.bugday.org\/blog\/wp-content\/uploads\/2021\/04\/AtalikTohum_web-01.png 1260w\" sizes=\"(max-width: 500px) 100vw, 500px\" \/><\/a><\/p>\r\n<\/figure>\r\n<div class=\"wp-block-media-text__content\">\r\n<p class=\"has-medium-font-size\"><a href=\"https:\/\/www.bugday.org\/blog\/wp-content\/uploads\/2021\/04\/AtalikTohumlar.pdf\">Atal\u0131k Tohumlar \u0130\u00e7in Yeti\u015ftirici Rehberi<\/a><\/p>\r\n\r\n\r\n\r\n<p class=\"\">&nbsp;<\/p>\r\n\r\n\r\n\r\n<p class=\"\"><br>Bu rehber i\u00e7inde sunulan bilgiler, kendi tohumlar\u0131n\u0131 \u00fcretmek, tohum konusunda kendine yeterli bir d\u00fczen kurmak ve okullarda e\u011fitim programlar\u0131 i\u00e7inde tohum konusunu i\u015flemek isteyen herkesin kullanabilece\u011fi \u015fekilde haz\u0131rland\u0131.<\/p>\r\n\r\n\r\n\r\n<p class=\"\"><a href=\"https:\/\/www.bugday.org\/blog\/wp-content\/uploads\/2021\/04\/AtalikTohumlar.pdf\">Buradan<\/a> okuyabilirsiniz.<\/p>\r\n<\/div>\r\n<\/div>\r\n\r\n\r\n\r\n<div style=\"height: 100px;\" aria-hidden=\"true\" class=\"wp-block-spacer\"><\/div>\r\n\r\n\r\n\r\n<div class=\"wp-block-media-text alignwide\" style=\"grid-template-columns: 29% auto;\">\r\n<figure class=\"wp-block-media-text__media\">\r\n<p class=\"mod-reset\"><a href=\"https:\/\/www.bugday.org\/blog\/wp-content\/uploads\/2021\/03\/turetici_rehberi.pdf\"><img loading=\"lazy\" decoding=\"async\" class=\"alignnone wp-image-124744\" src=\"https:\/\/www.bugday.org\/blog\/wp-content\/uploads\/2021\/04\/TuketiciRehberi_web-001-240x300.png\" alt=\"\" width=\"500\" height=\"625\" srcset=\"https:\/\/www.bugday.org\/blog\/wp-content\/uploads\/2021\/04\/TuketiciRehberi_web-001-240x300.png 240w, https:\/\/www.bugday.org\/blog\/wp-content\/uploads\/2021\/04\/TuketiciRehberi_web-001-768x960.png 768w, https:\/\/www.bugday.org\/blog\/wp-content\/uploads\/2021\/04\/TuketiciRehberi_web-001-819x1024.png 819w, https:\/\/www.bugday.org\/blog\/wp-content\/uploads\/2021\/04\/TuketiciRehberi_web-001.png 1260w\" sizes=\"(max-width: 500px) 100vw, 500px\" \/><\/a><\/p>\r\n<\/figure>\r\n<div class=\"wp-block-media-text__content\">\r\n<p class=\"has-medium-font-size\"><a href=\"https:\/\/www.bugday.org\/blog\/wp-content\/uploads\/2021\/03\/turetici_rehberi.pdf\">T\u00fcreticin El Rehberi<\/a><\/p>\r\n\r\n\r\n\r\n<p class=\"\">&nbsp;<\/p>\r\n\r\n\r\n\r\n<p class=\"\">T\u00fcreticinin El Rehberi, Bu\u011fday Ekolojik Ya\u015fam\u0131 Destekleme Derne\u011fi D\u00f6n\u00fc\u015f\u00fcm Kitapl\u0131\u011f\u0131\u2019n\u0131n 3. kitab\u0131. 137 sayfal\u0131k bu el kitab\u0131 ger\u00e7ek g\u0131daya, zehirsiz temizlik \u00fcr\u00fcnlerine, sa\u011fl\u0131kl\u0131 bir ya\u015fama ula\u015f\u0131rken, ayn\u0131 zamanda do\u011fada b\u0131rakt\u0131\u011f\u0131m\u0131z derin ayak izlerimizi azaltmak i\u00e7in yol g\u00f6sterici bilgiler i\u00e7eriyor. \u0130lk ad\u0131m\u0131 sorular sorarak atabiliriz. Sorular\u0131m\u0131za buldu\u011fumuz yan\u0131tlar, tercihlerimizi, tercihlerimiz de gelece\u011fimizi belirliyor.<\/p>\r\n\r\n\r\n\r\n<p class=\"\"><a href=\"https:\/\/www.bugday.org\/blog\/wp-content\/uploads\/2021\/03\/turetici_rehberi.pdf\">Buradan<\/a>&nbsp;okuyabilirsiniz.<\/p>\r\n<\/div>\r\n<\/div>\r\n\r\n\r\n\r\n<div style=\"height: 100px;\" aria-hidden=\"true\" class=\"wp-block-spacer\"><\/div>\r\n\r\n\r\n\r\n<div class=\"wp-block-media-text alignwide\" style=\"grid-template-columns: 29% auto;\">\r\n<figure class=\"wp-block-media-text__media\">\r\n<p class=\"mod-reset\"><a href=\"https:\/\/www.bugday.org\/blog\/wp-content\/uploads\/2021\/04\/DogaDostuKentBahceciligi.pdf\"><img loading=\"lazy\" decoding=\"async\" class=\"alignnone wp-image-124760\" src=\"https:\/\/www.bugday.org\/blog\/wp-content\/uploads\/2021\/04\/DogaDostuKentBahce_web-01-240x300.png\" alt=\"\" width=\"500\" height=\"625\" srcset=\"https:\/\/www.bugday.org\/blog\/wp-content\/uploads\/2021\/04\/DogaDostuKentBahce_web-01-240x300.png 240w, https:\/\/www.bugday.org\/blog\/wp-content\/uploads\/2021\/04\/DogaDostuKentBahce_web-01-768x960.png 768w, https:\/\/www.bugday.org\/blog\/wp-content\/uploads\/2021\/04\/DogaDostuKentBahce_web-01-819x1024.png 819w, https:\/\/www.bugday.org\/blog\/wp-content\/uploads\/2021\/04\/DogaDostuKentBahce_web-01.png 1260w\" sizes=\"(max-width: 500px) 100vw, 500px\" \/><\/a><\/p>\r\n<\/figure>\r\n<div class=\"wp-block-media-text__content\">\r\n<p class=\"has-medium-font-size\"><a href=\"https:\/\/www.bugday.org\/blog\/wp-content\/uploads\/2021\/04\/DogaDostuKentBahceciligi.pdf\">Do\u011fa Dostu Kent Bah\u00e7ecili\u011fi<\/a><\/p>\r\n\r\n\r\n\r\n<p class=\"\">&nbsp;<\/p>\r\n\r\n\r\n\r\n<p class=\"\">En temel ihtiyac\u0131m\u0131z olan g\u0131dan\u0131n kayna\u011f\u0131ndan uzakla\u015f\u0131yor; yediklerimizin nas\u0131l, ne \u015fartlarda, ne kadar \u00fcretilece\u011finin karar\u0131n\u0131 ba\u015fkalar\u0131na b\u0131rak\u0131yoruz. Oysa sorumlulu\u011fu elimize almak ve \u00fcretim s\u00fcrecine bir yerinden dahil olmak hi\u00e7 de zor de\u011fil. Bu\u011fday Derne\u011fi olarak, bunun ne kadar kolay oldu\u011funu g\u00f6sterece\u011fimiz imece bah\u00e7elerini hep beraber kurmaya, kentlerde ekolojik d\u00f6n\u00fc\u015f\u00fcm tohumlar\u0131n\u0131 sa\u00e7maya niyet ettik ve gelecek nesilleri \u00f6nemsedi\u011fimiz i\u00e7in i\u015fe kamp\u00fcslerden ba\u015flad\u0131k.<\/p>\r\n\r\n\r\n\r\n<p class=\"\"><a href=\"https:\/\/www.bugday.org\/blog\/wp-content\/uploads\/2021\/04\/DogaDostuKentBahceciligi.pdf\">Buradan<\/a> okuyabilirsiniz.<\/p>\r\n<\/div>\r\n<\/div>\r\n\r\n\r\n\r\n<div style=\"height: 100px;\" aria-hidden=\"true\" class=\"wp-block-spacer\"><\/div>\r\n\r\n\r\n\r\n<div class=\"wp-block-media-text alignwide\" style=\"grid-template-columns: 29% auto;\">\r\n<figure class=\"wp-block-media-text__media\">\r\n<p class=\"mod-reset\"><a href=\"https:\/\/www.bugday.org\/blog\/wp-content\/uploads\/2021\/04\/KompostRehber_web.pdf\"><img loading=\"lazy\" decoding=\"async\" class=\"alignnone wp-image-124735\" src=\"https:\/\/www.bugday.org\/blog\/wp-content\/uploads\/2021\/04\/KompostRehber_web-01-240x300.png\" alt=\"\" width=\"500\" height=\"625\" srcset=\"https:\/\/www.bugday.org\/blog\/wp-content\/uploads\/2021\/04\/KompostRehber_web-01-240x300.png 240w, https:\/\/www.bugday.org\/blog\/wp-content\/uploads\/2021\/04\/KompostRehber_web-01-768x960.png 768w, https:\/\/www.bugday.org\/blog\/wp-content\/uploads\/2021\/04\/KompostRehber_web-01-819x1024.png 819w, https:\/\/www.bugday.org\/blog\/wp-content\/uploads\/2021\/04\/KompostRehber_web-01.png 1260w\" sizes=\"(max-width: 500px) 100vw, 500px\" \/><\/a><\/p>\r\n<\/figure>\r\n<div class=\"wp-block-media-text__content\">\r\n<p class=\"has-medium-font-size\"><a href=\"https:\/\/www.bugday.org\/blog\/wp-content\/uploads\/2021\/04\/KompostRehber_web.pdf\">Sa\u011fl\u0131kl\u0131 Toprak ve Sa\u011fl\u0131kl\u0131 Bitkiler \u0130\u00e7in Kompost Rehberi<\/a>&nbsp;<\/p>\r\n\r\n\r\n\r\n<p class=\"\">&nbsp;<\/p>\r\n\r\n\r\n\r\n<p class=\"\">Kitap\u00e7\u0131\u011f\u0131n amac\u0131, T\u00fcrkiye \u00c7\u00f6p\u00fcn\u00fc D\u00f6n\u00fc\u015ft\u00fcr\u00fcyor proje \u00e7\u0131kt\u0131lar\u0131n\u0131n m\u00fcmk\u00fcn oldu\u011fu kadar fazla say\u0131da insana ula\u015ft\u0131rman\u0131n yan\u0131 s\u0131ra, herkesin evinde, bah\u00e7esinde uygulayabilece\u011fi pratik kompost y\u00f6ntemlerini de okuyuculara m\u00fcmk\u00fcn oldu\u011funca detayl\u0131 bi\u00e7imde vermektir.<\/p>\r\n\r\n\r\n\r\n<p class=\"\"><a href=\"https:\/\/www.bugday.org\/blog\/wp-content\/uploads\/2021\/04\/KompostRehber_web.pdf\">Buradan<\/a>&nbsp;okuyabilirsiniz.<\/p>\r\n\r\n\r\n\r\n<p class=\"\">&nbsp;<\/p>\r\n<\/div>\r\n<\/div>\r\n\r\n\r\n\r\n<div style=\"height: 100px;\" aria-hidden=\"true\" class=\"wp-block-spacer\"><\/div>\r\n\r\n\r\n\r\n<div class=\"wp-block-media-text alignwide\" style=\"grid-template-columns: 29% auto;\">\r\n<figure class=\"wp-block-media-text__media\">\r\n<p class=\"mod-reset\"><a href=\"https:\/\/dukkan.bugday.org\/index.php?route=product\/product&amp;product_id=27\"><img loading=\"lazy\" decoding=\"async\" width=\"500\" height=\"828\" class=\"wp-image-10246\" src=\"http:\/\/www.bugday.org\/blog\/wp-content\/uploads\/2020\/11\/yasamdonusumdur-on.jpg\" alt=\"\" srcset=\"https:\/\/www.bugday.org\/blog\/wp-content\/uploads\/2020\/11\/yasamdonusumdur-on.jpg 500w, https:\/\/www.bugday.org\/blog\/wp-content\/uploads\/2020\/11\/yasamdonusumdur-on-181x300.jpg 181w\" sizes=\"(max-width: 500px) 100vw, 500px\" \/><\/a><\/p>\r\n<\/figure>\r\n<div class=\"wp-block-media-text__content\">\r\n<p class=\"has-medium-font-size\"><a href=\"https:\/\/dukkan.bugday.org\/index.php?route=product\/product&amp;product_id=27\">Ya\u015fam D\u00f6n\u00fc\u015f\u00fcmd\u00fcr<\/a><\/p>\r\n\r\n\r\n\r\n<p class=\"\">&nbsp;<\/p>\r\n\r\n\r\n\r\n<p class=\"\"><br>Ekolojik ya\u015fam hareketinin \u00f6nc\u00fclerinden, Bu\u011fday hareketinin kurucusu Victor Ananias\u2019\u0131n ekolojik ya\u015fam anlay\u0131\u015f\u0131n\u0131 temel alarak, hemen her alanda yazd\u0131\u011f\u0131 makalelerden olu\u015fan kitab\u0131, Bu\u011fday Ekolojik Ya\u015fam\u0131 Destekleme Derne\u011fi\u2019ndeki arkada\u015flar\u0131 taraf\u0131ndan yay\u0131ma haz\u0131rland\u0131. \u0130lk bask\u0131s\u0131 7 Mart 2012\u2019de Do\u011fan Kitap taraf\u0131ndan yap\u0131lan kitapta; Ananias\u2019\u0131n kendi kaleminden ya\u015fam \u00f6yk\u00fcs\u00fc; yeni ekonomiden do\u011fa dostu ya\u015fama, an\u2019\u0131 ya\u015famaktan \u00f6l\u00fcme kadar ya\u015fam\u0131n hemen her alan\u0131nda makaleleri, el yaz\u0131s\u0131yla kaleme ald\u0131\u011f\u0131 yaz\u0131lar\u0131, \u00e7izimleri, foto\u011fraflar\u0131 ve hakk\u0131nda yaz\u0131lanlar yer al\u0131yor.<\/p>\r\n\r\n\r\n\r\n<p class=\"\"><a href=\"https:\/\/dukkan.bugday.org\/index.php?route=product\/product&amp;product_id=27\">Buradan<\/a>&nbsp;sipari\u015f verebilirsiniz.<\/p>\r\n\r\n\r\n\r\n<p class=\"\">&nbsp;<\/p>\r\n<\/div>\r\n<\/div>\r\n\r\n\r\n\r\n<div style=\"height: 100px;\" aria-hidden=\"true\" class=\"wp-block-spacer\"><\/div>\r\n\r\n\r\n\r\n<div class=\"wp-block-media-text alignwide\" style=\"grid-template-columns: 29% auto;\">\r\n<figure class=\"wp-block-media-text__media\">\r\n<p class=\"mod-reset\"><a href=\"https:\/\/dukkan.bugday.org\/index.php?route=product\/product&amp;product_id=26\"><img loading=\"lazy\" decoding=\"async\" width=\"298\" height=\"500\" class=\"wp-image-10248\" src=\"http:\/\/www.bugday.org\/blog\/wp-content\/uploads\/2020\/11\/donusumrehberi-500x500.jpg\" alt=\"\" srcset=\"https:\/\/www.bugday.org\/blog\/wp-content\/uploads\/2020\/11\/donusumrehberi-500x500.jpg 298w, https:\/\/www.bugday.org\/blog\/wp-content\/uploads\/2020\/11\/donusumrehberi-500x500-179x300.jpg 179w\" sizes=\"(max-width: 298px) 100vw, 298px\" \/><\/a><\/p>\r\n<\/figure>\r\n<div class=\"wp-block-media-text__content\">\r\n<p class=\"has-medium-font-size\"><a href=\"https:\/\/dukkan.bugday.org\/index.php?route=product\/product&amp;product_id=26\">Ekolojik D\u00f6n\u00fc\u015f\u00fcm Rehberi<\/a><\/p>\r\n\r\n\r\n\r\n<p>&nbsp;<\/p>\r\n\r\n\r\n\r\n<p class=\"\">Victor Ananias\u2019\u0131n, ya\u015fam\u0131 boyunca yapt\u0131\u011f\u0131 g\u00f6zlem ve eylemlerin bir \u00f6z\u00fcn\u00fc sunan ve \u00fc\u00e7 g\u00fcnde yo\u011funla\u015farak, tek seferde yazd\u0131\u011f\u0131 metinden olu\u015fan, <strong>Ekolojik D\u00f6n\u00fc\u015f\u00fcm Rehberi<\/strong>&nbsp;\u201cBireysel ve Sosyal Sorumluluk Ad\u0131mlar\u0131\u201d alt ba\u015fl\u0131\u011f\u0131n\u0131 ta\u015f\u0131yor. &nbsp;56 sayfa olan Ekolojik D\u00f6n\u00fc\u015f\u00fcm Rehberi 10 b\u00f6l\u00fcmden olu\u015fuyor ve her b\u00f6l\u00fcmde 10\u2019ar test c\u00fcmlesi bulunuyor. Victor Ananias, rehberinde d\u00f6n\u00fc\u015f\u00fcm \u00e7emberine giri\u015fi hali haz\u0131rdaki durumun tespitiyle tan\u0131ml\u0131yor. Rehberdeki ba\u015fl\u0131klar\u0131n se\u00e7eneklerine g\u00f6re, ya\u015fam\u0131n\u0131 d\u00f6n\u00fc\u015ft\u00fcrenlerin belli aral\u0131klarla test yaparak durumlar\u0131n\u0131 ne oranda de\u011fi\u015fime u\u011fratt\u0131klar\u0131n\u0131 \u00f6l\u00e7meleri i\u00e7in de bir y\u00f6ntem \u00f6neriyor.<\/p>\r\n\r\n\r\n\r\n<p class=\"\"><a href=\"https:\/\/dukkan.bugday.org\/index.php?route=product\/product&amp;product_id=26\">Buradan <\/a>&nbsp;sipari\u015f verebilirsiniz.<\/p>\r\n\r\n\r\n\r\n<p>&nbsp;<\/p>\r\n<\/div>\r\n<\/div>\r\n\r\n\r\n\r\n<div style=\"height: 100px;\" aria-hidden=\"true\" class=\"wp-block-spacer\"><\/div>\r\n\r\n\r\n\r\n<div class=\"wp-block-media-text alignwide\" style=\"grid-template-columns: 29% auto;\">\r\n<figure class=\"wp-block-media-text__media\">\r\n<p class=\"mod-reset\"><a href=\"https:\/\/dukkan.bugday.org\/index.php?route=product\/product&amp;path=60&amp;product_id=65\"><img decoding=\"async\" class=\"wp-image-10248\" src=\"https:\/\/www.bugday.org\/blog\/wp-content\/uploads\/2022\/07\/Arife_Tarif__Victor_Ananias.jpg\" alt=\"\"><\/a><\/p>\r\n<\/figure>\r\n<div class=\"wp-block-media-text__content\">\r\n<p class=\"has-medium-font-size\"><a href=\"https:\/\/dukkan.bugday.org\/index.php?route=product\/product&amp;path=60&amp;product_id=65\">Arife Tarif <\/a><\/p>\r\n\r\n\r\n\r\n<p>&nbsp;<\/p>\r\n\r\n\r\n\r\n<p class=\"\">Victor Ananias\u2019\u0131n an\u0131s\u0131na haz\u0131rlad\u0131\u011f\u0131m\u0131z \u201cArife Tarif\u201d kitab\u0131nda, kendi kaleminden \u00e7\u0131kan yaz\u0131larla birlikte, dostlar\u0131n\u0131n dilinden onu okuyacak, sa\u011fl\u0131kl\u0131 ve lezzetli tariflerini \u00f6\u011frenecek, bu yemekleri e\u015fsiz k\u0131lan s\u0131rr\u0131 ke\u015ffedeceksiniz.<\/p>\r\n\r\n\r\n\r\n<p class=\"\"><a href=\"https:\/\/dukkan.bugday.org\/index.php?route=product\/product&amp;path=60&amp;product_id=65\">Buradan <\/a>&nbsp;sipari\u015f verebilirsiniz.<\/p>\r\n\r\n\r\n\r\n<p>&nbsp;<\/p>\r\n<\/div>\r\n<\/div>\r\n\r\n\r\n\r\n<div style=\"height: 100px;\" aria-hidden=\"true\" class=\"wp-block-spacer\"><\/div>\r\n\r\n\r\n\r\n<div class=\"wp-block-media-text alignwide\" style=\"grid-template-columns: 29% auto;\">\r\n<figure class=\"wp-block-media-text__media\">\r\n<p class=\"mod-reset\"><a href=\"https:\/\/www.zehirsizkentler.org\/wp-content\/uploads\/2022\/05\/VatandasR_web.pdf\"><img decoding=\"async\" class=\"wp-image-10221\" src=\"https:\/\/www.zehirsizkentler.org\/wp-content\/uploads\/2022\/05\/VatandasR_web-0-819x1024.png\" alt=\"\"><\/a><\/p>\r\n<\/figure>\r\n<div class=\"wp-block-media-text__content\">\r\n<p class=\"has-medium-font-size\"><a href=\"https:\/\/www.zehirsizkentler.org\/wp-content\/uploads\/2022\/05\/VatandasR_web.pdf\">Vatanda\u015flar \u0130\u00e7in Zehirsiz Kentlere Do\u011fru Uygulamalar Rehberi<\/a><\/p>\r\n\r\n\r\n\r\n<p class=\"\">&nbsp;<\/p>\r\n\r\n\r\n\r\n<p class=\"\"><br>Zehirsiz Kentlere Do\u011fru projesi kapsam\u0131nda haz\u0131rlanan \u201cVatanda\u015flar \u0130\u00e7in Zehirsiz Kentlere Do\u011fru Uygulamalar Rehberi\u201d, pestisit (tar\u0131m zehiri) ve biyosidal \u00fcr\u00fcnler ve bunlar\u0131n zararlar\u0131 ile birlikte, evlerde ve bah\u00e7elerde zararl\u0131larla m\u00fccadele i\u00e7in uygulanabilecek alternatif y\u00f6ntem ve teknikler hakk\u0131nda vatanda\u015flara yol g\u00f6stermeyi ama\u00e7l\u0131yor. Kemirgenler, keneler, hamam b\u00f6cekleri, sinekler, pireler, kar\u0131ncalar ve otlar ile m\u00fccadelede al\u0131nmas\u0131 gereken \u00f6nlemleri anlatan Rehber\u2019de, ekolojik ve do\u011fa dostu tarifler yer al\u0131yor.<\/p>\r\n\r\n\r\n\r\n<p class=\"\"><a href=\"https:\/\/www.zehirsizkentler.org\/wp-content\/uploads\/2022\/05\/VatandasR_web.pdf\">Buradan<\/a> okuyabilirsiniz.<\/p>\r\n<\/div>\r\n<\/div>\r\n\r\n\r\n\r\n<div style=\"height: 100px;\" aria-hidden=\"true\" class=\"wp-block-spacer\"><\/div>\r\n\r\n\r\n\r\n<div class=\"wp-block-media-text alignwide\" style=\"grid-template-columns: 29% auto;\">\r\n<figure class=\"wp-block-media-text__media\">\r\n<p class=\"mod-reset\"><a href=\"https:\/\/zehirsizkentler.org\/yayinlar\/belediyeler_icin_zararlilarla_zehirsiz_mucadele_rehberi.pdf\"><img decoding=\"async\" class=\"wp-image-10221\" src=\"https:\/\/www.zehirsizkentler.org\/wp-content\/uploads\/2022\/05\/ZZMR_web-0-819x1024.png\" alt=\"\"><\/a><\/p>\r\n<\/figure>\r\n<div class=\"wp-block-media-text__content\">\r\n<p class=\"has-medium-font-size\"><a href=\"https:\/\/zehirsizkentler.org\/yayinlar\/belediyeler_icin_zararlilarla_zehirsiz_mucadele_rehberi.pdf\">Belediyeler \u0130\u00e7in Zararl\u0131larla Zehirsiz M\u00fccadele Rehberi<\/a><\/p>\r\n\r\n\r\n\r\n<p class=\"\">&nbsp;<\/p>\r\n\r\n\r\n\r\n<p class=\"\"><br>Zehirsiz Kentlere Do\u011fru projesi kapsam\u0131nda haz\u0131rlanan \u201cBelediyeler \u0130\u00e7in Zararl\u0131larla Zehirsiz M\u00fccadele Rehberi\u201d, belediyelere zehirsiz kent olma yolunda ihtiya\u00e7 duyacaklar\u0131 bilgi ve deneyimler konusunda destek olmay\u0131 ama\u00e7l\u0131yor. Rehberde, \u00f6zellikle belediyeler taraf\u0131ndan kentlerde, halka a\u00e7\u0131k alanlarda kullan\u0131lan pestisit (tar\u0131m zehiri) ve biyosidal \u00fcr\u00fcnler ve bunlar\u0131n zararlar\u0131 ile birlikte, do\u011fa dostu ve sa\u011fl\u0131kl\u0131 m\u00fccadele alternatifleri, bu konudaki iyi \u00f6rnekler, AB\u2019deki geli\u015fmeler, yasal d\u00fczenlemeler ve kademeli bir ge\u00e7i\u015f s\u00fcreci i\u00e7in belediyelerin izleyebilece\u011fi yol haritas\u0131 sunuluyor.<\/p>\r\n\r\n\r\n\r\n<p class=\"\"><a href=\"https:\/\/zehirsizkentler.org\/yayinlar\/belediyeler_icin_zararlilarla_zehirsiz_mucadele_rehberi.pdf\">Buradan<\/a> okuyabilirsiniz.<\/p>\r\n<\/div>\r\n<\/div>\r\n\r\n\r\n\r\n<div style=\"height: 100px;\" aria-hidden=\"true\" class=\"wp-block-spacer\"><\/div>\r\n\r\n\r\n\r\n<div class=\"wp-block-media-text alignwide\" style=\"grid-template-columns: 29% auto;\">\r\n<figure class=\"wp-block-media-text__media\">\r\n<p class=\"mod-reset\"><a href=\"http:\/\/zehirsizsofralar.org\/wp-content\/uploads\/2020\/09\/t%C3%BCketicirehberi.pdf\"><img loading=\"lazy\" decoding=\"async\" width=\"500\" height=\"625\" class=\"wp-image-10250\" src=\"http:\/\/www.bugday.org\/blog\/wp-content\/uploads\/2020\/11\/tuketici-kapak.jpg\" alt=\"\" srcset=\"https:\/\/www.bugday.org\/blog\/wp-content\/uploads\/2020\/11\/tuketici-kapak.jpg 500w, https:\/\/www.bugday.org\/blog\/wp-content\/uploads\/2020\/11\/tuketici-kapak-240x300.jpg 240w\" sizes=\"(max-width: 500px) 100vw, 500px\" \/><\/a><\/p>\r\n<\/figure>\r\n<div class=\"wp-block-media-text__content\">\r\n<p class=\"has-medium-font-size\"><a href=\"http:\/\/zehirsizsofralar.org\/wp-content\/uploads\/2020\/09\/t%C3%BCketicirehberi.pdf\">Zehirsiz Sofralar T\u00fcketici Rehberi<\/a><\/p>\r\n\r\n\r\n\r\n<p>&nbsp;<\/p>\r\n\r\n\r\n\r\n<p class=\"\">Zehirsiz Sofralar Projesi kapsam\u0131nda haz\u0131rlanan T\u00fcketici Rehberi pestisitler, zararlar\u0131, zehirsiz g\u0131daya ula\u015fma yollar\u0131 hakk\u0131nda t\u00fcketicilere y\u00f6nelik bilgilendirme ve \u00f6neriler i\u00e7eriyor.<\/p>\r\n\r\n\r\n\r\n<p class=\"\"><a href=\"http:\/\/zehirsizsofralar.org\/wp-content\/uploads\/2020\/09\/t%C3%BCketicirehberi.pdf\">Buradan <\/a>&nbsp;okuyabilirsiniz.<\/p>\r\n\r\n\r\n\r\n<p>&nbsp;<\/p>\r\n<\/div>\r\n<\/div>\r\n\r\n\r\n\r\n<div style=\"height: 100px;\" aria-hidden=\"true\" class=\"wp-block-spacer\"><\/div>\r\n\r\n\r\n\r\n<div class=\"wp-block-media-text alignwide\" style=\"grid-template-columns: 29% auto;\">\r\n<figure class=\"wp-block-media-text__media\">\r\n<p class=\"mod-reset\"><a href=\"http:\/\/zehirsizsofralar.org\/wp-content\/uploads\/2020\/03\/uretici-rehberi.pdf\"><img loading=\"lazy\" decoding=\"async\" width=\"500\" height=\"664\" class=\"wp-image-10252\" src=\"http:\/\/www.bugday.org\/blog\/wp-content\/uploads\/2020\/11\/uretici-kapak.jpg\" alt=\"\" srcset=\"https:\/\/www.bugday.org\/blog\/wp-content\/uploads\/2020\/11\/uretici-kapak.jpg 500w, https:\/\/www.bugday.org\/blog\/wp-content\/uploads\/2020\/11\/uretici-kapak-226x300.jpg 226w\" sizes=\"(max-width: 500px) 100vw, 500px\" \/><\/a><\/p>\r\n<\/figure>\r\n<div class=\"wp-block-media-text__content\">\r\n<p class=\"has-medium-font-size\"><a href=\"http:\/\/zehirsizsofralar.org\/wp-content\/uploads\/2020\/03\/uretici-rehberi.pdf\">Zehirsiz Sofralar \u00dcretici Rehberi<\/a><\/p>\r\n\r\n\r\n\r\n<p>&nbsp;<\/p>\r\n\r\n\r\n\r\n<p class=\"\">Zehirsiz Sofralar Projesi kapsam\u0131nda haz\u0131rlanan \u00dcretici Rehberi pestisitler, zararlar\u0131, alternatif y\u00f6ntem ve teknikler hakk\u0131nda \u00fcreticilere y\u00f6nelik bilgilendirme ve \u00f6neriler i\u00e7eriyor.<\/p>\r\n\r\n\r\n\r\n<p class=\"\"><a href=\"http:\/\/zehirsizsofralar.org\/wp-content\/uploads\/2020\/03\/uretici-rehberi.pdf\">Buradan <\/a>&nbsp;okuyabilirsiniz.<\/p>\r\n\r\n\r\n\r\n<p>&nbsp;<\/p>\r\n<\/div>\r\n<\/div>\r\n\r\n\r\n\r\n<div style=\"height: 100px;\" aria-hidden=\"true\" class=\"wp-block-spacer\"><\/div>\r\n\r\n\r\n\r\n<div class=\"wp-block-media-text alignwide\" style=\"grid-template-columns: 29% auto;\">\r\n<figure class=\"wp-block-media-text__media\">\r\n<p class=\"mod-reset\"><a href=\"http:\/\/www.bugday.org\/blog\/wp-content\/uploads\/2020\/11\/tatuta-rehberi.pdf\"><img loading=\"lazy\" decoding=\"async\" width=\"500\" height=\"631\" class=\"wp-image-10221\" src=\"http:\/\/www.bugday.org\/blog\/wp-content\/uploads\/2020\/11\/tatuta-kapak.jpg\" alt=\"\" srcset=\"https:\/\/www.bugday.org\/blog\/wp-content\/uploads\/2020\/11\/tatuta-kapak.jpg 500w, https:\/\/www.bugday.org\/blog\/wp-content\/uploads\/2020\/11\/tatuta-kapak-238x300.jpg 238w\" sizes=\"(max-width: 500px) 100vw, 500px\" \/><\/a><\/p>\r\n<\/figure>\r\n<div class=\"wp-block-media-text__content\">\r\n<p class=\"has-medium-font-size\"><a href=\"http:\/\/www.bugday.org\/blog\/wp-content\/uploads\/2020\/11\/tatuta-rehberi.pdf\">Do\u011fa Dostu Turist ve G\u00f6n\u00fcll\u00fc Olma Rehberi<\/a><\/p>\r\n\r\n\r\n\r\n<p class=\"\">&nbsp;<\/p>\r\n\r\n\r\n\r\n<p class=\"\"><br>T\u00fcrkiye&#8217;nin d\u00f6rt bir yan\u0131nda yay\u0131lm\u0131\u015f olan TaTuTa\/WWOOF T\u00fcrkiye \u00e7iftliklerinde g\u00f6n\u00fcll\u00fcl\u00fck nas\u0131l i\u015fliyor, do\u011fa dostu turizm nedir, g\u00f6n\u00fcll\u00fcl\u00fck nedir&#8230;<\/p>\r\n\r\n\r\n\r\n<p class=\"\"><a href=\"http:\/\/www.bugday.org\/blog\/wp-content\/uploads\/2020\/11\/tatuta-rehberi.pdf\">Buradan<\/a> okuyabilirsiniz.<\/p>\r\n<\/div>\r\n<\/div>\r\n\r\n\r\n\r\n<div style=\"height: 100px;\" aria-hidden=\"true\" class=\"wp-block-spacer\"><\/div>\r\n\r\n\r\n\r\n<div class=\"wp-block-media-text alignwide\" style=\"grid-template-columns: 29% auto;\">\r\n<figure class=\"wp-block-media-text__media\">\r\n<p class=\"mod-reset\"><a href=\"http:\/\/bugday.org\/pdf\/genclikrehberi.pdf\"><img loading=\"lazy\" decoding=\"async\" width=\"500\" height=\"495\" class=\"wp-image-10254\" src=\"http:\/\/www.bugday.org\/blog\/wp-content\/uploads\/2020\/11\/genclik-ve-degisim-kapak.jpg\" alt=\"\" srcset=\"https:\/\/www.bugday.org\/blog\/wp-content\/uploads\/2020\/11\/genclik-ve-degisim-kapak.jpg 500w, https:\/\/www.bugday.org\/blog\/wp-content\/uploads\/2020\/11\/genclik-ve-degisim-kapak-300x297.jpg 300w, https:\/\/www.bugday.org\/blog\/wp-content\/uploads\/2020\/11\/genclik-ve-degisim-kapak-60x60.jpg 60w\" sizes=\"(max-width: 500px) 100vw, 500px\" \/><\/a><\/p>\r\n<\/figure>\r\n<div class=\"wp-block-media-text__content\">\r\n<p class=\"has-medium-font-size\"><a href=\"http:\/\/bugday.org\/pdf\/genclikrehberi.pdf\">Gen\u00e7lik ve De\u011fi\u015fim<\/a><\/p>\r\n\r\n\r\n\r\n<p>&nbsp;<\/p>\r\n\r\n\r\n\r\n<p class=\"\">Bu rehberi, Patrizio Lugo Loprieno kaleme ald\u0131 ve M\u00e9ta ekibi (Madhavi Bhatt ve Peter Williams), 2002 bask\u0131s\u0131 ve 2006 g\u00fcncellemesi (Ilaria Alegrozzi ve David Gerstein) i\u00e7in denetleme g\u00f6revini \u00fcstlendi. 2002\u2019de yay\u0131mland\u0131\u011f\u0131ndan bu yana gen\u00e7likVEde\u011fi\u015fim rehberi T\u00fcrk\u00e7e ile birlikte 16 dile \u00e7evrildi ve yerel organizasyonlar\u0131n i\u015fbirli\u011fi sayesinde d\u00fcnyan\u0131n d\u00f6rt bir k\u00f6\u015fesine da\u011f\u0131t\u0131ld\u0131.<\/p>\r\n\r\n\r\n\r\n<p class=\"\"><a href=\"http:\/\/bugday.org\/pdf\/genclikrehberi.pdf\">Buradan <\/a>&nbsp;okuyabilirsiniz.<\/p>\r\n\r\n\r\n\r\n<p class=\"\">&nbsp;<\/p>\r\n<\/div>\r\n<\/div>\r\n\r\n\r\n\r\n<div style=\"height: 100px;\" aria-hidden=\"true\" class=\"wp-block-spacer\"><\/div>\r\n\r\n\r\n\r\n<div class=\"wp-block-media-text alignwide\" style=\"grid-template-columns: 29% auto;\">\r\n<figure class=\"wp-block-media-text__media\">\r\n<p class=\"mod-reset\"><a href=\"http:\/\/www.bugday.org\/pdf\/ddtp.pdf\"><img loading=\"lazy\" decoding=\"async\" width=\"500\" height=\"639\" class=\"wp-image-10256\" src=\"http:\/\/www.bugday.org\/blog\/wp-content\/uploads\/2020\/11\/ddtp-1.jpg\" alt=\"\" srcset=\"https:\/\/www.bugday.org\/blog\/wp-content\/uploads\/2020\/11\/ddtp-1.jpg 500w, https:\/\/www.bugday.org\/blog\/wp-content\/uploads\/2020\/11\/ddtp-1-235x300.jpg 235w\" sizes=\"(max-width: 500px) 100vw, 500px\" \/><\/a><\/p>\r\n<\/figure>\r\n<div class=\"wp-block-media-text__content\">\r\n<p class=\"has-medium-font-size\"><a href=\"http:\/\/www.bugday.org\/pdf\/ddtp.pdf\">T\u00fcrkiye \u0130\u00e7in Do\u011fa Dostu Tar\u0131m Kitap\u00e7\u0131\u011f\u0131<\/a><\/p>\r\n\r\n\r\n\r\n<p class=\"\">&nbsp;<\/p>\r\n\r\n\r\n\r\n<p class=\"\">Bu kitap\u00e7\u0131k, Ocak 2006 \u2013 Kas\u0131m 2008 tarihleri aras\u0131nda y\u00fcr\u00fct\u00fclen \u201cT\u00fcrkiye i\u00e7in Do\u011fa Dostu Tar\u0131m Program\u0131 Geli\u015ftirilmesi\u201d projesinde elde edilen \u00e7\u0131kt\u0131lar\u0131, \u00f6nerileri ve deneyimi yans\u0131tmaktad\u0131r.<\/p>\r\n\r\n\r\n\r\n<p class=\"\"><a href=\"http:\/\/www.bugday.org\/pdf\/ddtp.pdf\">Buradan <\/a>&nbsp;okuyabilirsiniz.<\/p>\r\n\r\n\r\n\r\n<p class=\"\">&nbsp;<\/p>\r\n<\/div>\r\n<\/div>\r\n\r\n\r\n\r\n<div style=\"height: 100px;\" aria-hidden=\"true\" class=\"wp-block-spacer\"><\/div>\r\n\r\n\r\n\r\n<div class=\"wp-block-media-text alignwide\" style=\"grid-template-columns: 29% auto;\">\r\n<figure class=\"wp-block-media-text__media\">\r\n<p class=\"mod-reset\"><a href=\"http:\/\/www.bugday.org\/pdf\/tohum.pdf\"><img loading=\"lazy\" decoding=\"async\" width=\"500\" height=\"640\" class=\"wp-image-10258\" src=\"http:\/\/www.bugday.org\/blog\/wp-content\/uploads\/2020\/11\/tohum-1.jpg\" alt=\"\" srcset=\"https:\/\/www.bugday.org\/blog\/wp-content\/uploads\/2020\/11\/tohum-1.jpg 500w, https:\/\/www.bugday.org\/blog\/wp-content\/uploads\/2020\/11\/tohum-1-234x300.jpg 234w\" sizes=\"(max-width: 500px) 100vw, 500px\" \/><\/a><\/p>\r\n<\/figure>\r\n<div class=\"wp-block-media-text__content\">\r\n<p class=\"has-medium-font-size\"><a href=\"http:\/\/www.bugday.org\/pdf\/tohum.pdf\">Tohum Severin El Kitab\u0131<\/a><\/p>\r\n\r\n\r\n\r\n<p>&nbsp;<\/p>\r\n\r\n\r\n\r\n<p class=\"\">T\u00fcrkiye\u2019nin Tar\u0131msal Biyo\u00e7e\u015fitli\u011finin Korunmas\u0131 i\u00e7in Tohum A\u011f\u0131 Kurulmas\u0131 projesinin ula\u015fmaya \u00e7al\u0131\u015ft\u0131\u011f\u0131 temel hedef, T\u00fcrkiye\u2019de k\u00fclt\u00fcr\u00fc yap\u0131lan yerel bitki \u00e7e\u015fitlerinin ve k\u00f6yl\u00fc \u00e7e\u015fitlerinin tohumlar\u0131n\u0131n korunmas\u0131 ve s\u00fcreklili\u011fi konusunda \u00e7al\u0131\u015fma yapan ki\u015fi, kurum ve kurulu\u015flar aras\u0131nda e\u015fg\u00fcd\u00fcm ve i\u015fb\u00f6l\u00fcm\u00fc olu\u015fturmak \u00fczere, i\u015fleyen bir tohum a\u011f\u0131n\u0131n kurulmas\u0131d\u0131r. Bu kitap\u00e7\u0131k, proje sonu\u00e7lar\u0131n\u0131n bir \u00f6zeti niteli\u011findedir. Tohumlar\u0131n devaml\u0131l\u0131\u011f\u0131n\u0131 sa\u011flayacak \u00e7al\u0131\u015fmalara yol g\u00f6stermeyi ve varolan \u00e7al\u0131\u015fmalar hakk\u0131nda bilgilendirmeyi niyet etmektedir.<\/p>\r\n\r\n\r\n\r\n<p class=\"\"><a href=\"http:\/\/www.bugday.org\/pdf\/tohum.pdf\">Buradan<\/a>&nbsp;okuyabilirsiniz.<\/p>\r\n\r\n\r\n\r\n<p>&nbsp;<\/p>\r\n<\/div>\r\n<\/div>\r\n","protected":false},"excerpt":{"rendered":"<p>MedCaravan &#8211; Agroekoloji Bilgisi Derleme Rehberi&nbsp; Bu rehber, agroekoloji bilgisinin sa\u011fl\u0131kl\u0131 bir \u015fekilde derlenip kay\u0131t alt\u0131na al\u0131nmas\u0131 ile ilgili kapsaml\u0131 bir yol haritas\u0131 sunuyor. MedCaravan projesi kapsam\u0131nda haz\u0131rlanan bu kitap\u00e7\u0131k, yerel ve k\u0131rsal agroekolojik bilgi&#8230;<\/p>\n","protected":false},"author":1,"featured_media":0,"parent":0,"menu_order":0,"comment_status":"closed","ping_status":"closed","template":"template-fullwidth.php","meta":{"footnotes":""},"_links":{"self":[{"href":"https:\/\/www.bugday.org\/blog\/wp-json\/wp\/v2\/pages\/10204"}],"collection":[{"href":"https:\/\/www.bugday.org\/blog\/wp-json\/wp\/v2\/pages"}],"about":[{"href":"https:\/\/www.bugday.org\/blog\/wp-json\/wp\/v2\/types\/page"}],"author":[{"embeddable":true,"href":"https:\/\/www.bugday.org\/blog\/wp-json\/wp\/v2\/users\/1"}],"replies":[{"embeddable":true,"href":"https:\/\/www.bugday.org\/blog\/wp-json\/wp\/v2\/comments?post=10204"}],"version-history":[{"count":56,"href":"https:\/\/www.bugday.org\/blog\/wp-json\/wp\/v2\/pages\/10204\/revisions"}],"predecessor-version":[{"id":299012,"href":"https:\/\/www.bugday.org\/blog\/wp-json\/wp\/v2\/pages\/10204\/revisions\/299012"}],"wp:attachment":[{"href":"https:\/\/www.bugday.org\/blog\/wp-json\/wp\/v2\/media?parent=10204"}],"curies":[{"name":"wp","href":"https:\/\/api.w.org\/{rel}","templated":true}]}}